{"id":584,"date":"2013-12-29T18:52:03","date_gmt":"2013-12-29T17:52:03","guid":{"rendered":"https:\/\/www.xvdl.be\/?page_id=584"},"modified":"2024-02-26T13:50:47","modified_gmt":"2024-02-26T12:50:47","slug":"specialites-coordination-garantie-prix-delais","status":"publish","type":"page","link":"https:\/\/www.xvdl.be\/fr\/specialites-coordination-garantie-prix-delais\/","title":{"rendered":"Sp\u00e9cialit\u00e9s : La coordination et une double garantie sur les Prix et d\u00e9lais"},"content":{"rendered":"<p><strong>L&rsquo;architecte Xavier Vanderlinden est particuli\u00e8rement sp\u00e9cialis\u00e9 en la coordination de ces m\u00e9tiers. Il dirige, coordonne et g\u00e8re l&rsquo;aspect financier de ses chantiers. Il peut m\u00eame offrir des garanties sur le prix et sur le d\u00e9lai du projet<\/strong>.<\/p>\n<p>A c\u00f4t\u00e9 de la phase d\u2019obtention du permis d&rsquo;urbanisme, il y a l&rsquo;\u00e9tablissement du dossier d&rsquo;ex\u00e9cution. Voici les \u00e9tapes essentielles :<\/p>\n<h2>Les dessins des plans d&rsquo;ex\u00e9cution :<\/h2>\n<p>Cette \u00e9tape comprend les dessins destin\u00e9s \u00e0 tous les corps de m\u00e9tier, y compris jusqu&rsquo;\u00e0 l&rsquo;installateur de ventilation. Lors de cette \u00e9tape, le concept de la stabilit\u00e9 est int\u00e9gr\u00e9. Le positionnement des poutres et des colonnes en b\u00e9ton arm\u00e9, les profils en acier et autres sont pr\u00e9vus.<\/p>\n<h2>Les dessins de d\u00e9tail :<\/h2>\n<p>Certaines mises en \u0153uvre n\u00e9cessitent des dessins de d\u00e9tail par exemple pour les ponts thermiques, la d\u00e9coupe des pierres bleues, charpenterie etc&#8230;<\/p>\n<h2>Le m\u00e9tr\u00e9 descriptif :<\/h2>\n<p>Il est par la suite essentiel d&rsquo;\u00e9tablir le m\u00e9tr\u00e9 descriptif comprenant le calcul des quantit\u00e9s \u00e0 mettre en \u0153uvre ainsi que le mode et la qualit\u00e9 de mise en \u0153uvre. Cette \u00e9tape permet de couper et de diss\u00e9quer le projet dans son enti\u00e8ret\u00e9 et permet de v\u00e9rifier et de raffiner constamment le concept de fa\u00e7on \u00e0 offrir aux entreprises un plan de mise en \u0153uvre qui leur permettra d&rsquo;op\u00e9rer sans difficult\u00e9s sur chantier et ce, sans perturber la marche des travaux des autres intervenants. L&rsquo;architecte doit veiller \u00e0 ce que l&rsquo;entreprise sp\u00e9cialis\u00e9e, isol\u00e9e dans sa technique n&rsquo;entrave pas le projet.<br \/>\nAinsi, la juxtaposition des tuyaux d&rsquo;\u00e9gouts, d\u2019eaux froide et chaude, d&rsquo;\u00e9lectricit\u00e9, de ventilation, d&rsquo;aspiration centrale, de chauffage et autres doit pr\u00e9alablement \u00eatre pr\u00e9vue dans le cadre d&rsquo;un plan d&rsquo;acheminement con\u00e7u par l&rsquo;architecte.<\/p>\n<p>Cet ensemble peut n\u00e9cessiter des \u00e9paisseurs importantes et doit pouvoir se loger sans contraindre les espaces du b\u00e2timent ni les autres corps de m\u00e9tier dans l\u2019\u00e9laboration de leur travail. Il est hors de question d&rsquo;ajouter par ci et par l\u00e0 des caissons cache-tuyaux ou des faux-plafonds afin de sauver le passage de certains tuyaux. Au fur et \u00e0 mesure de l\u2019\u00e9volution de cette \u00e9tape, l&rsquo;architecte adapte ses plans afin de lever tous conflits.<\/p>\n<h2>Le planning des travaux :<\/h2>\n<p>Le planning des travaux permet aux entreprises de savoir quand ils doivent intervenir. Une entreprise ne vient pas qu&rsquo;une seule fois sur chantier. Dans le cas de figure d\u2019un chauffage par le sol, le chauffagiste devra revenir plusieurs fois: une fois avant l\u2019installation des chapes d&rsquo;isolation thermiques, puis une autre fois et enfin une fois apr\u00e8s\u00a0 le coulage des chapes ciments. Il faudra encore penser au moment opportun o\u00f9 il conviendra de placer les chaudi\u00e8res, pompes \u00e0 chaleur, ou autre source de chaleur.<\/p>\n<h2>La demande d&rsquo;appel d&rsquo;offre de prix :<\/h2>\n<p>D\u00e8s que les m\u00e9tr\u00e9s quantitatifs et qualificatifs sont \u00e9tablis, l&rsquo;architecte contacte les entreprises afin d&rsquo;obtenir les prix et les disponibilit\u00e9s de mise en \u0153uvre. L&rsquo;architecte conseille au ma\u00eetre de l&rsquo;ouvrage de faire de son c\u00f4t\u00e9 une demande de prix sur base du dossier d&rsquo;appel d&rsquo;offre de prix. Ainsi, le ma\u00eetre de l&rsquo;ouvrage peut v\u00e9rifier de son c\u00f4t\u00e9 les prix obtenus, meilleur gage pour se rassurer quant \u00e0 l&rsquo;obtention du meilleur prix et du plus juste.<\/p>\n<h2>La garantie sur le prix et le d\u00e9lai :<\/h2>\n<p>Une fois que le ma\u00eetre de l&rsquo;ouvrage et l\u2019architecte se mettent d&rsquo;accord sur la forme et le prix du b\u00e2timent, il convient de contracter avec toutes ces entreprises. L&rsquo;architecte ficellera tous les contrats. Le ma\u00eetre de l&rsquo;ouvrage peut cependant opter pour une garantie. Comme mentionn\u00e9 dans le tableau des 4 formules de construction, si l&rsquo;un des corps de m\u00e9tier ne termine pas son travail au moment pr\u00e9vu,\u00a0 il peut provoquer des retards importants. De m\u00eame, une entreprise d\u00e9faillante en cours de chantier peut conduire ce chantier vers des r\u00e9visions de prix importantes. Le candidat b\u00e2tisseur peut donc opter pour la garantie sur le prix et d\u00e9lai.<br \/>\nCette option met en action l&rsquo;intervention des Architectes-B\u00e2tisseurs o\u00f9 le dossier sera introduit pour l&rsquo;obtention de cette garantie. Il en r\u00e9sulte un surco\u00fbt de 1,9 \u00e0 2,4% comprenant la police d&rsquo;assurance sp\u00e9cialement con\u00e7ue \u00e0 cet effet ainsi que toute la proc\u00e9dure de contr\u00f4le du dossier (voir <a href=\"http:\/\/www.a-b.be\" target=\"_blank\" rel=\"noopener\">www.a-b.be<\/a>).<\/p>\n<h2>Le mandat :<\/h2>\n<p>Si le candidat b\u00e2tisseur opte pour la formule de garantie sur le prix et d\u00e9lai comme expliqu\u00e9e ci-avant, il b\u00e9n\u00e9ficie \u00e9galement du mandat que l&rsquo;architecte se sera vu confier dans le cadre de cette garantie : au nom du ma\u00eetre de l&rsquo;ouvrage, l&rsquo;architecte conduit le chantier dans sa globalit\u00e9. Ceci d\u00e9leste le candidat b\u00e2tisseur de toutes contraintes li\u00e9es \u00e0 la construction. L&rsquo;architecte devient l&rsquo;interlocuteur unique ce qui simplifie le rapport du ma\u00eetre de l&rsquo;ouvrage avec son projet.<\/p>\n","protected":false},"excerpt":{"rendered":"<p>L&rsquo;architecte Xavier Vanderlinden est particuli\u00e8rement sp\u00e9cialis\u00e9 en la coordination de ces m\u00e9tiers. Il dirige, coordonne et&#8230; <span class=\"moreLink\"><a href=\"https:\/\/www.xvdl.be\/fr\/specialites-coordination-garantie-prix-delais\/\">+<\/a><\/span><\/p>\n","protected":false},"author":1,"featured_media":0,"parent":0,"menu_order":0,"comment_status":"closed","ping_status":"open","template":"","meta":{"_acf_changed":false,"footnotes":""},"categories":[],"tags":[],"class_list":["post-584","page","type-page","status-publish","hentry"],"acf":[],"yoast_head":"<!-- This site is optimized with the Yoast SEO plugin v27.5 - https:\/\/yoast.com\/product\/yoast-seo-wordpress\/ -->\n<title>Sp\u00e9cialit\u00e9s : La coordination et une double garantie sur les Prix et d\u00e9lais - Xavier Vanderlinden Architecte<\/title>\n<meta name=\"robots\" content=\"index, follow, max-snippet:-1, max-image-preview:large, max-video-preview:-1\" \/>\n<link rel=\"canonical\" href=\"https:\/\/www.xvdl.be\/fr\/specialites-coordination-garantie-prix-delais\/\" \/>\n<meta property=\"og:locale\" content=\"fr_FR\" \/>\n<meta property=\"og:type\" content=\"article\" \/>\n<meta property=\"og:title\" content=\"Sp\u00e9cialit\u00e9s : La coordination et une double garantie sur les Prix et d\u00e9lais - Xavier Vanderlinden Architecte\" \/>\n<meta property=\"og:description\" content=\"L&rsquo;architecte Xavier Vanderlinden est particuli\u00e8rement sp\u00e9cialis\u00e9 en la coordination de ces m\u00e9tiers. Il dirige, coordonne et... +\" \/>\n<meta property=\"og:url\" content=\"https:\/\/www.xvdl.be\/fr\/specialites-coordination-garantie-prix-delais\/\" \/>\n<meta property=\"og:site_name\" content=\"Xavier Vanderlinden Architecte\" \/>\n<meta property=\"article:modified_time\" content=\"2024-02-26T12:50:47+00:00\" \/>\n<meta name=\"twitter:label1\" content=\"Dur\u00e9e de lecture estim\u00e9e\" \/>\n\t<meta name=\"twitter:data1\" content=\"4 minutes\" \/>\n<script type=\"application\/ld+json\" class=\"yoast-schema-graph\">{\"@context\":\"https:\\\/\\\/schema.org\",\"@graph\":[{\"@type\":\"WebPage\",\"@id\":\"https:\\\/\\\/www.xvdl.be\\\/fr\\\/specialites-coordination-garantie-prix-delais\\\/\",\"url\":\"https:\\\/\\\/www.xvdl.be\\\/fr\\\/specialites-coordination-garantie-prix-delais\\\/\",\"name\":\"Sp\u00e9cialit\u00e9s : La coordination et une double garantie sur les Prix et d\u00e9lais - Xavier Vanderlinden Architecte\",\"isPartOf\":{\"@id\":\"https:\\\/\\\/www.xvdl.be\\\/fr\\\/#website\"},\"datePublished\":\"2013-12-29T17:52:03+00:00\",\"dateModified\":\"2024-02-26T12:50:47+00:00\",\"breadcrumb\":{\"@id\":\"https:\\\/\\\/www.xvdl.be\\\/fr\\\/specialites-coordination-garantie-prix-delais\\\/#breadcrumb\"},\"inLanguage\":\"fr-FR\",\"potentialAction\":[{\"@type\":\"ReadAction\",\"target\":[\"https:\\\/\\\/www.xvdl.be\\\/fr\\\/specialites-coordination-garantie-prix-delais\\\/\"]}]},{\"@type\":\"BreadcrumbList\",\"@id\":\"https:\\\/\\\/www.xvdl.be\\\/fr\\\/specialites-coordination-garantie-prix-delais\\\/#breadcrumb\",\"itemListElement\":[{\"@type\":\"ListItem\",\"position\":1,\"name\":\"Home\",\"item\":\"https:\\\/\\\/www.xvdl.be\\\/fr\\\/\"},{\"@type\":\"ListItem\",\"position\":2,\"name\":\"Sp\u00e9cialit\u00e9s : La coordination et une double garantie sur les Prix et d\u00e9lais\"}]},{\"@type\":\"WebSite\",\"@id\":\"https:\\\/\\\/www.xvdl.be\\\/fr\\\/#website\",\"url\":\"https:\\\/\\\/www.xvdl.be\\\/fr\\\/\",\"name\":\"Xavier Vanderlinden Architecte\",\"description\":\"Bureau d&#039;\u00e9tude en architecture classique et contemporaine\",\"publisher\":{\"@id\":\"https:\\\/\\\/www.xvdl.be\\\/fr\\\/#organization\"},\"potentialAction\":[{\"@type\":\"SearchAction\",\"target\":{\"@type\":\"EntryPoint\",\"urlTemplate\":\"https:\\\/\\\/www.xvdl.be\\\/fr\\\/?s={search_term_string}\"},\"query-input\":{\"@type\":\"PropertyValueSpecification\",\"valueRequired\":true,\"valueName\":\"search_term_string\"}}],\"inLanguage\":\"fr-FR\"},{\"@type\":\"Organization\",\"@id\":\"https:\\\/\\\/www.xvdl.be\\\/fr\\\/#organization\",\"name\":\"Xavier Vanderlinden Architecte\",\"url\":\"https:\\\/\\\/www.xvdl.be\\\/fr\\\/\",\"logo\":{\"@type\":\"ImageObject\",\"inLanguage\":\"fr-FR\",\"@id\":\"https:\\\/\\\/www.xvdl.be\\\/fr\\\/#\\\/schema\\\/logo\\\/image\\\/\",\"url\":\"https:\\\/\\\/www.xvdl.be\\\/wp-content\\\/uploads\\\/2022\\\/08\\\/XVDL_fb-image.jpg\",\"contentUrl\":\"https:\\\/\\\/www.xvdl.be\\\/wp-content\\\/uploads\\\/2022\\\/08\\\/XVDL_fb-image.jpg\",\"width\":1200,\"height\":630,\"caption\":\"Xavier Vanderlinden Architecte\"},\"image\":{\"@id\":\"https:\\\/\\\/www.xvdl.be\\\/fr\\\/#\\\/schema\\\/logo\\\/image\\\/\"}}]}<\/script>\n<!-- \/ Yoast SEO plugin. -->","yoast_head_json":{"title":"Sp\u00e9cialit\u00e9s : La coordination et une double garantie sur les Prix et d\u00e9lais - Xavier Vanderlinden Architecte","robots":{"index":"index","follow":"follow","max-snippet":"max-snippet:-1","max-image-preview":"max-image-preview:large","max-video-preview":"max-video-preview:-1"},"canonical":"https:\/\/www.xvdl.be\/fr\/specialites-coordination-garantie-prix-delais\/","og_locale":"fr_FR","og_type":"article","og_title":"Sp\u00e9cialit\u00e9s : La coordination et une double garantie sur les Prix et d\u00e9lais - Xavier Vanderlinden Architecte","og_description":"L&rsquo;architecte Xavier Vanderlinden est particuli\u00e8rement sp\u00e9cialis\u00e9 en la coordination de ces m\u00e9tiers. Il dirige, coordonne et... +","og_url":"https:\/\/www.xvdl.be\/fr\/specialites-coordination-garantie-prix-delais\/","og_site_name":"Xavier Vanderlinden Architecte","article_modified_time":"2024-02-26T12:50:47+00:00","twitter_misc":{"Dur\u00e9e de lecture estim\u00e9e":"4 minutes"},"schema":{"@context":"https:\/\/schema.org","@graph":[{"@type":"WebPage","@id":"https:\/\/www.xvdl.be\/fr\/specialites-coordination-garantie-prix-delais\/","url":"https:\/\/www.xvdl.be\/fr\/specialites-coordination-garantie-prix-delais\/","name":"Sp\u00e9cialit\u00e9s : La coordination et une double garantie sur les Prix et d\u00e9lais - Xavier Vanderlinden Architecte","isPartOf":{"@id":"https:\/\/www.xvdl.be\/fr\/#website"},"datePublished":"2013-12-29T17:52:03+00:00","dateModified":"2024-02-26T12:50:47+00:00","breadcrumb":{"@id":"https:\/\/www.xvdl.be\/fr\/specialites-coordination-garantie-prix-delais\/#breadcrumb"},"inLanguage":"fr-FR","potentialAction":[{"@type":"ReadAction","target":["https:\/\/www.xvdl.be\/fr\/specialites-coordination-garantie-prix-delais\/"]}]},{"@type":"BreadcrumbList","@id":"https:\/\/www.xvdl.be\/fr\/specialites-coordination-garantie-prix-delais\/#breadcrumb","itemListElement":[{"@type":"ListItem","position":1,"name":"Home","item":"https:\/\/www.xvdl.be\/fr\/"},{"@type":"ListItem","position":2,"name":"Sp\u00e9cialit\u00e9s : La coordination et une double garantie sur les Prix et d\u00e9lais"}]},{"@type":"WebSite","@id":"https:\/\/www.xvdl.be\/fr\/#website","url":"https:\/\/www.xvdl.be\/fr\/","name":"Xavier Vanderlinden Architecte","description":"Bureau d&#039;\u00e9tude en architecture classique et contemporaine","publisher":{"@id":"https:\/\/www.xvdl.be\/fr\/#organization"},"potentialAction":[{"@type":"SearchAction","target":{"@type":"EntryPoint","urlTemplate":"https:\/\/www.xvdl.be\/fr\/?s={search_term_string}"},"query-input":{"@type":"PropertyValueSpecification","valueRequired":true,"valueName":"search_term_string"}}],"inLanguage":"fr-FR"},{"@type":"Organization","@id":"https:\/\/www.xvdl.be\/fr\/#organization","name":"Xavier Vanderlinden Architecte","url":"https:\/\/www.xvdl.be\/fr\/","logo":{"@type":"ImageObject","inLanguage":"fr-FR","@id":"https:\/\/www.xvdl.be\/fr\/#\/schema\/logo\/image\/","url":"https:\/\/www.xvdl.be\/wp-content\/uploads\/2022\/08\/XVDL_fb-image.jpg","contentUrl":"https:\/\/www.xvdl.be\/wp-content\/uploads\/2022\/08\/XVDL_fb-image.jpg","width":1200,"height":630,"caption":"Xavier Vanderlinden Architecte"},"image":{"@id":"https:\/\/www.xvdl.be\/fr\/#\/schema\/logo\/image\/"}}]}},"_links":{"self":[{"href":"https:\/\/www.xvdl.be\/fr\/wp-json\/wp\/v2\/pages\/584","targetHints":{"allow":["GET"]}}],"collection":[{"href":"https:\/\/www.xvdl.be\/fr\/wp-json\/wp\/v2\/pages"}],"about":[{"href":"https:\/\/www.xvdl.be\/fr\/wp-json\/wp\/v2\/types\/page"}],"author":[{"embeddable":true,"href":"https:\/\/www.xvdl.be\/fr\/wp-json\/wp\/v2\/users\/1"}],"replies":[{"embeddable":true,"href":"https:\/\/www.xvdl.be\/fr\/wp-json\/wp\/v2\/comments?post=584"}],"version-history":[{"count":1,"href":"https:\/\/www.xvdl.be\/fr\/wp-json\/wp\/v2\/pages\/584\/revisions"}],"predecessor-version":[{"id":2553,"href":"https:\/\/www.xvdl.be\/fr\/wp-json\/wp\/v2\/pages\/584\/revisions\/2553"}],"wp:attachment":[{"href":"https:\/\/www.xvdl.be\/fr\/wp-json\/wp\/v2\/media?parent=584"}],"wp:term":[{"taxonomy":"category","embeddable":true,"href":"https:\/\/www.xvdl.be\/fr\/wp-json\/wp\/v2\/categories?post=584"},{"taxonomy":"post_tag","embeddable":true,"href":"https:\/\/www.xvdl.be\/fr\/wp-json\/wp\/v2\/tags?post=584"}],"curies":[{"name":"wp","href":"https:\/\/api.w.org\/{rel}","templated":true}]}}