{"id":2492,"date":"2022-09-07T11:08:56","date_gmt":"2022-09-07T09:08:56","guid":{"rendered":"https:\/\/www.xvdl.be\/?post_type=our_realisations&#038;p=2492"},"modified":"2022-09-07T11:08:58","modified_gmt":"2022-09-07T09:08:58","slug":"chateau-transforme-en-immeuble-bureaux","status":"publish","type":"our_realisations","link":"https:\/\/www.xvdl.be\/fr\/nos_realisations\/chateau-transforme-en-immeuble-bureaux\/","title":{"rendered":"Ch\u00e2teau transform\u00e9 en immeuble bureaux"},"content":{"rendered":"\n<p>Ce ch\u00e2teau date de la p\u00e9riode industrielle dans la vall\u00e9e de C\u00e9roux-Mousty et fut construit par un de ces capitaines de l\u2019industrie.<\/p>\n\n\n\n<p>Depuis, celui-ci a subi plusieurs transformation et r\u00e9cemment le projet d\u2019une extension est n\u00e9.<\/p>\n\n\n\n<p>Les cage des escaliers a d\u00e9j\u00e0 \u00e9t\u00e9 transform\u00e9e afin de le rendre plus confortable et conforme aux normes pr\u00e9vention incendie.<\/p>\n\n\n\n<figure class=\"wp-block-gallery has-nested-images columns-3 is-cropped wp-block-gallery-1 is-layout-flex wp-block-gallery-is-layout-flex\">\n<figure class=\"wp-block-image size-large\"><a href=\"https:\/\/www.xvdl.be\/wp-content\/uploads\/2022\/09\/situation-existante-escaliers.jpg\"><img loading=\"lazy\" decoding=\"async\" width=\"768\" height=\"1024\" data-id=\"2503\" src=\"https:\/\/www.xvdl.be\/wp-content\/uploads\/2022\/09\/situation-existante-escaliers-768x1024.jpg\" alt=\"\" class=\"wp-image-2503\" srcset=\"https:\/\/www.xvdl.be\/wp-content\/uploads\/2022\/09\/situation-existante-escaliers-768x1024.jpg 768w, https:\/\/www.xvdl.be\/wp-content\/uploads\/2022\/09\/situation-existante-escaliers-225x300.jpg 225w, https:\/\/www.xvdl.be\/wp-content\/uploads\/2022\/09\/situation-existante-escaliers.jpg 900w\" sizes=\"auto, (max-width: 768px) 100vw, 768px\" \/><\/a><\/figure>\n\n\n\n<figure class=\"wp-block-image size-large\"><a href=\"https:\/\/www.xvdl.be\/wp-content\/uploads\/2022\/09\/escalier-montage-ceroux-mousty.jpg\"><img loading=\"lazy\" decoding=\"async\" width=\"768\" height=\"1024\" data-id=\"2499\" src=\"https:\/\/www.xvdl.be\/wp-content\/uploads\/2022\/09\/escalier-montage-ceroux-mousty-768x1024.jpg\" alt=\"\" class=\"wp-image-2499\" srcset=\"https:\/\/www.xvdl.be\/wp-content\/uploads\/2022\/09\/escalier-montage-ceroux-mousty-768x1024.jpg 768w, https:\/\/www.xvdl.be\/wp-content\/uploads\/2022\/09\/escalier-montage-ceroux-mousty-225x300.jpg 225w, https:\/\/www.xvdl.be\/wp-content\/uploads\/2022\/09\/escalier-montage-ceroux-mousty.jpg 900w\" sizes=\"auto, (max-width: 768px) 100vw, 768px\" \/><\/a><\/figure>\n\n\n\n<figure class=\"wp-block-image size-large\"><a href=\"https:\/\/www.xvdl.be\/wp-content\/uploads\/2022\/09\/escalier-montage-menuisier.jpg\"><img loading=\"lazy\" decoding=\"async\" width=\"768\" height=\"1024\" data-id=\"2495\" src=\"https:\/\/www.xvdl.be\/wp-content\/uploads\/2022\/09\/escalier-montage-menuisier-768x1024.jpg\" alt=\"\" class=\"wp-image-2495\" srcset=\"https:\/\/www.xvdl.be\/wp-content\/uploads\/2022\/09\/escalier-montage-menuisier-768x1024.jpg 768w, https:\/\/www.xvdl.be\/wp-content\/uploads\/2022\/09\/escalier-montage-menuisier-225x300.jpg 225w, https:\/\/www.xvdl.be\/wp-content\/uploads\/2022\/09\/escalier-montage-menuisier.jpg 900w\" sizes=\"auto, (max-width: 768px) 100vw, 768px\" \/><\/a><\/figure>\n\n\n\n<figure class=\"wp-block-image size-large\"><a href=\"https:\/\/www.xvdl.be\/wp-content\/uploads\/2022\/09\/main-courante-escaliers.jpg\"><img loading=\"lazy\" decoding=\"async\" width=\"768\" height=\"1024\" data-id=\"2497\" src=\"https:\/\/www.xvdl.be\/wp-content\/uploads\/2022\/09\/main-courante-escaliers-768x1024.jpg\" alt=\"\" class=\"wp-image-2497\" srcset=\"https:\/\/www.xvdl.be\/wp-content\/uploads\/2022\/09\/main-courante-escaliers-768x1024.jpg 768w, https:\/\/www.xvdl.be\/wp-content\/uploads\/2022\/09\/main-courante-escaliers-225x300.jpg 225w, https:\/\/www.xvdl.be\/wp-content\/uploads\/2022\/09\/main-courante-escaliers.jpg 900w\" sizes=\"auto, (max-width: 768px) 100vw, 768px\" \/><\/a><\/figure>\n\n\n\n<figure class=\"wp-block-image size-large\"><a href=\"https:\/\/www.xvdl.be\/wp-content\/uploads\/2022\/09\/Xavier-montage-escaliers.jpg\"><img loading=\"lazy\" decoding=\"async\" width=\"768\" height=\"1024\" data-id=\"2507\" src=\"https:\/\/www.xvdl.be\/wp-content\/uploads\/2022\/09\/Xavier-montage-escaliers-768x1024.jpg\" alt=\"\" class=\"wp-image-2507\" srcset=\"https:\/\/www.xvdl.be\/wp-content\/uploads\/2022\/09\/Xavier-montage-escaliers-768x1024.jpg 768w, https:\/\/www.xvdl.be\/wp-content\/uploads\/2022\/09\/Xavier-montage-escaliers-225x300.jpg 225w, https:\/\/www.xvdl.be\/wp-content\/uploads\/2022\/09\/Xavier-montage-escaliers.jpg 900w\" sizes=\"auto, (max-width: 768px) 100vw, 768px\" \/><\/a><\/figure>\n\n\n\n<figure class=\"wp-block-image size-large\"><a href=\"https:\/\/www.xvdl.be\/wp-content\/uploads\/2022\/09\/escalier-ferronnerie.jpg\"><img loading=\"lazy\" decoding=\"async\" width=\"1024\" height=\"905\" data-id=\"2493\" src=\"https:\/\/www.xvdl.be\/wp-content\/uploads\/2022\/09\/escalier-ferronnerie-1024x905.jpg\" alt=\"\" class=\"wp-image-2493\" srcset=\"https:\/\/www.xvdl.be\/wp-content\/uploads\/2022\/09\/escalier-ferronnerie-1024x905.jpg 1024w, https:\/\/www.xvdl.be\/wp-content\/uploads\/2022\/09\/escalier-ferronnerie-300x265.jpg 300w, https:\/\/www.xvdl.be\/wp-content\/uploads\/2022\/09\/escalier-ferronnerie-768x679.jpg 768w, https:\/\/www.xvdl.be\/wp-content\/uploads\/2022\/09\/escalier-ferronnerie.jpg 1358w\" sizes=\"auto, (max-width: 1024px) 100vw, 1024px\" \/><\/a><\/figure>\n\n\n\n<figure class=\"wp-block-image size-large\"><a href=\"https:\/\/www.xvdl.be\/wp-content\/uploads\/2022\/09\/Xavier-existant-CHATEAU.jpg\"><img loading=\"lazy\" decoding=\"async\" width=\"1024\" height=\"768\" data-id=\"2501\" src=\"https:\/\/www.xvdl.be\/wp-content\/uploads\/2022\/09\/Xavier-existant-CHATEAU-1024x768.jpg\" alt=\"\" class=\"wp-image-2501\" srcset=\"https:\/\/www.xvdl.be\/wp-content\/uploads\/2022\/09\/Xavier-existant-CHATEAU-1024x768.jpg 1024w, https:\/\/www.xvdl.be\/wp-content\/uploads\/2022\/09\/Xavier-existant-CHATEAU-300x225.jpg 300w, https:\/\/www.xvdl.be\/wp-content\/uploads\/2022\/09\/Xavier-existant-CHATEAU-768x576.jpg 768w, https:\/\/www.xvdl.be\/wp-content\/uploads\/2022\/09\/Xavier-existant-CHATEAU-1536x1152.jpg 1536w, https:\/\/www.xvdl.be\/wp-content\/uploads\/2022\/09\/Xavier-existant-CHATEAU.jpg 1600w\" sizes=\"auto, (max-width: 1024px) 100vw, 1024px\" \/><\/a><\/figure>\n\n\n\n<figure class=\"wp-block-image size-large\"><a href=\"https:\/\/www.xvdl.be\/wp-content\/uploads\/2022\/09\/Xavier.vanderlinden-extension-CHATEAU.jpg\"><img loading=\"lazy\" decoding=\"async\" width=\"1024\" height=\"600\" data-id=\"2505\" src=\"https:\/\/www.xvdl.be\/wp-content\/uploads\/2022\/09\/Xavier.vanderlinden-extension-CHATEAU-1024x600.jpg\" alt=\"\" class=\"wp-image-2505\" srcset=\"https:\/\/www.xvdl.be\/wp-content\/uploads\/2022\/09\/Xavier.vanderlinden-extension-CHATEAU-1024x600.jpg 1024w, https:\/\/www.xvdl.be\/wp-content\/uploads\/2022\/09\/Xavier.vanderlinden-extension-CHATEAU-300x176.jpg 300w, https:\/\/www.xvdl.be\/wp-content\/uploads\/2022\/09\/Xavier.vanderlinden-extension-CHATEAU-768x450.jpg 768w, https:\/\/www.xvdl.be\/wp-content\/uploads\/2022\/09\/Xavier.vanderlinden-extension-CHATEAU-1536x900.jpg 1536w, https:\/\/www.xvdl.be\/wp-content\/uploads\/2022\/09\/Xavier.vanderlinden-extension-CHATEAU.jpg 1600w\" sizes=\"auto, (max-width: 1024px) 100vw, 1024px\" \/><\/a><\/figure>\n<\/figure>\n","protected":false},"excerpt":{"rendered":"<p>Ce ch\u00e2teau date de la p\u00e9riode industrielle dans la vall\u00e9e de C\u00e9roux-Mousty et fut construit par&#8230; <span class=\"moreLink\"><a href=\"https:\/\/www.xvdl.be\/fr\/nos_realisations\/chateau-transforme-en-immeuble-bureaux\/\">+<\/a><\/span><\/p>\n","protected":false},"featured_media":2505,"template":"","categories":[11],"tags":[],"class_list":["post-2492","our_realisations","type-our_realisations","status-publish","has-post-thumbnail","hentry","category-renovation"],"acf":[],"yoast_head":"<!-- This site is optimized with the Yoast SEO plugin v27.5 - https:\/\/yoast.com\/product\/yoast-seo-wordpress\/ -->\n<title>Ch\u00e2teau transform\u00e9 en immeuble bureaux - Xavier Vanderlinden Architecte<\/title>\n<meta name=\"robots\" content=\"index, follow, max-snippet:-1, max-image-preview:large, max-video-preview:-1\" \/>\n<link rel=\"canonical\" href=\"https:\/\/www.xvdl.be\/fr\/nos_realisations\/chateau-transforme-en-immeuble-bureaux\/\" \/>\n<meta property=\"og:locale\" content=\"fr_FR\" \/>\n<meta property=\"og:type\" content=\"article\" \/>\n<meta property=\"og:title\" content=\"Ch\u00e2teau transform\u00e9 en immeuble bureaux - Xavier Vanderlinden Architecte\" \/>\n<meta property=\"og:description\" content=\"Ce ch\u00e2teau date de la p\u00e9riode industrielle dans la vall\u00e9e de C\u00e9roux-Mousty et fut construit par... +\" \/>\n<meta property=\"og:url\" content=\"https:\/\/www.xvdl.be\/fr\/nos_realisations\/chateau-transforme-en-immeuble-bureaux\/\" \/>\n<meta property=\"og:site_name\" content=\"Xavier Vanderlinden Architecte\" \/>\n<meta property=\"article:modified_time\" content=\"2022-09-07T09:08:58+00:00\" \/>\n<meta property=\"og:image\" content=\"https:\/\/www.xvdl.be\/wp-content\/uploads\/2022\/09\/Xavier.vanderlinden-extension-CHATEAU.jpg\" \/>\n\t<meta property=\"og:image:width\" content=\"1600\" \/>\n\t<meta property=\"og:image:height\" content=\"937\" \/>\n\t<meta property=\"og:image:type\" content=\"image\/jpeg\" \/>\n<meta name=\"twitter:label1\" content=\"Dur\u00e9e de lecture estim\u00e9e\" \/>\n\t<meta name=\"twitter:data1\" content=\"2 minutes\" \/>\n<script type=\"application\/ld+json\" class=\"yoast-schema-graph\">{\"@context\":\"https:\\\/\\\/schema.org\",\"@graph\":[{\"@type\":\"WebPage\",\"@id\":\"https:\\\/\\\/www.xvdl.be\\\/fr\\\/nos_realisations\\\/chateau-transforme-en-immeuble-bureaux\\\/\",\"url\":\"https:\\\/\\\/www.xvdl.be\\\/fr\\\/nos_realisations\\\/chateau-transforme-en-immeuble-bureaux\\\/\",\"name\":\"Ch\u00e2teau transform\u00e9 en immeuble bureaux - Xavier Vanderlinden Architecte\",\"isPartOf\":{\"@id\":\"https:\\\/\\\/www.xvdl.be\\\/fr\\\/#website\"},\"primaryImageOfPage\":{\"@id\":\"https:\\\/\\\/www.xvdl.be\\\/fr\\\/nos_realisations\\\/chateau-transforme-en-immeuble-bureaux\\\/#primaryimage\"},\"image\":{\"@id\":\"https:\\\/\\\/www.xvdl.be\\\/fr\\\/nos_realisations\\\/chateau-transforme-en-immeuble-bureaux\\\/#primaryimage\"},\"thumbnailUrl\":\"https:\\\/\\\/www.xvdl.be\\\/wp-content\\\/uploads\\\/2022\\\/09\\\/Xavier.vanderlinden-extension-CHATEAU.jpg\",\"datePublished\":\"2022-09-07T09:08:56+00:00\",\"dateModified\":\"2022-09-07T09:08:58+00:00\",\"breadcrumb\":{\"@id\":\"https:\\\/\\\/www.xvdl.be\\\/fr\\\/nos_realisations\\\/chateau-transforme-en-immeuble-bureaux\\\/#breadcrumb\"},\"inLanguage\":\"fr-FR\",\"potentialAction\":[{\"@type\":\"ReadAction\",\"target\":[\"https:\\\/\\\/www.xvdl.be\\\/fr\\\/nos_realisations\\\/chateau-transforme-en-immeuble-bureaux\\\/\"]}]},{\"@type\":\"ImageObject\",\"inLanguage\":\"fr-FR\",\"@id\":\"https:\\\/\\\/www.xvdl.be\\\/fr\\\/nos_realisations\\\/chateau-transforme-en-immeuble-bureaux\\\/#primaryimage\",\"url\":\"https:\\\/\\\/www.xvdl.be\\\/wp-content\\\/uploads\\\/2022\\\/09\\\/Xavier.vanderlinden-extension-CHATEAU.jpg\",\"contentUrl\":\"https:\\\/\\\/www.xvdl.be\\\/wp-content\\\/uploads\\\/2022\\\/09\\\/Xavier.vanderlinden-extension-CHATEAU.jpg\",\"width\":1600,\"height\":937},{\"@type\":\"BreadcrumbList\",\"@id\":\"https:\\\/\\\/www.xvdl.be\\\/fr\\\/nos_realisations\\\/chateau-transforme-en-immeuble-bureaux\\\/#breadcrumb\",\"itemListElement\":[{\"@type\":\"ListItem\",\"position\":1,\"name\":\"Home\",\"item\":\"https:\\\/\\\/www.xvdl.be\\\/fr\\\/\"},{\"@type\":\"ListItem\",\"position\":2,\"name\":\"R\u00e9alisations\",\"item\":\"https:\\\/\\\/www.xvdl.be\\\/fr\\\/nos_realisations\\\/\"},{\"@type\":\"ListItem\",\"position\":3,\"name\":\"Ch\u00e2teau transform\u00e9 en immeuble bureaux\"}]},{\"@type\":\"WebSite\",\"@id\":\"https:\\\/\\\/www.xvdl.be\\\/fr\\\/#website\",\"url\":\"https:\\\/\\\/www.xvdl.be\\\/fr\\\/\",\"name\":\"Xavier Vanderlinden Architecte\",\"description\":\"Bureau d&#039;\u00e9tude en architecture classique et contemporaine\",\"publisher\":{\"@id\":\"https:\\\/\\\/www.xvdl.be\\\/fr\\\/#organization\"},\"potentialAction\":[{\"@type\":\"SearchAction\",\"target\":{\"@type\":\"EntryPoint\",\"urlTemplate\":\"https:\\\/\\\/www.xvdl.be\\\/fr\\\/?s={search_term_string}\"},\"query-input\":{\"@type\":\"PropertyValueSpecification\",\"valueRequired\":true,\"valueName\":\"search_term_string\"}}],\"inLanguage\":\"fr-FR\"},{\"@type\":\"Organization\",\"@id\":\"https:\\\/\\\/www.xvdl.be\\\/fr\\\/#organization\",\"name\":\"Xavier Vanderlinden Architecte\",\"url\":\"https:\\\/\\\/www.xvdl.be\\\/fr\\\/\",\"logo\":{\"@type\":\"ImageObject\",\"inLanguage\":\"fr-FR\",\"@id\":\"https:\\\/\\\/www.xvdl.be\\\/fr\\\/#\\\/schema\\\/logo\\\/image\\\/\",\"url\":\"https:\\\/\\\/www.xvdl.be\\\/wp-content\\\/uploads\\\/2022\\\/08\\\/XVDL_fb-image.jpg\",\"contentUrl\":\"https:\\\/\\\/www.xvdl.be\\\/wp-content\\\/uploads\\\/2022\\\/08\\\/XVDL_fb-image.jpg\",\"width\":1200,\"height\":630,\"caption\":\"Xavier Vanderlinden Architecte\"},\"image\":{\"@id\":\"https:\\\/\\\/www.xvdl.be\\\/fr\\\/#\\\/schema\\\/logo\\\/image\\\/\"}}]}<\/script>\n<!-- \/ Yoast SEO plugin. -->","yoast_head_json":{"title":"Ch\u00e2teau transform\u00e9 en immeuble bureaux - Xavier Vanderlinden Architecte","robots":{"index":"index","follow":"follow","max-snippet":"max-snippet:-1","max-image-preview":"max-image-preview:large","max-video-preview":"max-video-preview:-1"},"canonical":"https:\/\/www.xvdl.be\/fr\/nos_realisations\/chateau-transforme-en-immeuble-bureaux\/","og_locale":"fr_FR","og_type":"article","og_title":"Ch\u00e2teau transform\u00e9 en immeuble bureaux - Xavier Vanderlinden Architecte","og_description":"Ce ch\u00e2teau date de la p\u00e9riode industrielle dans la vall\u00e9e de C\u00e9roux-Mousty et fut construit par... +","og_url":"https:\/\/www.xvdl.be\/fr\/nos_realisations\/chateau-transforme-en-immeuble-bureaux\/","og_site_name":"Xavier Vanderlinden Architecte","article_modified_time":"2022-09-07T09:08:58+00:00","og_image":[{"width":1600,"height":937,"url":"https:\/\/www.xvdl.be\/wp-content\/uploads\/2022\/09\/Xavier.vanderlinden-extension-CHATEAU.jpg","type":"image\/jpeg"}],"twitter_misc":{"Dur\u00e9e de lecture estim\u00e9e":"2 minutes"},"schema":{"@context":"https:\/\/schema.org","@graph":[{"@type":"WebPage","@id":"https:\/\/www.xvdl.be\/fr\/nos_realisations\/chateau-transforme-en-immeuble-bureaux\/","url":"https:\/\/www.xvdl.be\/fr\/nos_realisations\/chateau-transforme-en-immeuble-bureaux\/","name":"Ch\u00e2teau transform\u00e9 en immeuble bureaux - Xavier Vanderlinden Architecte","isPartOf":{"@id":"https:\/\/www.xvdl.be\/fr\/#website"},"primaryImageOfPage":{"@id":"https:\/\/www.xvdl.be\/fr\/nos_realisations\/chateau-transforme-en-immeuble-bureaux\/#primaryimage"},"image":{"@id":"https:\/\/www.xvdl.be\/fr\/nos_realisations\/chateau-transforme-en-immeuble-bureaux\/#primaryimage"},"thumbnailUrl":"https:\/\/www.xvdl.be\/wp-content\/uploads\/2022\/09\/Xavier.vanderlinden-extension-CHATEAU.jpg","datePublished":"2022-09-07T09:08:56+00:00","dateModified":"2022-09-07T09:08:58+00:00","breadcrumb":{"@id":"https:\/\/www.xvdl.be\/fr\/nos_realisations\/chateau-transforme-en-immeuble-bureaux\/#breadcrumb"},"inLanguage":"fr-FR","potentialAction":[{"@type":"ReadAction","target":["https:\/\/www.xvdl.be\/fr\/nos_realisations\/chateau-transforme-en-immeuble-bureaux\/"]}]},{"@type":"ImageObject","inLanguage":"fr-FR","@id":"https:\/\/www.xvdl.be\/fr\/nos_realisations\/chateau-transforme-en-immeuble-bureaux\/#primaryimage","url":"https:\/\/www.xvdl.be\/wp-content\/uploads\/2022\/09\/Xavier.vanderlinden-extension-CHATEAU.jpg","contentUrl":"https:\/\/www.xvdl.be\/wp-content\/uploads\/2022\/09\/Xavier.vanderlinden-extension-CHATEAU.jpg","width":1600,"height":937},{"@type":"BreadcrumbList","@id":"https:\/\/www.xvdl.be\/fr\/nos_realisations\/chateau-transforme-en-immeuble-bureaux\/#breadcrumb","itemListElement":[{"@type":"ListItem","position":1,"name":"Home","item":"https:\/\/www.xvdl.be\/fr\/"},{"@type":"ListItem","position":2,"name":"R\u00e9alisations","item":"https:\/\/www.xvdl.be\/fr\/nos_realisations\/"},{"@type":"ListItem","position":3,"name":"Ch\u00e2teau transform\u00e9 en immeuble bureaux"}]},{"@type":"WebSite","@id":"https:\/\/www.xvdl.be\/fr\/#website","url":"https:\/\/www.xvdl.be\/fr\/","name":"Xavier Vanderlinden Architecte","description":"Bureau d&#039;\u00e9tude en architecture classique et contemporaine","publisher":{"@id":"https:\/\/www.xvdl.be\/fr\/#organization"},"potentialAction":[{"@type":"SearchAction","target":{"@type":"EntryPoint","urlTemplate":"https:\/\/www.xvdl.be\/fr\/?s={search_term_string}"},"query-input":{"@type":"PropertyValueSpecification","valueRequired":true,"valueName":"search_term_string"}}],"inLanguage":"fr-FR"},{"@type":"Organization","@id":"https:\/\/www.xvdl.be\/fr\/#organization","name":"Xavier Vanderlinden Architecte","url":"https:\/\/www.xvdl.be\/fr\/","logo":{"@type":"ImageObject","inLanguage":"fr-FR","@id":"https:\/\/www.xvdl.be\/fr\/#\/schema\/logo\/image\/","url":"https:\/\/www.xvdl.be\/wp-content\/uploads\/2022\/08\/XVDL_fb-image.jpg","contentUrl":"https:\/\/www.xvdl.be\/wp-content\/uploads\/2022\/08\/XVDL_fb-image.jpg","width":1200,"height":630,"caption":"Xavier Vanderlinden Architecte"},"image":{"@id":"https:\/\/www.xvdl.be\/fr\/#\/schema\/logo\/image\/"}}]}},"_links":{"self":[{"href":"https:\/\/www.xvdl.be\/fr\/wp-json\/wp\/v2\/our_realisations\/2492","targetHints":{"allow":["GET"]}}],"collection":[{"href":"https:\/\/www.xvdl.be\/fr\/wp-json\/wp\/v2\/our_realisations"}],"about":[{"href":"https:\/\/www.xvdl.be\/fr\/wp-json\/wp\/v2\/types\/our_realisations"}],"wp:featuredmedia":[{"embeddable":true,"href":"https:\/\/www.xvdl.be\/fr\/wp-json\/wp\/v2\/media\/2505"}],"wp:attachment":[{"href":"https:\/\/www.xvdl.be\/fr\/wp-json\/wp\/v2\/media?parent=2492"}],"wp:term":[{"taxonomy":"category","embeddable":true,"href":"https:\/\/www.xvdl.be\/fr\/wp-json\/wp\/v2\/categories?post=2492"},{"taxonomy":"post_tag","embeddable":true,"href":"https:\/\/www.xvdl.be\/fr\/wp-json\/wp\/v2\/tags?post=2492"}],"curies":[{"name":"wp","href":"https:\/\/api.w.org\/{rel}","templated":true}]}}