{"id":2272,"date":"2020-10-25T14:14:28","date_gmt":"2020-10-25T13:14:28","guid":{"rendered":"https:\/\/www.xvdl.be\/?post_type=our_realisations&#038;p=2272"},"modified":"2022-08-16T10:22:42","modified_gmt":"2022-08-16T08:22:42","slug":"piscine-couverte-dans-une-ferme-en-carre","status":"publish","type":"our_realisations","link":"https:\/\/www.xvdl.be\/fr\/nos_realisations\/piscine-couverte-dans-une-ferme-en-carre\/","title":{"rendered":"Piscine couverte dans une Ferme en Carr\u00e9"},"content":{"rendered":"\n<p>Une des d\u00e9pendances fut abattue pour la construction d\u2019un nouveau volume face \u00e0 la maison ma\u00eetre avec pour destination une piscine couverte avec launch room s\u00e9par\u00e9 de la piscine. Le tout a \u00e9t\u00e9 construit sur un ensemble cav\u00e9 en b\u00e9ton arm\u00e9 et une cuve de piscine envelopp\u00e9e dans un manteau isolant. La d\u00e9shumidification, le chauffage de l\u2019eau de piscine, le chauffage au sol se r\u00e9alise enti\u00e8rement avec une pompe \u00e0 chaleur air-eau.<span class=\"Apple-converted-space\">&nbsp;<\/span><\/p>\n\n\n\n<figure class=\"wp-block-gallery has-nested-images columns-3 is-cropped wp-block-gallery-1 is-layout-flex wp-block-gallery-is-layout-flex\">\n<figure class=\"wp-block-image size-full\"><a href=\"https:\/\/www.xvdl.be\/wp-content\/uploads\/2020\/10\/portique-eik-chene-piscine-zwemkom-Bonlez-Xavier-Vanderlinden-web.jpg\"><img loading=\"lazy\" decoding=\"async\" width=\"1200\" height=\"964\" data-id=\"2281\" src=\"https:\/\/www.xvdl.be\/wp-content\/uploads\/2020\/10\/portique-eik-chene-piscine-zwemkom-Bonlez-Xavier-Vanderlinden-web.jpg\" alt=\"\" class=\"wp-image-2281\" srcset=\"https:\/\/www.xvdl.be\/wp-content\/uploads\/2020\/10\/portique-eik-chene-piscine-zwemkom-Bonlez-Xavier-Vanderlinden-web.jpg 1200w, https:\/\/www.xvdl.be\/wp-content\/uploads\/2020\/10\/portique-eik-chene-piscine-zwemkom-Bonlez-Xavier-Vanderlinden-web-300x241.jpg 300w, https:\/\/www.xvdl.be\/wp-content\/uploads\/2020\/10\/portique-eik-chene-piscine-zwemkom-Bonlez-Xavier-Vanderlinden-web-1024x823.jpg 1024w, https:\/\/www.xvdl.be\/wp-content\/uploads\/2020\/10\/portique-eik-chene-piscine-zwemkom-Bonlez-Xavier-Vanderlinden-web-768x617.jpg 768w\" sizes=\"auto, (max-width: 1200px) 100vw, 1200px\" \/><\/a><\/figure>\n\n\n\n<figure class=\"wp-block-image size-full\"><a href=\"https:\/\/www.xvdl.be\/wp-content\/uploads\/2020\/10\/piscine-zwemkom-Bonlez-Xavier-Vanderlinden-web.jpg\"><img loading=\"lazy\" decoding=\"async\" width=\"1200\" height=\"953\" data-id=\"2279\" src=\"https:\/\/www.xvdl.be\/wp-content\/uploads\/2020\/10\/piscine-zwemkom-Bonlez-Xavier-Vanderlinden-web.jpg\" alt=\"\" class=\"wp-image-2279\" srcset=\"https:\/\/www.xvdl.be\/wp-content\/uploads\/2020\/10\/piscine-zwemkom-Bonlez-Xavier-Vanderlinden-web.jpg 1200w, https:\/\/www.xvdl.be\/wp-content\/uploads\/2020\/10\/piscine-zwemkom-Bonlez-Xavier-Vanderlinden-web-300x238.jpg 300w, https:\/\/www.xvdl.be\/wp-content\/uploads\/2020\/10\/piscine-zwemkom-Bonlez-Xavier-Vanderlinden-web-1024x813.jpg 1024w, https:\/\/www.xvdl.be\/wp-content\/uploads\/2020\/10\/piscine-zwemkom-Bonlez-Xavier-Vanderlinden-web-768x610.jpg 768w\" sizes=\"auto, (max-width: 1200px) 100vw, 1200px\" \/><\/a><\/figure>\n\n\n\n<figure class=\"wp-block-image size-full\"><a href=\"https:\/\/www.xvdl.be\/wp-content\/uploads\/2020\/10\/moellons-piscine-zwemkom-Bonlez-Xavier-Vanderlinden-web.jpg\"><img loading=\"lazy\" decoding=\"async\" width=\"1200\" height=\"900\" data-id=\"2277\" src=\"https:\/\/www.xvdl.be\/wp-content\/uploads\/2020\/10\/moellons-piscine-zwemkom-Bonlez-Xavier-Vanderlinden-web.jpg\" alt=\"\" class=\"wp-image-2277\" srcset=\"https:\/\/www.xvdl.be\/wp-content\/uploads\/2020\/10\/moellons-piscine-zwemkom-Bonlez-Xavier-Vanderlinden-web.jpg 1200w, https:\/\/www.xvdl.be\/wp-content\/uploads\/2020\/10\/moellons-piscine-zwemkom-Bonlez-Xavier-Vanderlinden-web-300x225.jpg 300w, https:\/\/www.xvdl.be\/wp-content\/uploads\/2020\/10\/moellons-piscine-zwemkom-Bonlez-Xavier-Vanderlinden-web-1024x768.jpg 1024w, https:\/\/www.xvdl.be\/wp-content\/uploads\/2020\/10\/moellons-piscine-zwemkom-Bonlez-Xavier-Vanderlinden-web-768x576.jpg 768w, https:\/\/www.xvdl.be\/wp-content\/uploads\/2020\/10\/moellons-piscine-zwemkom-Bonlez-Xavier-Vanderlinden-web-200x150.jpg 200w\" sizes=\"auto, (max-width: 1200px) 100vw, 1200px\" \/><\/a><\/figure>\n\n\n\n<figure class=\"wp-block-image size-full\"><a href=\"https:\/\/www.xvdl.be\/wp-content\/uploads\/2020\/10\/interieur-piscine-zwemkom-Bonlez-Xavier-Vanderlinden-web.jpg\"><img loading=\"lazy\" decoding=\"async\" width=\"1200\" height=\"863\" data-id=\"2275\" src=\"https:\/\/www.xvdl.be\/wp-content\/uploads\/2020\/10\/interieur-piscine-zwemkom-Bonlez-Xavier-Vanderlinden-web.jpg\" alt=\"\" class=\"wp-image-2275\" srcset=\"https:\/\/www.xvdl.be\/wp-content\/uploads\/2020\/10\/interieur-piscine-zwemkom-Bonlez-Xavier-Vanderlinden-web.jpg 1200w, https:\/\/www.xvdl.be\/wp-content\/uploads\/2020\/10\/interieur-piscine-zwemkom-Bonlez-Xavier-Vanderlinden-web-300x216.jpg 300w, https:\/\/www.xvdl.be\/wp-content\/uploads\/2020\/10\/interieur-piscine-zwemkom-Bonlez-Xavier-Vanderlinden-web-1024x736.jpg 1024w, https:\/\/www.xvdl.be\/wp-content\/uploads\/2020\/10\/interieur-piscine-zwemkom-Bonlez-Xavier-Vanderlinden-web-768x552.jpg 768w\" sizes=\"auto, (max-width: 1200px) 100vw, 1200px\" \/><\/a><\/figure>\n\n\n\n<figure class=\"wp-block-image size-full\"><a href=\"https:\/\/www.xvdl.be\/wp-content\/uploads\/2020\/10\/annexe-piscine-zwemkom-Bonlez-Xavier-Vanderlinden-web.jpg\"><img loading=\"lazy\" decoding=\"async\" width=\"1200\" height=\"804\" data-id=\"2273\" src=\"https:\/\/www.xvdl.be\/wp-content\/uploads\/2020\/10\/annexe-piscine-zwemkom-Bonlez-Xavier-Vanderlinden-web.jpg\" alt=\"\" class=\"wp-image-2273\" srcset=\"https:\/\/www.xvdl.be\/wp-content\/uploads\/2020\/10\/annexe-piscine-zwemkom-Bonlez-Xavier-Vanderlinden-web.jpg 1200w, https:\/\/www.xvdl.be\/wp-content\/uploads\/2020\/10\/annexe-piscine-zwemkom-Bonlez-Xavier-Vanderlinden-web-300x201.jpg 300w, https:\/\/www.xvdl.be\/wp-content\/uploads\/2020\/10\/annexe-piscine-zwemkom-Bonlez-Xavier-Vanderlinden-web-1024x686.jpg 1024w, https:\/\/www.xvdl.be\/wp-content\/uploads\/2020\/10\/annexe-piscine-zwemkom-Bonlez-Xavier-Vanderlinden-web-768x515.jpg 768w\" sizes=\"auto, (max-width: 1200px) 100vw, 1200px\" \/><\/a><\/figure>\n<\/figure>\n","protected":false},"excerpt":{"rendered":"<p>Une des d\u00e9pendances fut abattue pour la construction d\u2019un nouveau volume face \u00e0 la maison ma\u00eetre&#8230; <span class=\"moreLink\"><a href=\"https:\/\/www.xvdl.be\/fr\/nos_realisations\/piscine-couverte-dans-une-ferme-en-carre\/\">+<\/a><\/span><\/p>\n","protected":false},"featured_media":2275,"template":"","categories":[38],"tags":[],"class_list":["post-2272","our_realisations","type-our_realisations","status-publish","has-post-thumbnail","hentry","category-construction","clients-tkint"],"acf":[],"yoast_head":"<!-- This site is optimized with the Yoast SEO plugin v27.4 - https:\/\/yoast.com\/product\/yoast-seo-wordpress\/ -->\n<title>Piscine couverte dans une Ferme en Carr\u00e9 - Xavier Vanderlinden Architecte<\/title>\n<meta name=\"description\" content=\"piscine\" \/>\n<meta name=\"robots\" content=\"index, follow, max-snippet:-1, max-image-preview:large, max-video-preview:-1\" \/>\n<link rel=\"canonical\" href=\"https:\/\/www.xvdl.be\/fr\/nos_realisations\/piscine-couverte-dans-une-ferme-en-carre\/\" \/>\n<meta property=\"og:locale\" content=\"fr_FR\" \/>\n<meta property=\"og:type\" content=\"article\" \/>\n<meta property=\"og:title\" content=\"Piscine couverte dans une Ferme en Carr\u00e9 - Xavier Vanderlinden Architecte\" \/>\n<meta property=\"og:description\" content=\"piscine\" \/>\n<meta property=\"og:url\" content=\"https:\/\/www.xvdl.be\/fr\/nos_realisations\/piscine-couverte-dans-une-ferme-en-carre\/\" \/>\n<meta property=\"og:site_name\" content=\"Xavier Vanderlinden Architecte\" \/>\n<meta property=\"article:modified_time\" content=\"2022-08-16T08:22:42+00:00\" \/>\n<meta property=\"og:image\" content=\"https:\/\/www.xvdl.be\/wp-content\/uploads\/2020\/10\/interieur-piscine-zwemkom-Bonlez-Xavier-Vanderlinden-web.jpg\" \/>\n\t<meta property=\"og:image:width\" content=\"1200\" \/>\n\t<meta property=\"og:image:height\" content=\"863\" \/>\n\t<meta property=\"og:image:type\" content=\"image\/jpeg\" \/>\n<meta name=\"twitter:label1\" content=\"Dur\u00e9e de lecture estim\u00e9e\" \/>\n\t<meta name=\"twitter:data1\" content=\"2 minutes\" \/>\n<script type=\"application\/ld+json\" class=\"yoast-schema-graph\">{\"@context\":\"https:\\\/\\\/schema.org\",\"@graph\":[{\"@type\":\"WebPage\",\"@id\":\"https:\\\/\\\/www.xvdl.be\\\/fr\\\/nos_realisations\\\/piscine-couverte-dans-une-ferme-en-carre\\\/\",\"url\":\"https:\\\/\\\/www.xvdl.be\\\/fr\\\/nos_realisations\\\/piscine-couverte-dans-une-ferme-en-carre\\\/\",\"name\":\"Piscine couverte dans une Ferme en Carr\u00e9 - Xavier Vanderlinden Architecte\",\"isPartOf\":{\"@id\":\"https:\\\/\\\/www.xvdl.be\\\/fr\\\/#website\"},\"primaryImageOfPage\":{\"@id\":\"https:\\\/\\\/www.xvdl.be\\\/fr\\\/nos_realisations\\\/piscine-couverte-dans-une-ferme-en-carre\\\/#primaryimage\"},\"image\":{\"@id\":\"https:\\\/\\\/www.xvdl.be\\\/fr\\\/nos_realisations\\\/piscine-couverte-dans-une-ferme-en-carre\\\/#primaryimage\"},\"thumbnailUrl\":\"https:\\\/\\\/www.xvdl.be\\\/wp-content\\\/uploads\\\/2020\\\/10\\\/interieur-piscine-zwemkom-Bonlez-Xavier-Vanderlinden-web.jpg\",\"datePublished\":\"2020-10-25T13:14:28+00:00\",\"dateModified\":\"2022-08-16T08:22:42+00:00\",\"description\":\"piscine\",\"breadcrumb\":{\"@id\":\"https:\\\/\\\/www.xvdl.be\\\/fr\\\/nos_realisations\\\/piscine-couverte-dans-une-ferme-en-carre\\\/#breadcrumb\"},\"inLanguage\":\"fr-FR\",\"potentialAction\":[{\"@type\":\"ReadAction\",\"target\":[\"https:\\\/\\\/www.xvdl.be\\\/fr\\\/nos_realisations\\\/piscine-couverte-dans-une-ferme-en-carre\\\/\"]}]},{\"@type\":\"ImageObject\",\"inLanguage\":\"fr-FR\",\"@id\":\"https:\\\/\\\/www.xvdl.be\\\/fr\\\/nos_realisations\\\/piscine-couverte-dans-une-ferme-en-carre\\\/#primaryimage\",\"url\":\"https:\\\/\\\/www.xvdl.be\\\/wp-content\\\/uploads\\\/2020\\\/10\\\/interieur-piscine-zwemkom-Bonlez-Xavier-Vanderlinden-web.jpg\",\"contentUrl\":\"https:\\\/\\\/www.xvdl.be\\\/wp-content\\\/uploads\\\/2020\\\/10\\\/interieur-piscine-zwemkom-Bonlez-Xavier-Vanderlinden-web.jpg\",\"width\":1200,\"height\":863},{\"@type\":\"BreadcrumbList\",\"@id\":\"https:\\\/\\\/www.xvdl.be\\\/fr\\\/nos_realisations\\\/piscine-couverte-dans-une-ferme-en-carre\\\/#breadcrumb\",\"itemListElement\":[{\"@type\":\"ListItem\",\"position\":1,\"name\":\"Home\",\"item\":\"https:\\\/\\\/www.xvdl.be\\\/fr\\\/\"},{\"@type\":\"ListItem\",\"position\":2,\"name\":\"R\u00e9alisations\",\"item\":\"https:\\\/\\\/www.xvdl.be\\\/fr\\\/nos_realisations\\\/\"},{\"@type\":\"ListItem\",\"position\":3,\"name\":\"Piscine couverte dans une Ferme en Carr\u00e9\"}]},{\"@type\":\"WebSite\",\"@id\":\"https:\\\/\\\/www.xvdl.be\\\/fr\\\/#website\",\"url\":\"https:\\\/\\\/www.xvdl.be\\\/fr\\\/\",\"name\":\"Xavier Vanderlinden Architecte\",\"description\":\"Bureau d&#039;\u00e9tude en architecture classique et contemporaine\",\"publisher\":{\"@id\":\"https:\\\/\\\/www.xvdl.be\\\/fr\\\/#organization\"},\"potentialAction\":[{\"@type\":\"SearchAction\",\"target\":{\"@type\":\"EntryPoint\",\"urlTemplate\":\"https:\\\/\\\/www.xvdl.be\\\/fr\\\/?s={search_term_string}\"},\"query-input\":{\"@type\":\"PropertyValueSpecification\",\"valueRequired\":true,\"valueName\":\"search_term_string\"}}],\"inLanguage\":\"fr-FR\"},{\"@type\":\"Organization\",\"@id\":\"https:\\\/\\\/www.xvdl.be\\\/fr\\\/#organization\",\"name\":\"Xavier Vanderlinden Architecte\",\"url\":\"https:\\\/\\\/www.xvdl.be\\\/fr\\\/\",\"logo\":{\"@type\":\"ImageObject\",\"inLanguage\":\"fr-FR\",\"@id\":\"https:\\\/\\\/www.xvdl.be\\\/fr\\\/#\\\/schema\\\/logo\\\/image\\\/\",\"url\":\"https:\\\/\\\/www.xvdl.be\\\/wp-content\\\/uploads\\\/2022\\\/08\\\/XVDL_fb-image.jpg\",\"contentUrl\":\"https:\\\/\\\/www.xvdl.be\\\/wp-content\\\/uploads\\\/2022\\\/08\\\/XVDL_fb-image.jpg\",\"width\":1200,\"height\":630,\"caption\":\"Xavier Vanderlinden Architecte\"},\"image\":{\"@id\":\"https:\\\/\\\/www.xvdl.be\\\/fr\\\/#\\\/schema\\\/logo\\\/image\\\/\"}}]}<\/script>\n<!-- \/ Yoast SEO plugin. -->","yoast_head_json":{"title":"Piscine couverte dans une Ferme en Carr\u00e9 - Xavier Vanderlinden Architecte","description":"piscine","robots":{"index":"index","follow":"follow","max-snippet":"max-snippet:-1","max-image-preview":"max-image-preview:large","max-video-preview":"max-video-preview:-1"},"canonical":"https:\/\/www.xvdl.be\/fr\/nos_realisations\/piscine-couverte-dans-une-ferme-en-carre\/","og_locale":"fr_FR","og_type":"article","og_title":"Piscine couverte dans une Ferme en Carr\u00e9 - Xavier Vanderlinden Architecte","og_description":"piscine","og_url":"https:\/\/www.xvdl.be\/fr\/nos_realisations\/piscine-couverte-dans-une-ferme-en-carre\/","og_site_name":"Xavier Vanderlinden Architecte","article_modified_time":"2022-08-16T08:22:42+00:00","og_image":[{"width":1200,"height":863,"url":"https:\/\/www.xvdl.be\/wp-content\/uploads\/2020\/10\/interieur-piscine-zwemkom-Bonlez-Xavier-Vanderlinden-web.jpg","type":"image\/jpeg"}],"twitter_misc":{"Dur\u00e9e de lecture estim\u00e9e":"2 minutes"},"schema":{"@context":"https:\/\/schema.org","@graph":[{"@type":"WebPage","@id":"https:\/\/www.xvdl.be\/fr\/nos_realisations\/piscine-couverte-dans-une-ferme-en-carre\/","url":"https:\/\/www.xvdl.be\/fr\/nos_realisations\/piscine-couverte-dans-une-ferme-en-carre\/","name":"Piscine couverte dans une Ferme en Carr\u00e9 - Xavier Vanderlinden Architecte","isPartOf":{"@id":"https:\/\/www.xvdl.be\/fr\/#website"},"primaryImageOfPage":{"@id":"https:\/\/www.xvdl.be\/fr\/nos_realisations\/piscine-couverte-dans-une-ferme-en-carre\/#primaryimage"},"image":{"@id":"https:\/\/www.xvdl.be\/fr\/nos_realisations\/piscine-couverte-dans-une-ferme-en-carre\/#primaryimage"},"thumbnailUrl":"https:\/\/www.xvdl.be\/wp-content\/uploads\/2020\/10\/interieur-piscine-zwemkom-Bonlez-Xavier-Vanderlinden-web.jpg","datePublished":"2020-10-25T13:14:28+00:00","dateModified":"2022-08-16T08:22:42+00:00","description":"piscine","breadcrumb":{"@id":"https:\/\/www.xvdl.be\/fr\/nos_realisations\/piscine-couverte-dans-une-ferme-en-carre\/#breadcrumb"},"inLanguage":"fr-FR","potentialAction":[{"@type":"ReadAction","target":["https:\/\/www.xvdl.be\/fr\/nos_realisations\/piscine-couverte-dans-une-ferme-en-carre\/"]}]},{"@type":"ImageObject","inLanguage":"fr-FR","@id":"https:\/\/www.xvdl.be\/fr\/nos_realisations\/piscine-couverte-dans-une-ferme-en-carre\/#primaryimage","url":"https:\/\/www.xvdl.be\/wp-content\/uploads\/2020\/10\/interieur-piscine-zwemkom-Bonlez-Xavier-Vanderlinden-web.jpg","contentUrl":"https:\/\/www.xvdl.be\/wp-content\/uploads\/2020\/10\/interieur-piscine-zwemkom-Bonlez-Xavier-Vanderlinden-web.jpg","width":1200,"height":863},{"@type":"BreadcrumbList","@id":"https:\/\/www.xvdl.be\/fr\/nos_realisations\/piscine-couverte-dans-une-ferme-en-carre\/#breadcrumb","itemListElement":[{"@type":"ListItem","position":1,"name":"Home","item":"https:\/\/www.xvdl.be\/fr\/"},{"@type":"ListItem","position":2,"name":"R\u00e9alisations","item":"https:\/\/www.xvdl.be\/fr\/nos_realisations\/"},{"@type":"ListItem","position":3,"name":"Piscine couverte dans une Ferme en Carr\u00e9"}]},{"@type":"WebSite","@id":"https:\/\/www.xvdl.be\/fr\/#website","url":"https:\/\/www.xvdl.be\/fr\/","name":"Xavier Vanderlinden Architecte","description":"Bureau d&#039;\u00e9tude en architecture classique et contemporaine","publisher":{"@id":"https:\/\/www.xvdl.be\/fr\/#organization"},"potentialAction":[{"@type":"SearchAction","target":{"@type":"EntryPoint","urlTemplate":"https:\/\/www.xvdl.be\/fr\/?s={search_term_string}"},"query-input":{"@type":"PropertyValueSpecification","valueRequired":true,"valueName":"search_term_string"}}],"inLanguage":"fr-FR"},{"@type":"Organization","@id":"https:\/\/www.xvdl.be\/fr\/#organization","name":"Xavier Vanderlinden Architecte","url":"https:\/\/www.xvdl.be\/fr\/","logo":{"@type":"ImageObject","inLanguage":"fr-FR","@id":"https:\/\/www.xvdl.be\/fr\/#\/schema\/logo\/image\/","url":"https:\/\/www.xvdl.be\/wp-content\/uploads\/2022\/08\/XVDL_fb-image.jpg","contentUrl":"https:\/\/www.xvdl.be\/wp-content\/uploads\/2022\/08\/XVDL_fb-image.jpg","width":1200,"height":630,"caption":"Xavier Vanderlinden Architecte"},"image":{"@id":"https:\/\/www.xvdl.be\/fr\/#\/schema\/logo\/image\/"}}]}},"_links":{"self":[{"href":"https:\/\/www.xvdl.be\/fr\/wp-json\/wp\/v2\/our_realisations\/2272","targetHints":{"allow":["GET"]}}],"collection":[{"href":"https:\/\/www.xvdl.be\/fr\/wp-json\/wp\/v2\/our_realisations"}],"about":[{"href":"https:\/\/www.xvdl.be\/fr\/wp-json\/wp\/v2\/types\/our_realisations"}],"wp:featuredmedia":[{"embeddable":true,"href":"https:\/\/www.xvdl.be\/fr\/wp-json\/wp\/v2\/media\/2275"}],"wp:attachment":[{"href":"https:\/\/www.xvdl.be\/fr\/wp-json\/wp\/v2\/media?parent=2272"}],"wp:term":[{"taxonomy":"category","embeddable":true,"href":"https:\/\/www.xvdl.be\/fr\/wp-json\/wp\/v2\/categories?post=2272"},{"taxonomy":"post_tag","embeddable":true,"href":"https:\/\/www.xvdl.be\/fr\/wp-json\/wp\/v2\/tags?post=2272"}],"curies":[{"name":"wp","href":"https:\/\/api.w.org\/{rel}","templated":true}]}}