{"id":2214,"date":"2017-02-28T22:48:20","date_gmt":"2017-02-28T21:48:20","guid":{"rendered":"https:\/\/www.xvdl.be\/?post_type=our_realisations&#038;p=2214\/"},"modified":"2022-07-26T10:02:11","modified_gmt":"2022-07-26T08:02:11","slug":"transformation-dune-maison-de-maitre-immeuble-bureaux-tele-secours-asbl","status":"publish","type":"our_realisations","link":"https:\/\/www.xvdl.be\/fr\/nos_realisations\/transformation-dune-maison-de-maitre-immeuble-bureaux-tele-secours-asbl\/","title":{"rendered":"transformation d\u2019une maison de ma\u00eetre en immeuble bureaux pour T\u00e9l\u00e9-Secours ASBL"},"content":{"rendered":"\n<p>Une majestueuse maison de ma\u00eetre situ\u00e9e \u00e0 Laeken et construite en 1930 pour compte de Monsieur Schmidt.<br>Dans les ann\u00e9es 1960 il y avait eu des demande de d\u00e9molition pour la construction d\u2019un Delhaize, permis heureusement refus\u00e9 par les services d\u2019urbanisme.<\/p>\n\n\n\n<p>La fabrique d\u2019Eglise de Saint-Jacques sur Coudenberg acquiert l\u2019immeuble et le transforme. Le Cardinal L\u00e9on-Joseph Suenens en fera sa r\u00e9sidence.<\/p>\n\n\n\n<p>En 2010, l\u2019ASBL T\u00e9l\u00e9-Secours ach\u00e8te l\u2019immeuble dans le but d\u2019y loger ses bureaux.<\/p>\n\n\n\n<p>Ils confient la transformation et extension aux architectes Marc Vandemeulebroucke et Xavier Vanderlinden, tous deux membres des Architectes-B\u00e2tisseurs.<\/p>\n\n\n\n<p>L\u2019immeuble sera isol\u00e9, les toitures seront remplac\u00e9es par des ardoises naturelles de provenance canadienne, les zingueries seront refaites avec les membrons de forme arrondie. Les ch\u00e2ssis seront remplac\u00e9s. Les sanitaires, chauffage, \u00e9lectricit\u00e9. Des extensions seront r\u00e9alis\u00e9es \u00e0 l\u2019arri\u00e8re pour loger au mieux le personnel.<\/p>\n\n\n\n<figure class=\"wp-block-gallery has-nested-images columns-default is-cropped wp-block-gallery-1 is-layout-flex wp-block-gallery-is-layout-flex\">\n<figure class=\"wp-block-image size-large\"><a href=\"https:\/\/www.xvdl.be\/wp-content\/uploads\/2017\/02\/tele-hulp-architecte-xavier-vanderlinden-allo-madame-laurent.jpg\"><img loading=\"lazy\" decoding=\"async\" width=\"900\" height=\"1200\" data-id=\"2215\" src=\"https:\/\/www.xvdl.be\/wp-content\/uploads\/2017\/02\/tele-hulp-architecte-xavier-vanderlinden-allo-madame-laurent.jpg\" alt=\"\" class=\"wp-image-2215\" srcset=\"https:\/\/www.xvdl.be\/wp-content\/uploads\/2017\/02\/tele-hulp-architecte-xavier-vanderlinden-allo-madame-laurent.jpg 900w, https:\/\/www.xvdl.be\/wp-content\/uploads\/2017\/02\/tele-hulp-architecte-xavier-vanderlinden-allo-madame-laurent-225x300.jpg 225w, https:\/\/www.xvdl.be\/wp-content\/uploads\/2017\/02\/tele-hulp-architecte-xavier-vanderlinden-allo-madame-laurent-768x1024.jpg 768w\" sizes=\"auto, (max-width: 900px) 100vw, 900px\" \/><\/a><\/figure>\n\n\n\n<figure class=\"wp-block-image size-large\"><a href=\"https:\/\/www.xvdl.be\/wp-content\/uploads\/2017\/02\/tele-secours-architect-xavier-vanderlinden.jpg\"><img loading=\"lazy\" decoding=\"async\" width=\"1200\" height=\"900\" data-id=\"2217\" src=\"https:\/\/www.xvdl.be\/wp-content\/uploads\/2017\/02\/tele-secours-architect-xavier-vanderlinden.jpg\" alt=\"\" class=\"wp-image-2217\" srcset=\"https:\/\/www.xvdl.be\/wp-content\/uploads\/2017\/02\/tele-secours-architect-xavier-vanderlinden.jpg 1200w, https:\/\/www.xvdl.be\/wp-content\/uploads\/2017\/02\/tele-secours-architect-xavier-vanderlinden-300x225.jpg 300w, https:\/\/www.xvdl.be\/wp-content\/uploads\/2017\/02\/tele-secours-architect-xavier-vanderlinden-768x576.jpg 768w, https:\/\/www.xvdl.be\/wp-content\/uploads\/2017\/02\/tele-secours-architect-xavier-vanderlinden-1024x768.jpg 1024w, https:\/\/www.xvdl.be\/wp-content\/uploads\/2017\/02\/tele-secours-architect-xavier-vanderlinden-200x150.jpg 200w\" sizes=\"auto, (max-width: 1200px) 100vw, 1200px\" \/><\/a><\/figure>\n<\/figure>\n","protected":false},"excerpt":{"rendered":"<p>Une majestueuse maison de ma\u00eetre situ\u00e9e \u00e0 Laeken et construite en 1930 pour compte de Monsieur&#8230; <span class=\"moreLink\"><a href=\"https:\/\/www.xvdl.be\/fr\/nos_realisations\/transformation-dune-maison-de-maitre-immeuble-bureaux-tele-secours-asbl\/\">+<\/a><\/span><\/p>\n","protected":false},"featured_media":2217,"template":"","categories":[11],"tags":[],"class_list":["post-2214","our_realisations","type-our_realisations","status-publish","has-post-thumbnail","hentry","category-renovation","clients-tele-secours"],"acf":[],"yoast_head":"<!-- This site is optimized with the Yoast SEO plugin v27.4 - https:\/\/yoast.com\/product\/yoast-seo-wordpress\/ -->\n<title>transformation d\u2019une maison de ma\u00eetre en immeuble bureaux pour T\u00e9l\u00e9-Secours ASBL - Xavier Vanderlinden Architecte<\/title>\n<meta name=\"robots\" content=\"index, follow, max-snippet:-1, max-image-preview:large, max-video-preview:-1\" \/>\n<link rel=\"canonical\" href=\"https:\/\/www.xvdl.be\/fr\/nos_realisations\/transformation-dune-maison-de-maitre-immeuble-bureaux-tele-secours-asbl\/\" \/>\n<meta property=\"og:locale\" content=\"fr_FR\" \/>\n<meta property=\"og:type\" content=\"article\" \/>\n<meta property=\"og:title\" content=\"transformation d\u2019une maison de ma\u00eetre en immeuble bureaux pour T\u00e9l\u00e9-Secours ASBL - Xavier Vanderlinden Architecte\" \/>\n<meta property=\"og:description\" content=\"Une majestueuse maison de ma\u00eetre situ\u00e9e \u00e0 Laeken et construite en 1930 pour compte de Monsieur... +\" \/>\n<meta property=\"og:url\" content=\"https:\/\/www.xvdl.be\/fr\/nos_realisations\/transformation-dune-maison-de-maitre-immeuble-bureaux-tele-secours-asbl\/\" \/>\n<meta property=\"og:site_name\" content=\"Xavier Vanderlinden Architecte\" \/>\n<meta property=\"article:modified_time\" content=\"2022-07-26T08:02:11+00:00\" \/>\n<meta property=\"og:image\" content=\"https:\/\/www.xvdl.be\/wp-content\/uploads\/2017\/02\/tele-secours-architect-xavier-vanderlinden.jpg\" \/>\n\t<meta property=\"og:image:width\" content=\"1200\" \/>\n\t<meta property=\"og:image:height\" content=\"900\" \/>\n\t<meta property=\"og:image:type\" content=\"image\/jpeg\" \/>\n<meta name=\"twitter:label1\" content=\"Dur\u00e9e de lecture estim\u00e9e\" \/>\n\t<meta name=\"twitter:data1\" content=\"2 minutes\" \/>\n<script type=\"application\/ld+json\" class=\"yoast-schema-graph\">{\"@context\":\"https:\\\/\\\/schema.org\",\"@graph\":[{\"@type\":\"WebPage\",\"@id\":\"https:\\\/\\\/www.xvdl.be\\\/fr\\\/nos_realisations\\\/transformation-dune-maison-de-maitre-immeuble-bureaux-tele-secours-asbl\\\/\",\"url\":\"https:\\\/\\\/www.xvdl.be\\\/fr\\\/nos_realisations\\\/transformation-dune-maison-de-maitre-immeuble-bureaux-tele-secours-asbl\\\/\",\"name\":\"transformation d\u2019une maison de ma\u00eetre en immeuble bureaux pour T\u00e9l\u00e9-Secours ASBL - Xavier Vanderlinden Architecte\",\"isPartOf\":{\"@id\":\"https:\\\/\\\/www.xvdl.be\\\/fr\\\/#website\"},\"primaryImageOfPage\":{\"@id\":\"https:\\\/\\\/www.xvdl.be\\\/fr\\\/nos_realisations\\\/transformation-dune-maison-de-maitre-immeuble-bureaux-tele-secours-asbl\\\/#primaryimage\"},\"image\":{\"@id\":\"https:\\\/\\\/www.xvdl.be\\\/fr\\\/nos_realisations\\\/transformation-dune-maison-de-maitre-immeuble-bureaux-tele-secours-asbl\\\/#primaryimage\"},\"thumbnailUrl\":\"https:\\\/\\\/www.xvdl.be\\\/wp-content\\\/uploads\\\/2017\\\/02\\\/tele-secours-architect-xavier-vanderlinden.jpg\",\"datePublished\":\"2017-02-28T21:48:20+00:00\",\"dateModified\":\"2022-07-26T08:02:11+00:00\",\"breadcrumb\":{\"@id\":\"https:\\\/\\\/www.xvdl.be\\\/fr\\\/nos_realisations\\\/transformation-dune-maison-de-maitre-immeuble-bureaux-tele-secours-asbl\\\/#breadcrumb\"},\"inLanguage\":\"fr-FR\",\"potentialAction\":[{\"@type\":\"ReadAction\",\"target\":[\"https:\\\/\\\/www.xvdl.be\\\/fr\\\/nos_realisations\\\/transformation-dune-maison-de-maitre-immeuble-bureaux-tele-secours-asbl\\\/\"]}]},{\"@type\":\"ImageObject\",\"inLanguage\":\"fr-FR\",\"@id\":\"https:\\\/\\\/www.xvdl.be\\\/fr\\\/nos_realisations\\\/transformation-dune-maison-de-maitre-immeuble-bureaux-tele-secours-asbl\\\/#primaryimage\",\"url\":\"https:\\\/\\\/www.xvdl.be\\\/wp-content\\\/uploads\\\/2017\\\/02\\\/tele-secours-architect-xavier-vanderlinden.jpg\",\"contentUrl\":\"https:\\\/\\\/www.xvdl.be\\\/wp-content\\\/uploads\\\/2017\\\/02\\\/tele-secours-architect-xavier-vanderlinden.jpg\",\"width\":1200,\"height\":900},{\"@type\":\"BreadcrumbList\",\"@id\":\"https:\\\/\\\/www.xvdl.be\\\/fr\\\/nos_realisations\\\/transformation-dune-maison-de-maitre-immeuble-bureaux-tele-secours-asbl\\\/#breadcrumb\",\"itemListElement\":[{\"@type\":\"ListItem\",\"position\":1,\"name\":\"Home\",\"item\":\"https:\\\/\\\/www.xvdl.be\\\/fr\\\/\"},{\"@type\":\"ListItem\",\"position\":2,\"name\":\"R\u00e9alisations\",\"item\":\"https:\\\/\\\/www.xvdl.be\\\/fr\\\/nos_realisations\\\/\"},{\"@type\":\"ListItem\",\"position\":3,\"name\":\"transformation d\u2019une maison de ma\u00eetre en immeuble bureaux pour T\u00e9l\u00e9-Secours ASBL\"}]},{\"@type\":\"WebSite\",\"@id\":\"https:\\\/\\\/www.xvdl.be\\\/fr\\\/#website\",\"url\":\"https:\\\/\\\/www.xvdl.be\\\/fr\\\/\",\"name\":\"Xavier Vanderlinden Architecte\",\"description\":\"Bureau d&#039;\u00e9tude en architecture classique et contemporaine\",\"publisher\":{\"@id\":\"https:\\\/\\\/www.xvdl.be\\\/fr\\\/#organization\"},\"potentialAction\":[{\"@type\":\"SearchAction\",\"target\":{\"@type\":\"EntryPoint\",\"urlTemplate\":\"https:\\\/\\\/www.xvdl.be\\\/fr\\\/?s={search_term_string}\"},\"query-input\":{\"@type\":\"PropertyValueSpecification\",\"valueRequired\":true,\"valueName\":\"search_term_string\"}}],\"inLanguage\":\"fr-FR\"},{\"@type\":\"Organization\",\"@id\":\"https:\\\/\\\/www.xvdl.be\\\/fr\\\/#organization\",\"name\":\"Xavier Vanderlinden Architecte\",\"url\":\"https:\\\/\\\/www.xvdl.be\\\/fr\\\/\",\"logo\":{\"@type\":\"ImageObject\",\"inLanguage\":\"fr-FR\",\"@id\":\"https:\\\/\\\/www.xvdl.be\\\/fr\\\/#\\\/schema\\\/logo\\\/image\\\/\",\"url\":\"https:\\\/\\\/www.xvdl.be\\\/wp-content\\\/uploads\\\/2022\\\/08\\\/XVDL_fb-image.jpg\",\"contentUrl\":\"https:\\\/\\\/www.xvdl.be\\\/wp-content\\\/uploads\\\/2022\\\/08\\\/XVDL_fb-image.jpg\",\"width\":1200,\"height\":630,\"caption\":\"Xavier Vanderlinden Architecte\"},\"image\":{\"@id\":\"https:\\\/\\\/www.xvdl.be\\\/fr\\\/#\\\/schema\\\/logo\\\/image\\\/\"}}]}<\/script>\n<!-- \/ Yoast SEO plugin. -->","yoast_head_json":{"title":"transformation d\u2019une maison de ma\u00eetre en immeuble bureaux pour T\u00e9l\u00e9-Secours ASBL - Xavier Vanderlinden Architecte","robots":{"index":"index","follow":"follow","max-snippet":"max-snippet:-1","max-image-preview":"max-image-preview:large","max-video-preview":"max-video-preview:-1"},"canonical":"https:\/\/www.xvdl.be\/fr\/nos_realisations\/transformation-dune-maison-de-maitre-immeuble-bureaux-tele-secours-asbl\/","og_locale":"fr_FR","og_type":"article","og_title":"transformation d\u2019une maison de ma\u00eetre en immeuble bureaux pour T\u00e9l\u00e9-Secours ASBL - Xavier Vanderlinden Architecte","og_description":"Une majestueuse maison de ma\u00eetre situ\u00e9e \u00e0 Laeken et construite en 1930 pour compte de Monsieur... +","og_url":"https:\/\/www.xvdl.be\/fr\/nos_realisations\/transformation-dune-maison-de-maitre-immeuble-bureaux-tele-secours-asbl\/","og_site_name":"Xavier Vanderlinden Architecte","article_modified_time":"2022-07-26T08:02:11+00:00","og_image":[{"width":1200,"height":900,"url":"https:\/\/www.xvdl.be\/wp-content\/uploads\/2017\/02\/tele-secours-architect-xavier-vanderlinden.jpg","type":"image\/jpeg"}],"twitter_misc":{"Dur\u00e9e de lecture estim\u00e9e":"2 minutes"},"schema":{"@context":"https:\/\/schema.org","@graph":[{"@type":"WebPage","@id":"https:\/\/www.xvdl.be\/fr\/nos_realisations\/transformation-dune-maison-de-maitre-immeuble-bureaux-tele-secours-asbl\/","url":"https:\/\/www.xvdl.be\/fr\/nos_realisations\/transformation-dune-maison-de-maitre-immeuble-bureaux-tele-secours-asbl\/","name":"transformation d\u2019une maison de ma\u00eetre en immeuble bureaux pour T\u00e9l\u00e9-Secours ASBL - Xavier Vanderlinden Architecte","isPartOf":{"@id":"https:\/\/www.xvdl.be\/fr\/#website"},"primaryImageOfPage":{"@id":"https:\/\/www.xvdl.be\/fr\/nos_realisations\/transformation-dune-maison-de-maitre-immeuble-bureaux-tele-secours-asbl\/#primaryimage"},"image":{"@id":"https:\/\/www.xvdl.be\/fr\/nos_realisations\/transformation-dune-maison-de-maitre-immeuble-bureaux-tele-secours-asbl\/#primaryimage"},"thumbnailUrl":"https:\/\/www.xvdl.be\/wp-content\/uploads\/2017\/02\/tele-secours-architect-xavier-vanderlinden.jpg","datePublished":"2017-02-28T21:48:20+00:00","dateModified":"2022-07-26T08:02:11+00:00","breadcrumb":{"@id":"https:\/\/www.xvdl.be\/fr\/nos_realisations\/transformation-dune-maison-de-maitre-immeuble-bureaux-tele-secours-asbl\/#breadcrumb"},"inLanguage":"fr-FR","potentialAction":[{"@type":"ReadAction","target":["https:\/\/www.xvdl.be\/fr\/nos_realisations\/transformation-dune-maison-de-maitre-immeuble-bureaux-tele-secours-asbl\/"]}]},{"@type":"ImageObject","inLanguage":"fr-FR","@id":"https:\/\/www.xvdl.be\/fr\/nos_realisations\/transformation-dune-maison-de-maitre-immeuble-bureaux-tele-secours-asbl\/#primaryimage","url":"https:\/\/www.xvdl.be\/wp-content\/uploads\/2017\/02\/tele-secours-architect-xavier-vanderlinden.jpg","contentUrl":"https:\/\/www.xvdl.be\/wp-content\/uploads\/2017\/02\/tele-secours-architect-xavier-vanderlinden.jpg","width":1200,"height":900},{"@type":"BreadcrumbList","@id":"https:\/\/www.xvdl.be\/fr\/nos_realisations\/transformation-dune-maison-de-maitre-immeuble-bureaux-tele-secours-asbl\/#breadcrumb","itemListElement":[{"@type":"ListItem","position":1,"name":"Home","item":"https:\/\/www.xvdl.be\/fr\/"},{"@type":"ListItem","position":2,"name":"R\u00e9alisations","item":"https:\/\/www.xvdl.be\/fr\/nos_realisations\/"},{"@type":"ListItem","position":3,"name":"transformation d\u2019une maison de ma\u00eetre en immeuble bureaux pour T\u00e9l\u00e9-Secours ASBL"}]},{"@type":"WebSite","@id":"https:\/\/www.xvdl.be\/fr\/#website","url":"https:\/\/www.xvdl.be\/fr\/","name":"Xavier Vanderlinden Architecte","description":"Bureau d&#039;\u00e9tude en architecture classique et contemporaine","publisher":{"@id":"https:\/\/www.xvdl.be\/fr\/#organization"},"potentialAction":[{"@type":"SearchAction","target":{"@type":"EntryPoint","urlTemplate":"https:\/\/www.xvdl.be\/fr\/?s={search_term_string}"},"query-input":{"@type":"PropertyValueSpecification","valueRequired":true,"valueName":"search_term_string"}}],"inLanguage":"fr-FR"},{"@type":"Organization","@id":"https:\/\/www.xvdl.be\/fr\/#organization","name":"Xavier Vanderlinden Architecte","url":"https:\/\/www.xvdl.be\/fr\/","logo":{"@type":"ImageObject","inLanguage":"fr-FR","@id":"https:\/\/www.xvdl.be\/fr\/#\/schema\/logo\/image\/","url":"https:\/\/www.xvdl.be\/wp-content\/uploads\/2022\/08\/XVDL_fb-image.jpg","contentUrl":"https:\/\/www.xvdl.be\/wp-content\/uploads\/2022\/08\/XVDL_fb-image.jpg","width":1200,"height":630,"caption":"Xavier Vanderlinden Architecte"},"image":{"@id":"https:\/\/www.xvdl.be\/fr\/#\/schema\/logo\/image\/"}}]}},"_links":{"self":[{"href":"https:\/\/www.xvdl.be\/fr\/wp-json\/wp\/v2\/our_realisations\/2214","targetHints":{"allow":["GET"]}}],"collection":[{"href":"https:\/\/www.xvdl.be\/fr\/wp-json\/wp\/v2\/our_realisations"}],"about":[{"href":"https:\/\/www.xvdl.be\/fr\/wp-json\/wp\/v2\/types\/our_realisations"}],"wp:featuredmedia":[{"embeddable":true,"href":"https:\/\/www.xvdl.be\/fr\/wp-json\/wp\/v2\/media\/2217"}],"wp:attachment":[{"href":"https:\/\/www.xvdl.be\/fr\/wp-json\/wp\/v2\/media?parent=2214"}],"wp:term":[{"taxonomy":"category","embeddable":true,"href":"https:\/\/www.xvdl.be\/fr\/wp-json\/wp\/v2\/categories?post=2214"},{"taxonomy":"post_tag","embeddable":true,"href":"https:\/\/www.xvdl.be\/fr\/wp-json\/wp\/v2\/tags?post=2214"}],"curies":[{"name":"wp","href":"https:\/\/api.w.org\/{rel}","templated":true}]}}