{"id":2197,"date":"2017-02-22T10:37:10","date_gmt":"2017-02-22T09:37:10","guid":{"rendered":"https:\/\/www.xvdl.be\/?post_type=our_realisations&#038;p=2197\/"},"modified":"2022-09-07T11:24:40","modified_gmt":"2022-09-07T09:24:40","slug":"transformation-dune-villa-zoute-knokke","status":"publish","type":"our_realisations","link":"https:\/\/www.xvdl.be\/fr\/nos_realisations\/transformation-dune-villa-zoute-knokke\/","title":{"rendered":"transformation d\u2019une villa au Zoute-Knokke"},"content":{"rendered":"\n<p>Avec une vue d\u00e9gag\u00e9e sur les polders, cette villa de vill\u00e9giature a \u00e9t\u00e9 compl\u00e8tement r\u00e9am\u00e9nag\u00e9e \u00e0 partir d\u2019une situation ant\u00e9rieure avec des espaces tr\u00e8s cloisonn\u00e9s \u00e0 cause de nombreuses chambres, \u00f4t\u00e9es pour d\u00e9gager une vue \u00e0 travers une nouvelle cascade de salon, cuisine, salle \u00e0 manger.<\/p>\n\n\n\n<p>Vu les sols peu porteurs, des techniques sp\u00e9ciales de fondation ont d\u00fb \u00eatre employ\u00e9es. Des micro-pieux for\u00e9s viss\u00e9s dans les sols jusqu\u2019\u00e0 20m de profondeur ont permis de lib\u00e9rer ainsi les espaces de murs porteurs et autres obstructions visuelles vers les grandes fen\u00eatres donnant sur les paysages.<\/p>\n\n\n\n<p>La maison a \u00e9t\u00e9 \u00e9quip\u00e9e de chauffage de surface au sol et dans les parois murales, ainsi qu\u2019une ventilation \u00e0 double flux avec r\u00e9cup\u00e9ration de chaleur et avec des filtres \u00e9lectro-statiques.<\/p>\n\n\n\n<figure class=\"wp-block-gallery has-nested-images columns-5 is-cropped wp-block-gallery-1 is-layout-flex wp-block-gallery-is-layout-flex\">\n<figure class=\"wp-block-image size-large\"><a href=\"https:\/\/www.xvdl.be\/wp-content\/uploads\/2017\/02\/xavier-vanderlinden-architecte-zoute-knokke-1.jpg\"><img loading=\"lazy\" decoding=\"async\" width=\"1200\" height=\"900\" data-id=\"2211\" src=\"https:\/\/www.xvdl.be\/wp-content\/uploads\/2017\/02\/xavier-vanderlinden-architecte-zoute-knokke-1.jpg\" alt=\"\" class=\"wp-image-2211\" srcset=\"https:\/\/www.xvdl.be\/wp-content\/uploads\/2017\/02\/xavier-vanderlinden-architecte-zoute-knokke-1.jpg 1200w, https:\/\/www.xvdl.be\/wp-content\/uploads\/2017\/02\/xavier-vanderlinden-architecte-zoute-knokke-1-300x225.jpg 300w, https:\/\/www.xvdl.be\/wp-content\/uploads\/2017\/02\/xavier-vanderlinden-architecte-zoute-knokke-1-768x576.jpg 768w, https:\/\/www.xvdl.be\/wp-content\/uploads\/2017\/02\/xavier-vanderlinden-architecte-zoute-knokke-1-1024x768.jpg 1024w, https:\/\/www.xvdl.be\/wp-content\/uploads\/2017\/02\/xavier-vanderlinden-architecte-zoute-knokke-1-200x150.jpg 200w\" sizes=\"auto, (max-width: 1200px) 100vw, 1200px\" \/><\/a><\/figure>\n\n\n\n<figure class=\"wp-block-image size-large\"><a href=\"https:\/\/www.xvdl.be\/wp-content\/uploads\/2017\/02\/xavier-vanderlinden-raam-in-staal.jpg\"><img decoding=\"async\" data-id=\"2209\" src=\"https:\/\/www.xvdl.be\/wp-content\/uploads\/2017\/02\/xavier-vanderlinden-raam-in-staal.jpg\" alt=\"\" class=\"wp-image-2209\"\/><\/a><\/figure>\n\n\n\n<figure class=\"wp-block-image size-large\"><a href=\"https:\/\/www.xvdl.be\/wp-content\/uploads\/2017\/02\/xavier-vanderlinden-trappen-escaliers-hout-bois.jpg\"><img loading=\"lazy\" decoding=\"async\" width=\"900\" height=\"1200\" data-id=\"2210\" src=\"https:\/\/www.xvdl.be\/wp-content\/uploads\/2017\/02\/xavier-vanderlinden-trappen-escaliers-hout-bois.jpg\" alt=\"\" class=\"wp-image-2210\" srcset=\"https:\/\/www.xvdl.be\/wp-content\/uploads\/2017\/02\/xavier-vanderlinden-trappen-escaliers-hout-bois.jpg 900w, https:\/\/www.xvdl.be\/wp-content\/uploads\/2017\/02\/xavier-vanderlinden-trappen-escaliers-hout-bois-225x300.jpg 225w, https:\/\/www.xvdl.be\/wp-content\/uploads\/2017\/02\/xavier-vanderlinden-trappen-escaliers-hout-bois-768x1024.jpg 768w\" sizes=\"auto, (max-width: 900px) 100vw, 900px\" \/><\/a><\/figure>\n\n\n\n<figure class=\"wp-block-image size-large\"><a href=\"https:\/\/www.xvdl.be\/wp-content\/uploads\/2017\/02\/xavier-vanderlinden-porte-fenetre-acier.jpg\"><img loading=\"lazy\" decoding=\"async\" width=\"900\" height=\"1200\" data-id=\"2208\" src=\"https:\/\/www.xvdl.be\/wp-content\/uploads\/2017\/02\/xavier-vanderlinden-porte-fenetre-acier.jpg\" alt=\"\" class=\"wp-image-2208\" srcset=\"https:\/\/www.xvdl.be\/wp-content\/uploads\/2017\/02\/xavier-vanderlinden-porte-fenetre-acier.jpg 900w, https:\/\/www.xvdl.be\/wp-content\/uploads\/2017\/02\/xavier-vanderlinden-porte-fenetre-acier-225x300.jpg 225w, https:\/\/www.xvdl.be\/wp-content\/uploads\/2017\/02\/xavier-vanderlinden-porte-fenetre-acier-768x1024.jpg 768w\" sizes=\"auto, (max-width: 900px) 100vw, 900px\" \/><\/a><\/figure>\n\n\n\n<figure class=\"wp-block-image size-large\"><a href=\"https:\/\/www.xvdl.be\/wp-content\/uploads\/2017\/02\/xavier-vanderlinden-marmer-badkamer.jpg\"><img loading=\"lazy\" decoding=\"async\" width=\"900\" height=\"1200\" data-id=\"2207\" src=\"https:\/\/www.xvdl.be\/wp-content\/uploads\/2017\/02\/xavier-vanderlinden-marmer-badkamer.jpg\" alt=\"\" class=\"wp-image-2207\" srcset=\"https:\/\/www.xvdl.be\/wp-content\/uploads\/2017\/02\/xavier-vanderlinden-marmer-badkamer.jpg 900w, https:\/\/www.xvdl.be\/wp-content\/uploads\/2017\/02\/xavier-vanderlinden-marmer-badkamer-225x300.jpg 225w, https:\/\/www.xvdl.be\/wp-content\/uploads\/2017\/02\/xavier-vanderlinden-marmer-badkamer-768x1024.jpg 768w\" sizes=\"auto, (max-width: 900px) 100vw, 900px\" \/><\/a><\/figure>\n\n\n\n<figure class=\"wp-block-image size-large\"><a href=\"https:\/\/www.xvdl.be\/wp-content\/uploads\/2017\/02\/xavier-vanderlinden-knokke-zoute.jpg\"><img loading=\"lazy\" decoding=\"async\" width=\"1200\" height=\"900\" data-id=\"2205\" src=\"https:\/\/www.xvdl.be\/wp-content\/uploads\/2017\/02\/xavier-vanderlinden-knokke-zoute.jpg\" alt=\"\" class=\"wp-image-2205\" srcset=\"https:\/\/www.xvdl.be\/wp-content\/uploads\/2017\/02\/xavier-vanderlinden-knokke-zoute.jpg 1200w, https:\/\/www.xvdl.be\/wp-content\/uploads\/2017\/02\/xavier-vanderlinden-knokke-zoute-300x225.jpg 300w, https:\/\/www.xvdl.be\/wp-content\/uploads\/2017\/02\/xavier-vanderlinden-knokke-zoute-768x576.jpg 768w, https:\/\/www.xvdl.be\/wp-content\/uploads\/2017\/02\/xavier-vanderlinden-knokke-zoute-1024x768.jpg 1024w, https:\/\/www.xvdl.be\/wp-content\/uploads\/2017\/02\/xavier-vanderlinden-knokke-zoute-200x150.jpg 200w\" sizes=\"auto, (max-width: 1200px) 100vw, 1200px\" \/><\/a><\/figure>\n\n\n\n<figure class=\"wp-block-image size-large\"><a href=\"https:\/\/www.xvdl.be\/wp-content\/uploads\/2017\/02\/xavier-vanderlinden-marbres-salle-de-bain.jpg\"><img loading=\"lazy\" decoding=\"async\" width=\"900\" height=\"1200\" data-id=\"2206\" src=\"https:\/\/www.xvdl.be\/wp-content\/uploads\/2017\/02\/xavier-vanderlinden-marbres-salle-de-bain.jpg\" alt=\"\" class=\"wp-image-2206\" srcset=\"https:\/\/www.xvdl.be\/wp-content\/uploads\/2017\/02\/xavier-vanderlinden-marbres-salle-de-bain.jpg 900w, https:\/\/www.xvdl.be\/wp-content\/uploads\/2017\/02\/xavier-vanderlinden-marbres-salle-de-bain-225x300.jpg 225w, https:\/\/www.xvdl.be\/wp-content\/uploads\/2017\/02\/xavier-vanderlinden-marbres-salle-de-bain-768x1024.jpg 768w\" sizes=\"auto, (max-width: 900px) 100vw, 900px\" \/><\/a><\/figure>\n\n\n\n<figure class=\"wp-block-image size-large\"><a href=\"https:\/\/www.xvdl.be\/wp-content\/uploads\/2017\/02\/xavier-vanderlinden-keuken-zoute-knokke.jpg\"><img loading=\"lazy\" decoding=\"async\" width=\"1200\" height=\"900\" data-id=\"2204\" src=\"https:\/\/www.xvdl.be\/wp-content\/uploads\/2017\/02\/xavier-vanderlinden-keuken-zoute-knokke.jpg\" alt=\"\" class=\"wp-image-2204\" srcset=\"https:\/\/www.xvdl.be\/wp-content\/uploads\/2017\/02\/xavier-vanderlinden-keuken-zoute-knokke.jpg 1200w, https:\/\/www.xvdl.be\/wp-content\/uploads\/2017\/02\/xavier-vanderlinden-keuken-zoute-knokke-300x225.jpg 300w, https:\/\/www.xvdl.be\/wp-content\/uploads\/2017\/02\/xavier-vanderlinden-keuken-zoute-knokke-768x576.jpg 768w, https:\/\/www.xvdl.be\/wp-content\/uploads\/2017\/02\/xavier-vanderlinden-keuken-zoute-knokke-1024x768.jpg 1024w, https:\/\/www.xvdl.be\/wp-content\/uploads\/2017\/02\/xavier-vanderlinden-keuken-zoute-knokke-200x150.jpg 200w\" sizes=\"auto, (max-width: 1200px) 100vw, 1200px\" \/><\/a><\/figure>\n\n\n\n<figure class=\"wp-block-image size-large\"><a href=\"https:\/\/www.xvdl.be\/wp-content\/uploads\/2017\/02\/xavier-vanderlinden-inrichting-badkamer.jpg\"><img loading=\"lazy\" decoding=\"async\" width=\"900\" height=\"1200\" data-id=\"2203\" src=\"https:\/\/www.xvdl.be\/wp-content\/uploads\/2017\/02\/xavier-vanderlinden-inrichting-badkamer.jpg\" alt=\"\" class=\"wp-image-2203\" srcset=\"https:\/\/www.xvdl.be\/wp-content\/uploads\/2017\/02\/xavier-vanderlinden-inrichting-badkamer.jpg 900w, https:\/\/www.xvdl.be\/wp-content\/uploads\/2017\/02\/xavier-vanderlinden-inrichting-badkamer-225x300.jpg 225w, https:\/\/www.xvdl.be\/wp-content\/uploads\/2017\/02\/xavier-vanderlinden-inrichting-badkamer-768x1024.jpg 768w\" sizes=\"auto, (max-width: 900px) 100vw, 900px\" \/><\/a><\/figure>\n\n\n\n<figure class=\"wp-block-image size-large\"><a href=\"https:\/\/www.xvdl.be\/wp-content\/uploads\/2017\/02\/xavier-vanderlinden-fenetres-acier.jpg\"><img loading=\"lazy\" decoding=\"async\" width=\"1200\" height=\"900\" data-id=\"2202\" src=\"https:\/\/www.xvdl.be\/wp-content\/uploads\/2017\/02\/xavier-vanderlinden-fenetres-acier.jpg\" alt=\"\" class=\"wp-image-2202\" srcset=\"https:\/\/www.xvdl.be\/wp-content\/uploads\/2017\/02\/xavier-vanderlinden-fenetres-acier.jpg 1200w, https:\/\/www.xvdl.be\/wp-content\/uploads\/2017\/02\/xavier-vanderlinden-fenetres-acier-300x225.jpg 300w, https:\/\/www.xvdl.be\/wp-content\/uploads\/2017\/02\/xavier-vanderlinden-fenetres-acier-768x576.jpg 768w, https:\/\/www.xvdl.be\/wp-content\/uploads\/2017\/02\/xavier-vanderlinden-fenetres-acier-1024x768.jpg 1024w, https:\/\/www.xvdl.be\/wp-content\/uploads\/2017\/02\/xavier-vanderlinden-fenetres-acier-200x150.jpg 200w\" sizes=\"auto, (max-width: 1200px) 100vw, 1200px\" \/><\/a><\/figure>\n\n\n\n<figure class=\"wp-block-image size-large\"><a href=\"https:\/\/www.xvdl.be\/wp-content\/uploads\/2017\/02\/xavier-vanderlinden-conception-salle-de-bain.jpg\"><img loading=\"lazy\" decoding=\"async\" width=\"900\" height=\"1200\" data-id=\"2201\" src=\"https:\/\/www.xvdl.be\/wp-content\/uploads\/2017\/02\/xavier-vanderlinden-conception-salle-de-bain.jpg\" alt=\"\" class=\"wp-image-2201\" srcset=\"https:\/\/www.xvdl.be\/wp-content\/uploads\/2017\/02\/xavier-vanderlinden-conception-salle-de-bain.jpg 900w, https:\/\/www.xvdl.be\/wp-content\/uploads\/2017\/02\/xavier-vanderlinden-conception-salle-de-bain-225x300.jpg 225w, https:\/\/www.xvdl.be\/wp-content\/uploads\/2017\/02\/xavier-vanderlinden-conception-salle-de-bain-768x1024.jpg 768w\" sizes=\"auto, (max-width: 900px) 100vw, 900px\" \/><\/a><\/figure>\n\n\n\n<figure class=\"wp-block-image size-large\"><a href=\"https:\/\/www.xvdl.be\/wp-content\/uploads\/2017\/02\/xavier-vanderlinden-amenagement-salle-de-bain.jpg\"><img loading=\"lazy\" decoding=\"async\" width=\"900\" height=\"1200\" data-id=\"2199\" src=\"https:\/\/www.xvdl.be\/wp-content\/uploads\/2017\/02\/xavier-vanderlinden-amenagement-salle-de-bain.jpg\" alt=\"\" class=\"wp-image-2199\" srcset=\"https:\/\/www.xvdl.be\/wp-content\/uploads\/2017\/02\/xavier-vanderlinden-amenagement-salle-de-bain.jpg 900w, https:\/\/www.xvdl.be\/wp-content\/uploads\/2017\/02\/xavier-vanderlinden-amenagement-salle-de-bain-225x300.jpg 225w, https:\/\/www.xvdl.be\/wp-content\/uploads\/2017\/02\/xavier-vanderlinden-amenagement-salle-de-bain-768x1024.jpg 768w\" sizes=\"auto, (max-width: 900px) 100vw, 900px\" \/><\/a><\/figure>\n\n\n\n<figure class=\"wp-block-image size-large\"><a href=\"https:\/\/www.xvdl.be\/wp-content\/uploads\/2017\/02\/architecte-vanderlinden-xavier-salon.jpg\"><img loading=\"lazy\" decoding=\"async\" width=\"1200\" height=\"900\" data-id=\"2198\" src=\"https:\/\/www.xvdl.be\/wp-content\/uploads\/2017\/02\/architecte-vanderlinden-xavier-salon.jpg\" alt=\"\" class=\"wp-image-2198\" srcset=\"https:\/\/www.xvdl.be\/wp-content\/uploads\/2017\/02\/architecte-vanderlinden-xavier-salon.jpg 1200w, https:\/\/www.xvdl.be\/wp-content\/uploads\/2017\/02\/architecte-vanderlinden-xavier-salon-300x225.jpg 300w, https:\/\/www.xvdl.be\/wp-content\/uploads\/2017\/02\/architecte-vanderlinden-xavier-salon-768x576.jpg 768w, https:\/\/www.xvdl.be\/wp-content\/uploads\/2017\/02\/architecte-vanderlinden-xavier-salon-1024x768.jpg 1024w, https:\/\/www.xvdl.be\/wp-content\/uploads\/2017\/02\/architecte-vanderlinden-xavier-salon-200x150.jpg 200w\" sizes=\"auto, (max-width: 1200px) 100vw, 1200px\" \/><\/a><\/figure>\n\n\n\n<figure class=\"wp-block-image size-large\"><a href=\"https:\/\/www.xvdl.be\/wp-content\/uploads\/2022\/09\/1-salle-a-manger-eetplaats.jpg\"><img loading=\"lazy\" decoding=\"async\" width=\"1024\" height=\"768\" data-id=\"2516\" src=\"https:\/\/www.xvdl.be\/wp-content\/uploads\/2022\/09\/1-salle-a-manger-eetplaats-1024x768.jpg\" alt=\"\" class=\"wp-image-2516\" srcset=\"https:\/\/www.xvdl.be\/wp-content\/uploads\/2022\/09\/1-salle-a-manger-eetplaats-1024x768.jpg 1024w, https:\/\/www.xvdl.be\/wp-content\/uploads\/2022\/09\/1-salle-a-manger-eetplaats-300x225.jpg 300w, https:\/\/www.xvdl.be\/wp-content\/uploads\/2022\/09\/1-salle-a-manger-eetplaats-768x576.jpg 768w, https:\/\/www.xvdl.be\/wp-content\/uploads\/2022\/09\/1-salle-a-manger-eetplaats-1536x1152.jpg 1536w, https:\/\/www.xvdl.be\/wp-content\/uploads\/2022\/09\/1-salle-a-manger-eetplaats.jpg 1600w\" sizes=\"auto, (max-width: 1024px) 100vw, 1024px\" \/><\/a><\/figure>\n\n\n\n<figure class=\"wp-block-image size-large\"><a href=\"https:\/\/www.xvdl.be\/wp-content\/uploads\/2022\/09\/2-xavier-vanderlinden-zithoek-zoute-knokke.jpg\"><img loading=\"lazy\" decoding=\"async\" width=\"1024\" height=\"768\" data-id=\"2512\" src=\"https:\/\/www.xvdl.be\/wp-content\/uploads\/2022\/09\/2-xavier-vanderlinden-zithoek-zoute-knokke-1024x768.jpg\" alt=\"\" class=\"wp-image-2512\" srcset=\"https:\/\/www.xvdl.be\/wp-content\/uploads\/2022\/09\/2-xavier-vanderlinden-zithoek-zoute-knokke-1024x768.jpg 1024w, https:\/\/www.xvdl.be\/wp-content\/uploads\/2022\/09\/2-xavier-vanderlinden-zithoek-zoute-knokke-300x225.jpg 300w, https:\/\/www.xvdl.be\/wp-content\/uploads\/2022\/09\/2-xavier-vanderlinden-zithoek-zoute-knokke-768x576.jpg 768w, https:\/\/www.xvdl.be\/wp-content\/uploads\/2022\/09\/2-xavier-vanderlinden-zithoek-zoute-knokke-1536x1152.jpg 1536w, https:\/\/www.xvdl.be\/wp-content\/uploads\/2022\/09\/2-xavier-vanderlinden-zithoek-zoute-knokke.jpg 1600w\" sizes=\"auto, (max-width: 1024px) 100vw, 1024px\" \/><\/a><\/figure>\n\n\n\n<figure class=\"wp-block-image size-large\"><a href=\"https:\/\/www.xvdl.be\/wp-content\/uploads\/2022\/09\/3-xavier-vanderlinden-keuken-zoute-knokke.jpg\"><img loading=\"lazy\" decoding=\"async\" width=\"1024\" height=\"760\" data-id=\"2514\" src=\"https:\/\/www.xvdl.be\/wp-content\/uploads\/2022\/09\/3-xavier-vanderlinden-keuken-zoute-knokke-1024x760.jpg\" alt=\"\" class=\"wp-image-2514\" srcset=\"https:\/\/www.xvdl.be\/wp-content\/uploads\/2022\/09\/3-xavier-vanderlinden-keuken-zoute-knokke-1024x760.jpg 1024w, https:\/\/www.xvdl.be\/wp-content\/uploads\/2022\/09\/3-xavier-vanderlinden-keuken-zoute-knokke-300x223.jpg 300w, https:\/\/www.xvdl.be\/wp-content\/uploads\/2022\/09\/3-xavier-vanderlinden-keuken-zoute-knokke-768x570.jpg 768w, https:\/\/www.xvdl.be\/wp-content\/uploads\/2022\/09\/3-xavier-vanderlinden-keuken-zoute-knokke-1536x1140.jpg 1536w, https:\/\/www.xvdl.be\/wp-content\/uploads\/2022\/09\/3-xavier-vanderlinden-keuken-zoute-knokke.jpg 1600w\" sizes=\"auto, (max-width: 1024px) 100vw, 1024px\" \/><\/a><\/figure>\n\n\n\n<figure class=\"wp-block-image size-large\"><a href=\"https:\/\/www.xvdl.be\/wp-content\/uploads\/2022\/09\/4-xavier-vanderlinden-stalen-deuren-zoute-knokke.jpg\"><img loading=\"lazy\" decoding=\"async\" width=\"768\" height=\"1024\" data-id=\"2520\" src=\"https:\/\/www.xvdl.be\/wp-content\/uploads\/2022\/09\/4-xavier-vanderlinden-stalen-deuren-zoute-knokke-768x1024.jpg\" alt=\"\" class=\"wp-image-2520\" srcset=\"https:\/\/www.xvdl.be\/wp-content\/uploads\/2022\/09\/4-xavier-vanderlinden-stalen-deuren-zoute-knokke-768x1024.jpg 768w, https:\/\/www.xvdl.be\/wp-content\/uploads\/2022\/09\/4-xavier-vanderlinden-stalen-deuren-zoute-knokke-225x300.jpg 225w, https:\/\/www.xvdl.be\/wp-content\/uploads\/2022\/09\/4-xavier-vanderlinden-stalen-deuren-zoute-knokke.jpg 900w\" sizes=\"auto, (max-width: 768px) 100vw, 768px\" \/><\/a><\/figure>\n\n\n\n<figure class=\"wp-block-image size-large\"><a href=\"https:\/\/www.xvdl.be\/wp-content\/uploads\/2022\/09\/5-xavier-vanderlinden-stalen-deuren-zoute-knokke.jpg\"><img loading=\"lazy\" decoding=\"async\" width=\"596\" height=\"1024\" data-id=\"2518\" src=\"https:\/\/www.xvdl.be\/wp-content\/uploads\/2022\/09\/5-xavier-vanderlinden-stalen-deuren-zoute-knokke-596x1024.jpg\" alt=\"\" class=\"wp-image-2518\" srcset=\"https:\/\/www.xvdl.be\/wp-content\/uploads\/2022\/09\/5-xavier-vanderlinden-stalen-deuren-zoute-knokke-596x1024.jpg 596w, https:\/\/www.xvdl.be\/wp-content\/uploads\/2022\/09\/5-xavier-vanderlinden-stalen-deuren-zoute-knokke-175x300.jpg 175w, https:\/\/www.xvdl.be\/wp-content\/uploads\/2022\/09\/5-xavier-vanderlinden-stalen-deuren-zoute-knokke.jpg 698w\" sizes=\"auto, (max-width: 596px) 100vw, 596px\" \/><\/a><\/figure>\n<\/figure>\n","protected":false},"excerpt":{"rendered":"<p>Avec une vue d\u00e9gag\u00e9e sur les polders, cette villa de vill\u00e9giature a \u00e9t\u00e9 compl\u00e8tement r\u00e9am\u00e9nag\u00e9e \u00e0&#8230; <span class=\"moreLink\"><a href=\"https:\/\/www.xvdl.be\/fr\/nos_realisations\/transformation-dune-villa-zoute-knokke\/\">+<\/a><\/span><\/p>\n","protected":false},"featured_media":2205,"template":"","categories":[11],"tags":[],"class_list":["post-2197","our_realisations","type-our_realisations","status-publish","has-post-thumbnail","hentry","category-renovation","clients-vleurinck-zoute"],"acf":[],"yoast_head":"<!-- This site is optimized with the Yoast SEO plugin v27.5 - https:\/\/yoast.com\/product\/yoast-seo-wordpress\/ -->\n<title>transformation d\u2019une villa au Zoute-Knokke - Xavier Vanderlinden Architecte<\/title>\n<meta name=\"robots\" content=\"index, follow, max-snippet:-1, max-image-preview:large, max-video-preview:-1\" \/>\n<link rel=\"canonical\" href=\"https:\/\/www.xvdl.be\/fr\/nos_realisations\/transformation-dune-villa-zoute-knokke\/\" \/>\n<meta property=\"og:locale\" content=\"fr_FR\" \/>\n<meta property=\"og:type\" content=\"article\" \/>\n<meta property=\"og:title\" content=\"transformation d\u2019une villa au Zoute-Knokke - Xavier Vanderlinden Architecte\" \/>\n<meta property=\"og:description\" content=\"Avec une vue d\u00e9gag\u00e9e sur les polders, cette villa de vill\u00e9giature a \u00e9t\u00e9 compl\u00e8tement r\u00e9am\u00e9nag\u00e9e \u00e0... +\" \/>\n<meta property=\"og:url\" content=\"https:\/\/www.xvdl.be\/fr\/nos_realisations\/transformation-dune-villa-zoute-knokke\/\" \/>\n<meta property=\"og:site_name\" content=\"Xavier Vanderlinden Architecte\" \/>\n<meta property=\"article:modified_time\" content=\"2022-09-07T09:24:40+00:00\" \/>\n<meta property=\"og:image\" content=\"https:\/\/www.xvdl.be\/wp-content\/uploads\/2017\/02\/xavier-vanderlinden-knokke-zoute.jpg\" \/>\n\t<meta property=\"og:image:width\" content=\"1200\" \/>\n\t<meta property=\"og:image:height\" content=\"900\" \/>\n\t<meta property=\"og:image:type\" content=\"image\/jpeg\" \/>\n<meta name=\"twitter:label1\" content=\"Dur\u00e9e de lecture estim\u00e9e\" \/>\n\t<meta name=\"twitter:data1\" content=\"5 minutes\" \/>\n<script type=\"application\/ld+json\" class=\"yoast-schema-graph\">{\"@context\":\"https:\\\/\\\/schema.org\",\"@graph\":[{\"@type\":\"WebPage\",\"@id\":\"https:\\\/\\\/www.xvdl.be\\\/fr\\\/nos_realisations\\\/transformation-dune-villa-zoute-knokke\\\/\",\"url\":\"https:\\\/\\\/www.xvdl.be\\\/fr\\\/nos_realisations\\\/transformation-dune-villa-zoute-knokke\\\/\",\"name\":\"transformation d\u2019une villa au Zoute-Knokke - Xavier Vanderlinden Architecte\",\"isPartOf\":{\"@id\":\"https:\\\/\\\/www.xvdl.be\\\/fr\\\/#website\"},\"primaryImageOfPage\":{\"@id\":\"https:\\\/\\\/www.xvdl.be\\\/fr\\\/nos_realisations\\\/transformation-dune-villa-zoute-knokke\\\/#primaryimage\"},\"image\":{\"@id\":\"https:\\\/\\\/www.xvdl.be\\\/fr\\\/nos_realisations\\\/transformation-dune-villa-zoute-knokke\\\/#primaryimage\"},\"thumbnailUrl\":\"https:\\\/\\\/www.xvdl.be\\\/wp-content\\\/uploads\\\/2017\\\/02\\\/xavier-vanderlinden-knokke-zoute.jpg\",\"datePublished\":\"2017-02-22T09:37:10+00:00\",\"dateModified\":\"2022-09-07T09:24:40+00:00\",\"breadcrumb\":{\"@id\":\"https:\\\/\\\/www.xvdl.be\\\/fr\\\/nos_realisations\\\/transformation-dune-villa-zoute-knokke\\\/#breadcrumb\"},\"inLanguage\":\"fr-FR\",\"potentialAction\":[{\"@type\":\"ReadAction\",\"target\":[\"https:\\\/\\\/www.xvdl.be\\\/fr\\\/nos_realisations\\\/transformation-dune-villa-zoute-knokke\\\/\"]}]},{\"@type\":\"ImageObject\",\"inLanguage\":\"fr-FR\",\"@id\":\"https:\\\/\\\/www.xvdl.be\\\/fr\\\/nos_realisations\\\/transformation-dune-villa-zoute-knokke\\\/#primaryimage\",\"url\":\"https:\\\/\\\/www.xvdl.be\\\/wp-content\\\/uploads\\\/2017\\\/02\\\/xavier-vanderlinden-knokke-zoute.jpg\",\"contentUrl\":\"https:\\\/\\\/www.xvdl.be\\\/wp-content\\\/uploads\\\/2017\\\/02\\\/xavier-vanderlinden-knokke-zoute.jpg\",\"width\":1200,\"height\":900},{\"@type\":\"BreadcrumbList\",\"@id\":\"https:\\\/\\\/www.xvdl.be\\\/fr\\\/nos_realisations\\\/transformation-dune-villa-zoute-knokke\\\/#breadcrumb\",\"itemListElement\":[{\"@type\":\"ListItem\",\"position\":1,\"name\":\"Home\",\"item\":\"https:\\\/\\\/www.xvdl.be\\\/fr\\\/\"},{\"@type\":\"ListItem\",\"position\":2,\"name\":\"R\u00e9alisations\",\"item\":\"https:\\\/\\\/www.xvdl.be\\\/fr\\\/nos_realisations\\\/\"},{\"@type\":\"ListItem\",\"position\":3,\"name\":\"transformation d\u2019une villa au Zoute-Knokke\"}]},{\"@type\":\"WebSite\",\"@id\":\"https:\\\/\\\/www.xvdl.be\\\/fr\\\/#website\",\"url\":\"https:\\\/\\\/www.xvdl.be\\\/fr\\\/\",\"name\":\"Xavier Vanderlinden Architecte\",\"description\":\"Bureau d&#039;\u00e9tude en architecture classique et contemporaine\",\"publisher\":{\"@id\":\"https:\\\/\\\/www.xvdl.be\\\/fr\\\/#organization\"},\"potentialAction\":[{\"@type\":\"SearchAction\",\"target\":{\"@type\":\"EntryPoint\",\"urlTemplate\":\"https:\\\/\\\/www.xvdl.be\\\/fr\\\/?s={search_term_string}\"},\"query-input\":{\"@type\":\"PropertyValueSpecification\",\"valueRequired\":true,\"valueName\":\"search_term_string\"}}],\"inLanguage\":\"fr-FR\"},{\"@type\":\"Organization\",\"@id\":\"https:\\\/\\\/www.xvdl.be\\\/fr\\\/#organization\",\"name\":\"Xavier Vanderlinden Architecte\",\"url\":\"https:\\\/\\\/www.xvdl.be\\\/fr\\\/\",\"logo\":{\"@type\":\"ImageObject\",\"inLanguage\":\"fr-FR\",\"@id\":\"https:\\\/\\\/www.xvdl.be\\\/fr\\\/#\\\/schema\\\/logo\\\/image\\\/\",\"url\":\"https:\\\/\\\/www.xvdl.be\\\/wp-content\\\/uploads\\\/2022\\\/08\\\/XVDL_fb-image.jpg\",\"contentUrl\":\"https:\\\/\\\/www.xvdl.be\\\/wp-content\\\/uploads\\\/2022\\\/08\\\/XVDL_fb-image.jpg\",\"width\":1200,\"height\":630,\"caption\":\"Xavier Vanderlinden Architecte\"},\"image\":{\"@id\":\"https:\\\/\\\/www.xvdl.be\\\/fr\\\/#\\\/schema\\\/logo\\\/image\\\/\"}}]}<\/script>\n<!-- \/ Yoast SEO plugin. -->","yoast_head_json":{"title":"transformation d\u2019une villa au Zoute-Knokke - Xavier Vanderlinden Architecte","robots":{"index":"index","follow":"follow","max-snippet":"max-snippet:-1","max-image-preview":"max-image-preview:large","max-video-preview":"max-video-preview:-1"},"canonical":"https:\/\/www.xvdl.be\/fr\/nos_realisations\/transformation-dune-villa-zoute-knokke\/","og_locale":"fr_FR","og_type":"article","og_title":"transformation d\u2019une villa au Zoute-Knokke - Xavier Vanderlinden Architecte","og_description":"Avec une vue d\u00e9gag\u00e9e sur les polders, cette villa de vill\u00e9giature a \u00e9t\u00e9 compl\u00e8tement r\u00e9am\u00e9nag\u00e9e \u00e0... +","og_url":"https:\/\/www.xvdl.be\/fr\/nos_realisations\/transformation-dune-villa-zoute-knokke\/","og_site_name":"Xavier Vanderlinden Architecte","article_modified_time":"2022-09-07T09:24:40+00:00","og_image":[{"width":1200,"height":900,"url":"https:\/\/www.xvdl.be\/wp-content\/uploads\/2017\/02\/xavier-vanderlinden-knokke-zoute.jpg","type":"image\/jpeg"}],"twitter_misc":{"Dur\u00e9e de lecture estim\u00e9e":"5 minutes"},"schema":{"@context":"https:\/\/schema.org","@graph":[{"@type":"WebPage","@id":"https:\/\/www.xvdl.be\/fr\/nos_realisations\/transformation-dune-villa-zoute-knokke\/","url":"https:\/\/www.xvdl.be\/fr\/nos_realisations\/transformation-dune-villa-zoute-knokke\/","name":"transformation d\u2019une villa au Zoute-Knokke - Xavier Vanderlinden Architecte","isPartOf":{"@id":"https:\/\/www.xvdl.be\/fr\/#website"},"primaryImageOfPage":{"@id":"https:\/\/www.xvdl.be\/fr\/nos_realisations\/transformation-dune-villa-zoute-knokke\/#primaryimage"},"image":{"@id":"https:\/\/www.xvdl.be\/fr\/nos_realisations\/transformation-dune-villa-zoute-knokke\/#primaryimage"},"thumbnailUrl":"https:\/\/www.xvdl.be\/wp-content\/uploads\/2017\/02\/xavier-vanderlinden-knokke-zoute.jpg","datePublished":"2017-02-22T09:37:10+00:00","dateModified":"2022-09-07T09:24:40+00:00","breadcrumb":{"@id":"https:\/\/www.xvdl.be\/fr\/nos_realisations\/transformation-dune-villa-zoute-knokke\/#breadcrumb"},"inLanguage":"fr-FR","potentialAction":[{"@type":"ReadAction","target":["https:\/\/www.xvdl.be\/fr\/nos_realisations\/transformation-dune-villa-zoute-knokke\/"]}]},{"@type":"ImageObject","inLanguage":"fr-FR","@id":"https:\/\/www.xvdl.be\/fr\/nos_realisations\/transformation-dune-villa-zoute-knokke\/#primaryimage","url":"https:\/\/www.xvdl.be\/wp-content\/uploads\/2017\/02\/xavier-vanderlinden-knokke-zoute.jpg","contentUrl":"https:\/\/www.xvdl.be\/wp-content\/uploads\/2017\/02\/xavier-vanderlinden-knokke-zoute.jpg","width":1200,"height":900},{"@type":"BreadcrumbList","@id":"https:\/\/www.xvdl.be\/fr\/nos_realisations\/transformation-dune-villa-zoute-knokke\/#breadcrumb","itemListElement":[{"@type":"ListItem","position":1,"name":"Home","item":"https:\/\/www.xvdl.be\/fr\/"},{"@type":"ListItem","position":2,"name":"R\u00e9alisations","item":"https:\/\/www.xvdl.be\/fr\/nos_realisations\/"},{"@type":"ListItem","position":3,"name":"transformation d\u2019une villa au Zoute-Knokke"}]},{"@type":"WebSite","@id":"https:\/\/www.xvdl.be\/fr\/#website","url":"https:\/\/www.xvdl.be\/fr\/","name":"Xavier Vanderlinden Architecte","description":"Bureau d&#039;\u00e9tude en architecture classique et contemporaine","publisher":{"@id":"https:\/\/www.xvdl.be\/fr\/#organization"},"potentialAction":[{"@type":"SearchAction","target":{"@type":"EntryPoint","urlTemplate":"https:\/\/www.xvdl.be\/fr\/?s={search_term_string}"},"query-input":{"@type":"PropertyValueSpecification","valueRequired":true,"valueName":"search_term_string"}}],"inLanguage":"fr-FR"},{"@type":"Organization","@id":"https:\/\/www.xvdl.be\/fr\/#organization","name":"Xavier Vanderlinden Architecte","url":"https:\/\/www.xvdl.be\/fr\/","logo":{"@type":"ImageObject","inLanguage":"fr-FR","@id":"https:\/\/www.xvdl.be\/fr\/#\/schema\/logo\/image\/","url":"https:\/\/www.xvdl.be\/wp-content\/uploads\/2022\/08\/XVDL_fb-image.jpg","contentUrl":"https:\/\/www.xvdl.be\/wp-content\/uploads\/2022\/08\/XVDL_fb-image.jpg","width":1200,"height":630,"caption":"Xavier Vanderlinden Architecte"},"image":{"@id":"https:\/\/www.xvdl.be\/fr\/#\/schema\/logo\/image\/"}}]}},"_links":{"self":[{"href":"https:\/\/www.xvdl.be\/fr\/wp-json\/wp\/v2\/our_realisations\/2197","targetHints":{"allow":["GET"]}}],"collection":[{"href":"https:\/\/www.xvdl.be\/fr\/wp-json\/wp\/v2\/our_realisations"}],"about":[{"href":"https:\/\/www.xvdl.be\/fr\/wp-json\/wp\/v2\/types\/our_realisations"}],"wp:featuredmedia":[{"embeddable":true,"href":"https:\/\/www.xvdl.be\/fr\/wp-json\/wp\/v2\/media\/2205"}],"wp:attachment":[{"href":"https:\/\/www.xvdl.be\/fr\/wp-json\/wp\/v2\/media?parent=2197"}],"wp:term":[{"taxonomy":"category","embeddable":true,"href":"https:\/\/www.xvdl.be\/fr\/wp-json\/wp\/v2\/categories?post=2197"},{"taxonomy":"post_tag","embeddable":true,"href":"https:\/\/www.xvdl.be\/fr\/wp-json\/wp\/v2\/tags?post=2197"}],"curies":[{"name":"wp","href":"https:\/\/api.w.org\/{rel}","templated":true}]}}