{"id":2189,"date":"2017-02-22T07:35:11","date_gmt":"2017-02-22T06:35:11","guid":{"rendered":"https:\/\/www.xvdl.be\/?post_type=our_realisations&#038;p=2189\/"},"modified":"2022-08-16T16:50:55","modified_gmt":"2022-08-16T14:50:55","slug":"construction-dune-villa-trois-facades","status":"publish","type":"our_realisations","link":"https:\/\/www.xvdl.be\/fr\/nos_realisations\/construction-dune-villa-trois-facades\/","title":{"rendered":"Construction d\u2019une villa trois fa\u00e7ades"},"content":{"rendered":"\n<p>Situ\u00e9 en plein centre de Watermael-Boitsfort, Rue des Epecias<\/p>\n\n\n\n<p>Construction \u00e9rig\u00e9e avec brique de terre cuite, bandeaux avec enduits<\/p>\n\n\n\n<figure class=\"wp-block-gallery has-nested-images columns-2 is-cropped wp-block-gallery-1 is-layout-flex wp-block-gallery-is-layout-flex\">\n<figure class=\"wp-block-image size-large\"><a href=\"https:\/\/www.xvdl.be\/wp-content\/uploads\/2017\/02\/Watermael-boitsfort-architect-xavier-vanderlinden.jpg\"><img loading=\"lazy\" decoding=\"async\" width=\"1200\" height=\"900\" data-id=\"2193\" src=\"https:\/\/www.xvdl.be\/wp-content\/uploads\/2017\/02\/Watermael-boitsfort-architect-xavier-vanderlinden.jpg\" alt=\"\" class=\"wp-image-2193\" srcset=\"https:\/\/www.xvdl.be\/wp-content\/uploads\/2017\/02\/Watermael-boitsfort-architect-xavier-vanderlinden.jpg 1200w, https:\/\/www.xvdl.be\/wp-content\/uploads\/2017\/02\/Watermael-boitsfort-architect-xavier-vanderlinden-300x225.jpg 300w, https:\/\/www.xvdl.be\/wp-content\/uploads\/2017\/02\/Watermael-boitsfort-architect-xavier-vanderlinden-768x576.jpg 768w, https:\/\/www.xvdl.be\/wp-content\/uploads\/2017\/02\/Watermael-boitsfort-architect-xavier-vanderlinden-1024x768.jpg 1024w, https:\/\/www.xvdl.be\/wp-content\/uploads\/2017\/02\/Watermael-boitsfort-architect-xavier-vanderlinden-200x150.jpg 200w\" sizes=\"auto, (max-width: 1200px) 100vw, 1200px\" \/><\/a><\/figure>\n\n\n\n<figure class=\"wp-block-image size-large\"><a href=\"https:\/\/www.xvdl.be\/wp-content\/uploads\/2017\/02\/Watermaal-Bosvoorde-xavier-vanderlinden-brussel.jpg\"><img loading=\"lazy\" decoding=\"async\" width=\"900\" height=\"1200\" data-id=\"2192\" src=\"https:\/\/www.xvdl.be\/wp-content\/uploads\/2017\/02\/Watermaal-Bosvoorde-xavier-vanderlinden-brussel.jpg\" alt=\"\" class=\"wp-image-2192\" srcset=\"https:\/\/www.xvdl.be\/wp-content\/uploads\/2017\/02\/Watermaal-Bosvoorde-xavier-vanderlinden-brussel.jpg 900w, https:\/\/www.xvdl.be\/wp-content\/uploads\/2017\/02\/Watermaal-Bosvoorde-xavier-vanderlinden-brussel-225x300.jpg 225w, https:\/\/www.xvdl.be\/wp-content\/uploads\/2017\/02\/Watermaal-Bosvoorde-xavier-vanderlinden-brussel-768x1024.jpg 768w\" sizes=\"auto, (max-width: 900px) 100vw, 900px\" \/><\/a><\/figure>\n\n\n\n<figure class=\"wp-block-image size-large\"><a href=\"https:\/\/www.xvdl.be\/wp-content\/uploads\/2017\/02\/bruxelles-architecte-xavier-vanderlinden.jpg\"><img loading=\"lazy\" decoding=\"async\" width=\"1200\" height=\"900\" data-id=\"2191\" src=\"https:\/\/www.xvdl.be\/wp-content\/uploads\/2017\/02\/bruxelles-architecte-xavier-vanderlinden.jpg\" alt=\"\" class=\"wp-image-2191\" srcset=\"https:\/\/www.xvdl.be\/wp-content\/uploads\/2017\/02\/bruxelles-architecte-xavier-vanderlinden.jpg 1200w, https:\/\/www.xvdl.be\/wp-content\/uploads\/2017\/02\/bruxelles-architecte-xavier-vanderlinden-300x225.jpg 300w, https:\/\/www.xvdl.be\/wp-content\/uploads\/2017\/02\/bruxelles-architecte-xavier-vanderlinden-768x576.jpg 768w, https:\/\/www.xvdl.be\/wp-content\/uploads\/2017\/02\/bruxelles-architecte-xavier-vanderlinden-1024x768.jpg 1024w, https:\/\/www.xvdl.be\/wp-content\/uploads\/2017\/02\/bruxelles-architecte-xavier-vanderlinden-200x150.jpg 200w\" sizes=\"auto, (max-width: 1200px) 100vw, 1200px\" \/><\/a><\/figure>\n\n\n\n<figure class=\"wp-block-image size-large\"><a href=\"https:\/\/www.xvdl.be\/wp-content\/uploads\/2017\/02\/architectes-batisseurs-xavier-vanderlinden-watermael-bosvoorde.jpg\"><img loading=\"lazy\" decoding=\"async\" width=\"1200\" height=\"769\" data-id=\"2190\" src=\"https:\/\/www.xvdl.be\/wp-content\/uploads\/2017\/02\/architectes-batisseurs-xavier-vanderlinden-watermael-bosvoorde.jpg\" alt=\"\" class=\"wp-image-2190\" srcset=\"https:\/\/www.xvdl.be\/wp-content\/uploads\/2017\/02\/architectes-batisseurs-xavier-vanderlinden-watermael-bosvoorde.jpg 1200w, https:\/\/www.xvdl.be\/wp-content\/uploads\/2017\/02\/architectes-batisseurs-xavier-vanderlinden-watermael-bosvoorde-300x192.jpg 300w, https:\/\/www.xvdl.be\/wp-content\/uploads\/2017\/02\/architectes-batisseurs-xavier-vanderlinden-watermael-bosvoorde-768x492.jpg 768w, https:\/\/www.xvdl.be\/wp-content\/uploads\/2017\/02\/architectes-batisseurs-xavier-vanderlinden-watermael-bosvoorde-1024x656.jpg 1024w\" sizes=\"auto, (max-width: 1200px) 100vw, 1200px\" \/><\/a><\/figure>\n<\/figure>\n","protected":false},"excerpt":{"rendered":"<p>Situ\u00e9 en plein centre de Watermael-Boitsfort, Rue des Epecias Construction \u00e9rig\u00e9e avec brique de terre cuite,&#8230; <span class=\"moreLink\"><a href=\"https:\/\/www.xvdl.be\/fr\/nos_realisations\/construction-dune-villa-trois-facades\/\">+<\/a><\/span><\/p>\n","protected":false},"featured_media":2190,"template":"","categories":[38],"tags":[],"class_list":["post-2189","our_realisations","type-our_realisations","status-publish","has-post-thumbnail","hentry","category-construction","clients-kesteloot"],"acf":[],"yoast_head":"<!-- This site is optimized with the Yoast SEO plugin v27.5 - https:\/\/yoast.com\/product\/yoast-seo-wordpress\/ -->\n<title>Construction d\u2019une villa trois fa\u00e7ades - Xavier Vanderlinden Architecte<\/title>\n<meta name=\"robots\" content=\"index, follow, max-snippet:-1, max-image-preview:large, max-video-preview:-1\" \/>\n<link rel=\"canonical\" href=\"https:\/\/www.xvdl.be\/fr\/nos_realisations\/construction-dune-villa-trois-facades\/\" \/>\n<meta property=\"og:locale\" content=\"fr_FR\" \/>\n<meta property=\"og:type\" content=\"article\" \/>\n<meta property=\"og:title\" content=\"Construction d\u2019une villa trois fa\u00e7ades - Xavier Vanderlinden Architecte\" \/>\n<meta property=\"og:description\" content=\"Situ\u00e9 en plein centre de Watermael-Boitsfort, Rue des Epecias Construction \u00e9rig\u00e9e avec brique de terre cuite,... +\" \/>\n<meta property=\"og:url\" content=\"https:\/\/www.xvdl.be\/fr\/nos_realisations\/construction-dune-villa-trois-facades\/\" \/>\n<meta property=\"og:site_name\" content=\"Xavier Vanderlinden Architecte\" \/>\n<meta property=\"article:modified_time\" content=\"2022-08-16T14:50:55+00:00\" \/>\n<meta property=\"og:image\" content=\"https:\/\/www.xvdl.be\/wp-content\/uploads\/2017\/02\/architectes-batisseurs-xavier-vanderlinden-watermael-bosvoorde.jpg\" \/>\n\t<meta property=\"og:image:width\" content=\"1200\" \/>\n\t<meta property=\"og:image:height\" content=\"769\" \/>\n\t<meta property=\"og:image:type\" content=\"image\/jpeg\" \/>\n<meta name=\"twitter:label1\" content=\"Dur\u00e9e de lecture estim\u00e9e\" \/>\n\t<meta name=\"twitter:data1\" content=\"1 minute\" \/>\n<script type=\"application\/ld+json\" class=\"yoast-schema-graph\">{\"@context\":\"https:\\\/\\\/schema.org\",\"@graph\":[{\"@type\":\"WebPage\",\"@id\":\"https:\\\/\\\/www.xvdl.be\\\/fr\\\/nos_realisations\\\/construction-dune-villa-trois-facades\\\/\",\"url\":\"https:\\\/\\\/www.xvdl.be\\\/fr\\\/nos_realisations\\\/construction-dune-villa-trois-facades\\\/\",\"name\":\"Construction d\u2019une villa trois fa\u00e7ades - Xavier Vanderlinden Architecte\",\"isPartOf\":{\"@id\":\"https:\\\/\\\/www.xvdl.be\\\/fr\\\/#website\"},\"primaryImageOfPage\":{\"@id\":\"https:\\\/\\\/www.xvdl.be\\\/fr\\\/nos_realisations\\\/construction-dune-villa-trois-facades\\\/#primaryimage\"},\"image\":{\"@id\":\"https:\\\/\\\/www.xvdl.be\\\/fr\\\/nos_realisations\\\/construction-dune-villa-trois-facades\\\/#primaryimage\"},\"thumbnailUrl\":\"https:\\\/\\\/www.xvdl.be\\\/wp-content\\\/uploads\\\/2017\\\/02\\\/architectes-batisseurs-xavier-vanderlinden-watermael-bosvoorde.jpg\",\"datePublished\":\"2017-02-22T06:35:11+00:00\",\"dateModified\":\"2022-08-16T14:50:55+00:00\",\"breadcrumb\":{\"@id\":\"https:\\\/\\\/www.xvdl.be\\\/fr\\\/nos_realisations\\\/construction-dune-villa-trois-facades\\\/#breadcrumb\"},\"inLanguage\":\"fr-FR\",\"potentialAction\":[{\"@type\":\"ReadAction\",\"target\":[\"https:\\\/\\\/www.xvdl.be\\\/fr\\\/nos_realisations\\\/construction-dune-villa-trois-facades\\\/\"]}]},{\"@type\":\"ImageObject\",\"inLanguage\":\"fr-FR\",\"@id\":\"https:\\\/\\\/www.xvdl.be\\\/fr\\\/nos_realisations\\\/construction-dune-villa-trois-facades\\\/#primaryimage\",\"url\":\"https:\\\/\\\/www.xvdl.be\\\/wp-content\\\/uploads\\\/2017\\\/02\\\/architectes-batisseurs-xavier-vanderlinden-watermael-bosvoorde.jpg\",\"contentUrl\":\"https:\\\/\\\/www.xvdl.be\\\/wp-content\\\/uploads\\\/2017\\\/02\\\/architectes-batisseurs-xavier-vanderlinden-watermael-bosvoorde.jpg\",\"width\":1200,\"height\":769},{\"@type\":\"BreadcrumbList\",\"@id\":\"https:\\\/\\\/www.xvdl.be\\\/fr\\\/nos_realisations\\\/construction-dune-villa-trois-facades\\\/#breadcrumb\",\"itemListElement\":[{\"@type\":\"ListItem\",\"position\":1,\"name\":\"Home\",\"item\":\"https:\\\/\\\/www.xvdl.be\\\/fr\\\/\"},{\"@type\":\"ListItem\",\"position\":2,\"name\":\"R\u00e9alisations\",\"item\":\"https:\\\/\\\/www.xvdl.be\\\/fr\\\/nos_realisations\\\/\"},{\"@type\":\"ListItem\",\"position\":3,\"name\":\"Construction d\u2019une villa trois fa\u00e7ades\"}]},{\"@type\":\"WebSite\",\"@id\":\"https:\\\/\\\/www.xvdl.be\\\/fr\\\/#website\",\"url\":\"https:\\\/\\\/www.xvdl.be\\\/fr\\\/\",\"name\":\"Xavier Vanderlinden Architecte\",\"description\":\"Bureau d&#039;\u00e9tude en architecture classique et contemporaine\",\"publisher\":{\"@id\":\"https:\\\/\\\/www.xvdl.be\\\/fr\\\/#organization\"},\"potentialAction\":[{\"@type\":\"SearchAction\",\"target\":{\"@type\":\"EntryPoint\",\"urlTemplate\":\"https:\\\/\\\/www.xvdl.be\\\/fr\\\/?s={search_term_string}\"},\"query-input\":{\"@type\":\"PropertyValueSpecification\",\"valueRequired\":true,\"valueName\":\"search_term_string\"}}],\"inLanguage\":\"fr-FR\"},{\"@type\":\"Organization\",\"@id\":\"https:\\\/\\\/www.xvdl.be\\\/fr\\\/#organization\",\"name\":\"Xavier Vanderlinden Architecte\",\"url\":\"https:\\\/\\\/www.xvdl.be\\\/fr\\\/\",\"logo\":{\"@type\":\"ImageObject\",\"inLanguage\":\"fr-FR\",\"@id\":\"https:\\\/\\\/www.xvdl.be\\\/fr\\\/#\\\/schema\\\/logo\\\/image\\\/\",\"url\":\"https:\\\/\\\/www.xvdl.be\\\/wp-content\\\/uploads\\\/2022\\\/08\\\/XVDL_fb-image.jpg\",\"contentUrl\":\"https:\\\/\\\/www.xvdl.be\\\/wp-content\\\/uploads\\\/2022\\\/08\\\/XVDL_fb-image.jpg\",\"width\":1200,\"height\":630,\"caption\":\"Xavier Vanderlinden Architecte\"},\"image\":{\"@id\":\"https:\\\/\\\/www.xvdl.be\\\/fr\\\/#\\\/schema\\\/logo\\\/image\\\/\"}}]}<\/script>\n<!-- \/ Yoast SEO plugin. -->","yoast_head_json":{"title":"Construction d\u2019une villa trois fa\u00e7ades - Xavier Vanderlinden Architecte","robots":{"index":"index","follow":"follow","max-snippet":"max-snippet:-1","max-image-preview":"max-image-preview:large","max-video-preview":"max-video-preview:-1"},"canonical":"https:\/\/www.xvdl.be\/fr\/nos_realisations\/construction-dune-villa-trois-facades\/","og_locale":"fr_FR","og_type":"article","og_title":"Construction d\u2019une villa trois fa\u00e7ades - Xavier Vanderlinden Architecte","og_description":"Situ\u00e9 en plein centre de Watermael-Boitsfort, Rue des Epecias Construction \u00e9rig\u00e9e avec brique de terre cuite,... +","og_url":"https:\/\/www.xvdl.be\/fr\/nos_realisations\/construction-dune-villa-trois-facades\/","og_site_name":"Xavier Vanderlinden Architecte","article_modified_time":"2022-08-16T14:50:55+00:00","og_image":[{"width":1200,"height":769,"url":"https:\/\/www.xvdl.be\/wp-content\/uploads\/2017\/02\/architectes-batisseurs-xavier-vanderlinden-watermael-bosvoorde.jpg","type":"image\/jpeg"}],"twitter_misc":{"Dur\u00e9e de lecture estim\u00e9e":"1 minute"},"schema":{"@context":"https:\/\/schema.org","@graph":[{"@type":"WebPage","@id":"https:\/\/www.xvdl.be\/fr\/nos_realisations\/construction-dune-villa-trois-facades\/","url":"https:\/\/www.xvdl.be\/fr\/nos_realisations\/construction-dune-villa-trois-facades\/","name":"Construction d\u2019une villa trois fa\u00e7ades - Xavier Vanderlinden Architecte","isPartOf":{"@id":"https:\/\/www.xvdl.be\/fr\/#website"},"primaryImageOfPage":{"@id":"https:\/\/www.xvdl.be\/fr\/nos_realisations\/construction-dune-villa-trois-facades\/#primaryimage"},"image":{"@id":"https:\/\/www.xvdl.be\/fr\/nos_realisations\/construction-dune-villa-trois-facades\/#primaryimage"},"thumbnailUrl":"https:\/\/www.xvdl.be\/wp-content\/uploads\/2017\/02\/architectes-batisseurs-xavier-vanderlinden-watermael-bosvoorde.jpg","datePublished":"2017-02-22T06:35:11+00:00","dateModified":"2022-08-16T14:50:55+00:00","breadcrumb":{"@id":"https:\/\/www.xvdl.be\/fr\/nos_realisations\/construction-dune-villa-trois-facades\/#breadcrumb"},"inLanguage":"fr-FR","potentialAction":[{"@type":"ReadAction","target":["https:\/\/www.xvdl.be\/fr\/nos_realisations\/construction-dune-villa-trois-facades\/"]}]},{"@type":"ImageObject","inLanguage":"fr-FR","@id":"https:\/\/www.xvdl.be\/fr\/nos_realisations\/construction-dune-villa-trois-facades\/#primaryimage","url":"https:\/\/www.xvdl.be\/wp-content\/uploads\/2017\/02\/architectes-batisseurs-xavier-vanderlinden-watermael-bosvoorde.jpg","contentUrl":"https:\/\/www.xvdl.be\/wp-content\/uploads\/2017\/02\/architectes-batisseurs-xavier-vanderlinden-watermael-bosvoorde.jpg","width":1200,"height":769},{"@type":"BreadcrumbList","@id":"https:\/\/www.xvdl.be\/fr\/nos_realisations\/construction-dune-villa-trois-facades\/#breadcrumb","itemListElement":[{"@type":"ListItem","position":1,"name":"Home","item":"https:\/\/www.xvdl.be\/fr\/"},{"@type":"ListItem","position":2,"name":"R\u00e9alisations","item":"https:\/\/www.xvdl.be\/fr\/nos_realisations\/"},{"@type":"ListItem","position":3,"name":"Construction d\u2019une villa trois fa\u00e7ades"}]},{"@type":"WebSite","@id":"https:\/\/www.xvdl.be\/fr\/#website","url":"https:\/\/www.xvdl.be\/fr\/","name":"Xavier Vanderlinden Architecte","description":"Bureau d&#039;\u00e9tude en architecture classique et contemporaine","publisher":{"@id":"https:\/\/www.xvdl.be\/fr\/#organization"},"potentialAction":[{"@type":"SearchAction","target":{"@type":"EntryPoint","urlTemplate":"https:\/\/www.xvdl.be\/fr\/?s={search_term_string}"},"query-input":{"@type":"PropertyValueSpecification","valueRequired":true,"valueName":"search_term_string"}}],"inLanguage":"fr-FR"},{"@type":"Organization","@id":"https:\/\/www.xvdl.be\/fr\/#organization","name":"Xavier Vanderlinden Architecte","url":"https:\/\/www.xvdl.be\/fr\/","logo":{"@type":"ImageObject","inLanguage":"fr-FR","@id":"https:\/\/www.xvdl.be\/fr\/#\/schema\/logo\/image\/","url":"https:\/\/www.xvdl.be\/wp-content\/uploads\/2022\/08\/XVDL_fb-image.jpg","contentUrl":"https:\/\/www.xvdl.be\/wp-content\/uploads\/2022\/08\/XVDL_fb-image.jpg","width":1200,"height":630,"caption":"Xavier Vanderlinden Architecte"},"image":{"@id":"https:\/\/www.xvdl.be\/fr\/#\/schema\/logo\/image\/"}}]}},"_links":{"self":[{"href":"https:\/\/www.xvdl.be\/fr\/wp-json\/wp\/v2\/our_realisations\/2189","targetHints":{"allow":["GET"]}}],"collection":[{"href":"https:\/\/www.xvdl.be\/fr\/wp-json\/wp\/v2\/our_realisations"}],"about":[{"href":"https:\/\/www.xvdl.be\/fr\/wp-json\/wp\/v2\/types\/our_realisations"}],"wp:featuredmedia":[{"embeddable":true,"href":"https:\/\/www.xvdl.be\/fr\/wp-json\/wp\/v2\/media\/2190"}],"wp:attachment":[{"href":"https:\/\/www.xvdl.be\/fr\/wp-json\/wp\/v2\/media?parent=2189"}],"wp:term":[{"taxonomy":"category","embeddable":true,"href":"https:\/\/www.xvdl.be\/fr\/wp-json\/wp\/v2\/categories?post=2189"},{"taxonomy":"post_tag","embeddable":true,"href":"https:\/\/www.xvdl.be\/fr\/wp-json\/wp\/v2\/tags?post=2189"}],"curies":[{"name":"wp","href":"https:\/\/api.w.org\/{rel}","templated":true}]}}