{"id":2093,"date":"2015-11-11T11:52:18","date_gmt":"2015-11-11T10:52:18","guid":{"rendered":"https:\/\/www.xvdl.be\/?post_type=our_realisations&#038;p=2093"},"modified":"2022-07-26T10:11:05","modified_gmt":"2022-07-26T08:11:05","slug":"la-ferme-et-son-colombier","status":"publish","type":"our_realisations","link":"https:\/\/www.xvdl.be\/fr\/nos_realisations\/la-ferme-et-son-colombier\/","title":{"rendered":"La ferme et son colombier"},"content":{"rendered":"\n<p>Une ferme en L dans le pays valonn\u00e9 de Feluy-Arquennes. La ferme a \u00e9t\u00e9 transform\u00e9e de fond en comble et sur les terrains en pente, orient\u00e9s plein ouest, les murs gouttereaux ont \u00e9t\u00e9 remplac\u00e9s par une large verri\u00e8re donnant vue sur un nouvel \u00e9tang et la cr\u00e9ation d&rsquo;un colombier.<\/p>\n\n\n\n<figure class=\"wp-block-gallery has-nested-images columns-default is-cropped wp-block-gallery-1 is-layout-flex wp-block-gallery-is-layout-flex\">\n<figure class=\"wp-block-image size-large\"><a href=\"https:\/\/www.xvdl.be\/wp-content\/uploads\/2015\/11\/etang_arquennes.jpg\"><img loading=\"lazy\" decoding=\"async\" width=\"1200\" height=\"900\" data-id=\"2107\" src=\"https:\/\/www.xvdl.be\/wp-content\/uploads\/2015\/11\/etang_arquennes.jpg\" alt=\"\" class=\"wp-image-2107\" srcset=\"https:\/\/www.xvdl.be\/wp-content\/uploads\/2015\/11\/etang_arquennes.jpg 1200w, https:\/\/www.xvdl.be\/wp-content\/uploads\/2015\/11\/etang_arquennes-300x225.jpg 300w, https:\/\/www.xvdl.be\/wp-content\/uploads\/2015\/11\/etang_arquennes-1024x768.jpg 1024w, https:\/\/www.xvdl.be\/wp-content\/uploads\/2015\/11\/etang_arquennes-200x150.jpg 200w\" sizes=\"auto, (max-width: 1200px) 100vw, 1200px\" \/><\/a><\/figure>\n\n\n\n<figure class=\"wp-block-image size-large\"><a href=\"https:\/\/www.xvdl.be\/wp-content\/uploads\/2015\/11\/vijver_leien.jpg\"><img loading=\"lazy\" decoding=\"async\" width=\"900\" height=\"1200\" data-id=\"2104\" src=\"https:\/\/www.xvdl.be\/wp-content\/uploads\/2015\/11\/vijver_leien.jpg\" alt=\"\" class=\"wp-image-2104\" srcset=\"https:\/\/www.xvdl.be\/wp-content\/uploads\/2015\/11\/vijver_leien.jpg 900w, https:\/\/www.xvdl.be\/wp-content\/uploads\/2015\/11\/vijver_leien-225x300.jpg 225w, https:\/\/www.xvdl.be\/wp-content\/uploads\/2015\/11\/vijver_leien-768x1024.jpg 768w\" sizes=\"auto, (max-width: 900px) 100vw, 900px\" \/><\/a><\/figure>\n\n\n\n<figure class=\"wp-block-image size-large\"><a href=\"https:\/\/www.xvdl.be\/wp-content\/uploads\/2015\/11\/puntgevel_breuksteen.jpg\"><img loading=\"lazy\" decoding=\"async\" width=\"1200\" height=\"900\" data-id=\"2102\" src=\"https:\/\/www.xvdl.be\/wp-content\/uploads\/2015\/11\/puntgevel_breuksteen.jpg\" alt=\"\" class=\"wp-image-2102\" srcset=\"https:\/\/www.xvdl.be\/wp-content\/uploads\/2015\/11\/puntgevel_breuksteen.jpg 1200w, https:\/\/www.xvdl.be\/wp-content\/uploads\/2015\/11\/puntgevel_breuksteen-300x225.jpg 300w, https:\/\/www.xvdl.be\/wp-content\/uploads\/2015\/11\/puntgevel_breuksteen-1024x768.jpg 1024w, https:\/\/www.xvdl.be\/wp-content\/uploads\/2015\/11\/puntgevel_breuksteen-200x150.jpg 200w\" sizes=\"auto, (max-width: 1200px) 100vw, 1200px\" \/><\/a><\/figure>\n\n\n\n<figure class=\"wp-block-image size-large\"><a href=\"https:\/\/www.xvdl.be\/wp-content\/uploads\/2015\/11\/duiventil_architect.jpg\"><img loading=\"lazy\" decoding=\"async\" width=\"900\" height=\"1200\" data-id=\"2098\" src=\"https:\/\/www.xvdl.be\/wp-content\/uploads\/2015\/11\/duiventil_architect.jpg\" alt=\"\" class=\"wp-image-2098\" srcset=\"https:\/\/www.xvdl.be\/wp-content\/uploads\/2015\/11\/duiventil_architect.jpg 900w, https:\/\/www.xvdl.be\/wp-content\/uploads\/2015\/11\/duiventil_architect-225x300.jpg 225w, https:\/\/www.xvdl.be\/wp-content\/uploads\/2015\/11\/duiventil_architect-768x1024.jpg 768w\" sizes=\"auto, (max-width: 900px) 100vw, 900px\" \/><\/a><\/figure>\n\n\n\n<figure class=\"wp-block-image size-large\"><a href=\"https:\/\/www.xvdl.be\/wp-content\/uploads\/2015\/11\/colombier_moellon_afzelia.jpg\"><img loading=\"lazy\" decoding=\"async\" width=\"900\" height=\"1200\" data-id=\"2096\" src=\"https:\/\/www.xvdl.be\/wp-content\/uploads\/2015\/11\/colombier_moellon_afzelia.jpg\" alt=\"\" class=\"wp-image-2096\" srcset=\"https:\/\/www.xvdl.be\/wp-content\/uploads\/2015\/11\/colombier_moellon_afzelia.jpg 900w, https:\/\/www.xvdl.be\/wp-content\/uploads\/2015\/11\/colombier_moellon_afzelia-225x300.jpg 225w, https:\/\/www.xvdl.be\/wp-content\/uploads\/2015\/11\/colombier_moellon_afzelia-768x1024.jpg 768w\" sizes=\"auto, (max-width: 900px) 100vw, 900px\" \/><\/a><\/figure>\n\n\n\n<figure class=\"wp-block-image size-large\"><a href=\"https:\/\/www.xvdl.be\/wp-content\/uploads\/2015\/11\/chene_echelles.jpg\"><img loading=\"lazy\" decoding=\"async\" width=\"1200\" height=\"900\" data-id=\"2094\" src=\"https:\/\/www.xvdl.be\/wp-content\/uploads\/2015\/11\/chene_echelles.jpg\" alt=\"\" class=\"wp-image-2094\" srcset=\"https:\/\/www.xvdl.be\/wp-content\/uploads\/2015\/11\/chene_echelles.jpg 1200w, https:\/\/www.xvdl.be\/wp-content\/uploads\/2015\/11\/chene_echelles-300x225.jpg 300w, https:\/\/www.xvdl.be\/wp-content\/uploads\/2015\/11\/chene_echelles-1024x768.jpg 1024w, https:\/\/www.xvdl.be\/wp-content\/uploads\/2015\/11\/chene_echelles-200x150.jpg 200w\" sizes=\"auto, (max-width: 1200px) 100vw, 1200px\" \/><\/a><\/figure>\n<\/figure>\n","protected":false},"excerpt":{"rendered":"<p>Une ferme en L dans le pays valonn\u00e9 de Feluy-Arquennes. La ferme a \u00e9t\u00e9 transform\u00e9e de&#8230; <span class=\"moreLink\"><a href=\"https:\/\/www.xvdl.be\/fr\/nos_realisations\/la-ferme-et-son-colombier\/\">+<\/a><\/span><\/p>\n","protected":false},"featured_media":2107,"template":"","categories":[11],"tags":[114,113,115,112],"class_list":["post-2093","our_realisations","type-our_realisations","status-publish","has-post-thumbnail","hentry","category-renovation","tag-arquennes","tag-colombier","tag-feluy","tag-ferme","clients-demilie"],"acf":[],"yoast_head":"<!-- This site is optimized with the Yoast SEO plugin v27.5 - https:\/\/yoast.com\/product\/yoast-seo-wordpress\/ -->\n<title>La ferme et son colombier - Xavier Vanderlinden Architecte<\/title>\n<meta name=\"robots\" content=\"index, follow, max-snippet:-1, max-image-preview:large, max-video-preview:-1\" \/>\n<link rel=\"canonical\" href=\"https:\/\/www.xvdl.be\/fr\/nos_realisations\/la-ferme-et-son-colombier\/\" \/>\n<meta property=\"og:locale\" content=\"fr_FR\" \/>\n<meta property=\"og:type\" content=\"article\" \/>\n<meta property=\"og:title\" content=\"La ferme et son colombier - Xavier Vanderlinden Architecte\" \/>\n<meta property=\"og:description\" content=\"Une ferme en L dans le pays valonn\u00e9 de Feluy-Arquennes. La ferme a \u00e9t\u00e9 transform\u00e9e de... +\" \/>\n<meta property=\"og:url\" content=\"https:\/\/www.xvdl.be\/fr\/nos_realisations\/la-ferme-et-son-colombier\/\" \/>\n<meta property=\"og:site_name\" content=\"Xavier Vanderlinden Architecte\" \/>\n<meta property=\"article:modified_time\" content=\"2022-07-26T08:11:05+00:00\" \/>\n<meta property=\"og:image\" content=\"https:\/\/www.xvdl.be\/wp-content\/uploads\/2015\/11\/etang_arquennes.jpg\" \/>\n\t<meta property=\"og:image:width\" content=\"1200\" \/>\n\t<meta property=\"og:image:height\" content=\"900\" \/>\n\t<meta property=\"og:image:type\" content=\"image\/jpeg\" \/>\n<meta name=\"twitter:label1\" content=\"Dur\u00e9e de lecture estim\u00e9e\" \/>\n\t<meta name=\"twitter:data1\" content=\"2 minutes\" \/>\n<script type=\"application\/ld+json\" class=\"yoast-schema-graph\">{\"@context\":\"https:\\\/\\\/schema.org\",\"@graph\":[{\"@type\":\"WebPage\",\"@id\":\"https:\\\/\\\/www.xvdl.be\\\/fr\\\/nos_realisations\\\/la-ferme-et-son-colombier\\\/\",\"url\":\"https:\\\/\\\/www.xvdl.be\\\/fr\\\/nos_realisations\\\/la-ferme-et-son-colombier\\\/\",\"name\":\"La ferme et son colombier - Xavier Vanderlinden Architecte\",\"isPartOf\":{\"@id\":\"https:\\\/\\\/www.xvdl.be\\\/fr\\\/#website\"},\"primaryImageOfPage\":{\"@id\":\"https:\\\/\\\/www.xvdl.be\\\/fr\\\/nos_realisations\\\/la-ferme-et-son-colombier\\\/#primaryimage\"},\"image\":{\"@id\":\"https:\\\/\\\/www.xvdl.be\\\/fr\\\/nos_realisations\\\/la-ferme-et-son-colombier\\\/#primaryimage\"},\"thumbnailUrl\":\"https:\\\/\\\/www.xvdl.be\\\/wp-content\\\/uploads\\\/2015\\\/11\\\/etang_arquennes.jpg\",\"datePublished\":\"2015-11-11T10:52:18+00:00\",\"dateModified\":\"2022-07-26T08:11:05+00:00\",\"breadcrumb\":{\"@id\":\"https:\\\/\\\/www.xvdl.be\\\/fr\\\/nos_realisations\\\/la-ferme-et-son-colombier\\\/#breadcrumb\"},\"inLanguage\":\"fr-FR\",\"potentialAction\":[{\"@type\":\"ReadAction\",\"target\":[\"https:\\\/\\\/www.xvdl.be\\\/fr\\\/nos_realisations\\\/la-ferme-et-son-colombier\\\/\"]}]},{\"@type\":\"ImageObject\",\"inLanguage\":\"fr-FR\",\"@id\":\"https:\\\/\\\/www.xvdl.be\\\/fr\\\/nos_realisations\\\/la-ferme-et-son-colombier\\\/#primaryimage\",\"url\":\"https:\\\/\\\/www.xvdl.be\\\/wp-content\\\/uploads\\\/2015\\\/11\\\/etang_arquennes.jpg\",\"contentUrl\":\"https:\\\/\\\/www.xvdl.be\\\/wp-content\\\/uploads\\\/2015\\\/11\\\/etang_arquennes.jpg\",\"width\":1200,\"height\":900},{\"@type\":\"BreadcrumbList\",\"@id\":\"https:\\\/\\\/www.xvdl.be\\\/fr\\\/nos_realisations\\\/la-ferme-et-son-colombier\\\/#breadcrumb\",\"itemListElement\":[{\"@type\":\"ListItem\",\"position\":1,\"name\":\"Home\",\"item\":\"https:\\\/\\\/www.xvdl.be\\\/fr\\\/\"},{\"@type\":\"ListItem\",\"position\":2,\"name\":\"R\u00e9alisations\",\"item\":\"https:\\\/\\\/www.xvdl.be\\\/fr\\\/nos_realisations\\\/\"},{\"@type\":\"ListItem\",\"position\":3,\"name\":\"La ferme et son colombier\"}]},{\"@type\":\"WebSite\",\"@id\":\"https:\\\/\\\/www.xvdl.be\\\/fr\\\/#website\",\"url\":\"https:\\\/\\\/www.xvdl.be\\\/fr\\\/\",\"name\":\"Xavier Vanderlinden Architecte\",\"description\":\"Bureau d&#039;\u00e9tude en architecture classique et contemporaine\",\"publisher\":{\"@id\":\"https:\\\/\\\/www.xvdl.be\\\/fr\\\/#organization\"},\"potentialAction\":[{\"@type\":\"SearchAction\",\"target\":{\"@type\":\"EntryPoint\",\"urlTemplate\":\"https:\\\/\\\/www.xvdl.be\\\/fr\\\/?s={search_term_string}\"},\"query-input\":{\"@type\":\"PropertyValueSpecification\",\"valueRequired\":true,\"valueName\":\"search_term_string\"}}],\"inLanguage\":\"fr-FR\"},{\"@type\":\"Organization\",\"@id\":\"https:\\\/\\\/www.xvdl.be\\\/fr\\\/#organization\",\"name\":\"Xavier Vanderlinden Architecte\",\"url\":\"https:\\\/\\\/www.xvdl.be\\\/fr\\\/\",\"logo\":{\"@type\":\"ImageObject\",\"inLanguage\":\"fr-FR\",\"@id\":\"https:\\\/\\\/www.xvdl.be\\\/fr\\\/#\\\/schema\\\/logo\\\/image\\\/\",\"url\":\"https:\\\/\\\/www.xvdl.be\\\/wp-content\\\/uploads\\\/2022\\\/08\\\/XVDL_fb-image.jpg\",\"contentUrl\":\"https:\\\/\\\/www.xvdl.be\\\/wp-content\\\/uploads\\\/2022\\\/08\\\/XVDL_fb-image.jpg\",\"width\":1200,\"height\":630,\"caption\":\"Xavier Vanderlinden Architecte\"},\"image\":{\"@id\":\"https:\\\/\\\/www.xvdl.be\\\/fr\\\/#\\\/schema\\\/logo\\\/image\\\/\"}}]}<\/script>\n<!-- \/ Yoast SEO plugin. -->","yoast_head_json":{"title":"La ferme et son colombier - Xavier Vanderlinden Architecte","robots":{"index":"index","follow":"follow","max-snippet":"max-snippet:-1","max-image-preview":"max-image-preview:large","max-video-preview":"max-video-preview:-1"},"canonical":"https:\/\/www.xvdl.be\/fr\/nos_realisations\/la-ferme-et-son-colombier\/","og_locale":"fr_FR","og_type":"article","og_title":"La ferme et son colombier - Xavier Vanderlinden Architecte","og_description":"Une ferme en L dans le pays valonn\u00e9 de Feluy-Arquennes. La ferme a \u00e9t\u00e9 transform\u00e9e de... +","og_url":"https:\/\/www.xvdl.be\/fr\/nos_realisations\/la-ferme-et-son-colombier\/","og_site_name":"Xavier Vanderlinden Architecte","article_modified_time":"2022-07-26T08:11:05+00:00","og_image":[{"width":1200,"height":900,"url":"https:\/\/www.xvdl.be\/wp-content\/uploads\/2015\/11\/etang_arquennes.jpg","type":"image\/jpeg"}],"twitter_misc":{"Dur\u00e9e de lecture estim\u00e9e":"2 minutes"},"schema":{"@context":"https:\/\/schema.org","@graph":[{"@type":"WebPage","@id":"https:\/\/www.xvdl.be\/fr\/nos_realisations\/la-ferme-et-son-colombier\/","url":"https:\/\/www.xvdl.be\/fr\/nos_realisations\/la-ferme-et-son-colombier\/","name":"La ferme et son colombier - Xavier Vanderlinden Architecte","isPartOf":{"@id":"https:\/\/www.xvdl.be\/fr\/#website"},"primaryImageOfPage":{"@id":"https:\/\/www.xvdl.be\/fr\/nos_realisations\/la-ferme-et-son-colombier\/#primaryimage"},"image":{"@id":"https:\/\/www.xvdl.be\/fr\/nos_realisations\/la-ferme-et-son-colombier\/#primaryimage"},"thumbnailUrl":"https:\/\/www.xvdl.be\/wp-content\/uploads\/2015\/11\/etang_arquennes.jpg","datePublished":"2015-11-11T10:52:18+00:00","dateModified":"2022-07-26T08:11:05+00:00","breadcrumb":{"@id":"https:\/\/www.xvdl.be\/fr\/nos_realisations\/la-ferme-et-son-colombier\/#breadcrumb"},"inLanguage":"fr-FR","potentialAction":[{"@type":"ReadAction","target":["https:\/\/www.xvdl.be\/fr\/nos_realisations\/la-ferme-et-son-colombier\/"]}]},{"@type":"ImageObject","inLanguage":"fr-FR","@id":"https:\/\/www.xvdl.be\/fr\/nos_realisations\/la-ferme-et-son-colombier\/#primaryimage","url":"https:\/\/www.xvdl.be\/wp-content\/uploads\/2015\/11\/etang_arquennes.jpg","contentUrl":"https:\/\/www.xvdl.be\/wp-content\/uploads\/2015\/11\/etang_arquennes.jpg","width":1200,"height":900},{"@type":"BreadcrumbList","@id":"https:\/\/www.xvdl.be\/fr\/nos_realisations\/la-ferme-et-son-colombier\/#breadcrumb","itemListElement":[{"@type":"ListItem","position":1,"name":"Home","item":"https:\/\/www.xvdl.be\/fr\/"},{"@type":"ListItem","position":2,"name":"R\u00e9alisations","item":"https:\/\/www.xvdl.be\/fr\/nos_realisations\/"},{"@type":"ListItem","position":3,"name":"La ferme et son colombier"}]},{"@type":"WebSite","@id":"https:\/\/www.xvdl.be\/fr\/#website","url":"https:\/\/www.xvdl.be\/fr\/","name":"Xavier Vanderlinden Architecte","description":"Bureau d&#039;\u00e9tude en architecture classique et contemporaine","publisher":{"@id":"https:\/\/www.xvdl.be\/fr\/#organization"},"potentialAction":[{"@type":"SearchAction","target":{"@type":"EntryPoint","urlTemplate":"https:\/\/www.xvdl.be\/fr\/?s={search_term_string}"},"query-input":{"@type":"PropertyValueSpecification","valueRequired":true,"valueName":"search_term_string"}}],"inLanguage":"fr-FR"},{"@type":"Organization","@id":"https:\/\/www.xvdl.be\/fr\/#organization","name":"Xavier Vanderlinden Architecte","url":"https:\/\/www.xvdl.be\/fr\/","logo":{"@type":"ImageObject","inLanguage":"fr-FR","@id":"https:\/\/www.xvdl.be\/fr\/#\/schema\/logo\/image\/","url":"https:\/\/www.xvdl.be\/wp-content\/uploads\/2022\/08\/XVDL_fb-image.jpg","contentUrl":"https:\/\/www.xvdl.be\/wp-content\/uploads\/2022\/08\/XVDL_fb-image.jpg","width":1200,"height":630,"caption":"Xavier Vanderlinden Architecte"},"image":{"@id":"https:\/\/www.xvdl.be\/fr\/#\/schema\/logo\/image\/"}}]}},"_links":{"self":[{"href":"https:\/\/www.xvdl.be\/fr\/wp-json\/wp\/v2\/our_realisations\/2093","targetHints":{"allow":["GET"]}}],"collection":[{"href":"https:\/\/www.xvdl.be\/fr\/wp-json\/wp\/v2\/our_realisations"}],"about":[{"href":"https:\/\/www.xvdl.be\/fr\/wp-json\/wp\/v2\/types\/our_realisations"}],"wp:featuredmedia":[{"embeddable":true,"href":"https:\/\/www.xvdl.be\/fr\/wp-json\/wp\/v2\/media\/2107"}],"wp:attachment":[{"href":"https:\/\/www.xvdl.be\/fr\/wp-json\/wp\/v2\/media?parent=2093"}],"wp:term":[{"taxonomy":"category","embeddable":true,"href":"https:\/\/www.xvdl.be\/fr\/wp-json\/wp\/v2\/categories?post=2093"},{"taxonomy":"post_tag","embeddable":true,"href":"https:\/\/www.xvdl.be\/fr\/wp-json\/wp\/v2\/tags?post=2093"}],"curies":[{"name":"wp","href":"https:\/\/api.w.org\/{rel}","templated":true}]}}