{"id":2019,"date":"2014-10-08T21:39:23","date_gmt":"2014-10-08T20:39:23","guid":{"rendered":"https:\/\/www.xvdl.be\/?post_type=our_realisations&#038;p=2019"},"modified":"2022-07-26T10:20:35","modified_gmt":"2022-07-26T08:20:35","slug":"construction-villa-kraainem","status":"publish","type":"our_realisations","link":"https:\/\/www.xvdl.be\/fr\/nos_realisations\/construction-villa-kraainem\/","title":{"rendered":"Construction d&rsquo;une villa \u00e0 Kraainem"},"content":{"rendered":"\n<p>Le ma\u00eetre de l&rsquo;ouvrage poss\u00e8de un terrain construit. La villa qu&rsquo;il occupe a subi des extensions successives et une r\u00e9vision compl\u00e8te de l&rsquo;organigramme s&rsquo;imposait. La transformation-r\u00e9novation est con\u00e7u au pr\u00e9alable. Il s&rsquo;av\u00e8re cependant qu&rsquo;une d\u00e9molition-reconstruction est nettement plus int\u00e9ressante : refonte enti\u00e8re des techniques, isolation optimale, techniques de pointe.<\/p>\n\n\n\n<p>Le b\u00e2timent sera chauff\u00e9 par le sol et par les parois avec des nattes chauffantes (www.clina.de) \u00e0 basse temp\u00e9rature et \u00e0 partir des pompes \u00e0 chaleur DAIKIN. Les nattes chauffantes offrent l&rsquo;avantage d&rsquo;une adaptabilit\u00e9 rapide.<\/p>\n\n\n\n<p>Seront plac\u00e9 des panneaux photovolta\u00efques et solaires.<\/p>\n\n\n\n<p>Le volume prot\u00e9g\u00e9 sera isol\u00e9 avec une \u00e9paisseur allant de 14 \u00e0 23cm. Au niveau des toitures les espaces entre les solives et fermes, hautes de 23cm seront remplies par l&rsquo;insufflation de cellulose de papier (Isofloc) et des freine-vapeurs (Intello de Proclima) seront appos\u00e9s au dessous de ces isolants.<\/p>\n\n\n\n<p>Les parois ext\u00e9rieures seront \u00e0 la fois achev\u00e9es avec des soubassements en pierre bleue, une brique de fa\u00e7ade module 50 \u00e0 peindre, des garde-corps avec bois en afz\u00e9lia massif.<\/p>\n\n\n\n<p>La construction sera enti\u00e8rement cav\u00e9e, notamment pour des raison de stabilit\u00e9 et pour \u00e9viter le risque de tassements diff\u00e9rentiels. Enti\u00e8rement coul\u00e9e en b\u00e9ton massif avec parois \u00e9paisses de 40cm, l&rsquo;\u00e9tanch\u00e9it\u00e9 souterraine est assur\u00e9e.<\/p>\n\n\n\n<p>Les toitures seront recouvertes d&rsquo;ardoises Glendyne de provenance Canadienne.<\/p>\n\n\n\n<p>Le b\u00e2timent sera ventil\u00e9e avec un \u00e9changeur de chaleur \u00e0 courants crois\u00e9s (Vallox).<\/p>\n\n\n\n<figure class=\"wp-block-gallery has-nested-images columns-5 is-cropped wp-block-gallery-1 is-layout-flex wp-block-gallery-is-layout-flex\">\n<figure class=\"wp-block-image size-large\"><a href=\"https:\/\/www.xvdl.be\/wp-content\/uploads\/2014\/10\/mitron_schouw_garde_corps.jpg\"><img loading=\"lazy\" decoding=\"async\" width=\"900\" height=\"1200\" data-id=\"2044\" src=\"https:\/\/www.xvdl.be\/wp-content\/uploads\/2014\/10\/mitron_schouw_garde_corps.jpg\" alt=\"\" class=\"wp-image-2044\" srcset=\"https:\/\/www.xvdl.be\/wp-content\/uploads\/2014\/10\/mitron_schouw_garde_corps.jpg 900w, https:\/\/www.xvdl.be\/wp-content\/uploads\/2014\/10\/mitron_schouw_garde_corps-225x300.jpg 225w, https:\/\/www.xvdl.be\/wp-content\/uploads\/2014\/10\/mitron_schouw_garde_corps-768x1024.jpg 768w\" sizes=\"auto, (max-width: 900px) 100vw, 900px\" \/><\/a><\/figure>\n\n\n\n<figure class=\"wp-block-image size-large\"><a href=\"https:\/\/www.xvdl.be\/wp-content\/uploads\/2014\/10\/afzeila-balustrade.jpg\"><img loading=\"lazy\" decoding=\"async\" width=\"900\" height=\"1200\" data-id=\"2020\" src=\"https:\/\/www.xvdl.be\/wp-content\/uploads\/2014\/10\/afzeila-balustrade.jpg\" alt=\"\" class=\"wp-image-2020\" srcset=\"https:\/\/www.xvdl.be\/wp-content\/uploads\/2014\/10\/afzeila-balustrade.jpg 900w, https:\/\/www.xvdl.be\/wp-content\/uploads\/2014\/10\/afzeila-balustrade-225x300.jpg 225w, https:\/\/www.xvdl.be\/wp-content\/uploads\/2014\/10\/afzeila-balustrade-768x1024.jpg 768w\" sizes=\"auto, (max-width: 900px) 100vw, 900px\" \/><\/a><\/figure>\n\n\n\n<figure class=\"wp-block-image size-large\"><a href=\"https:\/\/www.xvdl.be\/wp-content\/uploads\/2014\/10\/ardoises_glendyne.jpg\"><img loading=\"lazy\" decoding=\"async\" width=\"1200\" height=\"900\" data-id=\"2022\" src=\"https:\/\/www.xvdl.be\/wp-content\/uploads\/2014\/10\/ardoises_glendyne.jpg\" alt=\"\" class=\"wp-image-2022\" srcset=\"https:\/\/www.xvdl.be\/wp-content\/uploads\/2014\/10\/ardoises_glendyne.jpg 1200w, https:\/\/www.xvdl.be\/wp-content\/uploads\/2014\/10\/ardoises_glendyne-300x225.jpg 300w, https:\/\/www.xvdl.be\/wp-content\/uploads\/2014\/10\/ardoises_glendyne-1024x768.jpg 1024w, https:\/\/www.xvdl.be\/wp-content\/uploads\/2014\/10\/ardoises_glendyne-200x150.jpg 200w\" sizes=\"auto, (max-width: 1200px) 100vw, 1200px\" \/><\/a><\/figure>\n\n\n\n<figure class=\"wp-block-image size-large\"><a href=\"https:\/\/www.xvdl.be\/wp-content\/uploads\/2014\/10\/bow_window.jpg\"><img loading=\"lazy\" decoding=\"async\" width=\"1200\" height=\"900\" data-id=\"2024\" src=\"https:\/\/www.xvdl.be\/wp-content\/uploads\/2014\/10\/bow_window.jpg\" alt=\"\" class=\"wp-image-2024\" srcset=\"https:\/\/www.xvdl.be\/wp-content\/uploads\/2014\/10\/bow_window.jpg 1200w, https:\/\/www.xvdl.be\/wp-content\/uploads\/2014\/10\/bow_window-300x225.jpg 300w, https:\/\/www.xvdl.be\/wp-content\/uploads\/2014\/10\/bow_window-1024x768.jpg 1024w, https:\/\/www.xvdl.be\/wp-content\/uploads\/2014\/10\/bow_window-200x150.jpg 200w\" sizes=\"auto, (max-width: 1200px) 100vw, 1200px\" \/><\/a><\/figure>\n\n\n\n<figure class=\"wp-block-image size-large\"><a href=\"https:\/\/www.xvdl.be\/wp-content\/uploads\/2014\/10\/brique_peinte_RAL9001.jpg\"><img loading=\"lazy\" decoding=\"async\" width=\"900\" height=\"1200\" data-id=\"2026\" src=\"https:\/\/www.xvdl.be\/wp-content\/uploads\/2014\/10\/brique_peinte_RAL9001.jpg\" alt=\"\" class=\"wp-image-2026\" srcset=\"https:\/\/www.xvdl.be\/wp-content\/uploads\/2014\/10\/brique_peinte_RAL9001.jpg 900w, https:\/\/www.xvdl.be\/wp-content\/uploads\/2014\/10\/brique_peinte_RAL9001-225x300.jpg 225w, https:\/\/www.xvdl.be\/wp-content\/uploads\/2014\/10\/brique_peinte_RAL9001-768x1024.jpg 768w\" sizes=\"auto, (max-width: 900px) 100vw, 900px\" \/><\/a><\/figure>\n\n\n\n<figure class=\"wp-block-image size-large\"><a href=\"https:\/\/www.xvdl.be\/wp-content\/uploads\/2014\/10\/cheminee_hors_turbulence.jpg\"><img loading=\"lazy\" decoding=\"async\" width=\"900\" height=\"1200\" data-id=\"2028\" src=\"https:\/\/www.xvdl.be\/wp-content\/uploads\/2014\/10\/cheminee_hors_turbulence.jpg\" alt=\"\" class=\"wp-image-2028\" srcset=\"https:\/\/www.xvdl.be\/wp-content\/uploads\/2014\/10\/cheminee_hors_turbulence.jpg 900w, https:\/\/www.xvdl.be\/wp-content\/uploads\/2014\/10\/cheminee_hors_turbulence-225x300.jpg 225w, https:\/\/www.xvdl.be\/wp-content\/uploads\/2014\/10\/cheminee_hors_turbulence-768x1024.jpg 768w\" sizes=\"auto, (max-width: 900px) 100vw, 900px\" \/><\/a><\/figure>\n\n\n\n<figure class=\"wp-block-image size-large\"><a href=\"https:\/\/www.xvdl.be\/wp-content\/uploads\/2014\/10\/dakkapel_lucarne.jpg\"><img loading=\"lazy\" decoding=\"async\" width=\"900\" height=\"1200\" data-id=\"2030\" src=\"https:\/\/www.xvdl.be\/wp-content\/uploads\/2014\/10\/dakkapel_lucarne.jpg\" alt=\"\" class=\"wp-image-2030\" srcset=\"https:\/\/www.xvdl.be\/wp-content\/uploads\/2014\/10\/dakkapel_lucarne.jpg 900w, https:\/\/www.xvdl.be\/wp-content\/uploads\/2014\/10\/dakkapel_lucarne-225x300.jpg 225w, https:\/\/www.xvdl.be\/wp-content\/uploads\/2014\/10\/dakkapel_lucarne-768x1024.jpg 768w\" sizes=\"auto, (max-width: 900px) 100vw, 900px\" \/><\/a><\/figure>\n\n\n\n<figure class=\"wp-block-image size-large\"><a href=\"https:\/\/www.xvdl.be\/wp-content\/uploads\/2014\/10\/kraainem.jpg\"><img loading=\"lazy\" decoding=\"async\" width=\"1200\" height=\"900\" data-id=\"2032\" src=\"https:\/\/www.xvdl.be\/wp-content\/uploads\/2014\/10\/kraainem.jpg\" alt=\"\" class=\"wp-image-2032\" srcset=\"https:\/\/www.xvdl.be\/wp-content\/uploads\/2014\/10\/kraainem.jpg 1200w, https:\/\/www.xvdl.be\/wp-content\/uploads\/2014\/10\/kraainem-300x225.jpg 300w, https:\/\/www.xvdl.be\/wp-content\/uploads\/2014\/10\/kraainem-1024x768.jpg 1024w, https:\/\/www.xvdl.be\/wp-content\/uploads\/2014\/10\/kraainem-200x150.jpg 200w\" sizes=\"auto, (max-width: 1200px) 100vw, 1200px\" \/><\/a><\/figure>\n\n\n\n<figure class=\"wp-block-image size-large\"><a href=\"https:\/\/www.xvdl.be\/wp-content\/uploads\/2014\/10\/kroonlijst_corniche.jpg\"><img loading=\"lazy\" decoding=\"async\" width=\"1200\" height=\"900\" data-id=\"2034\" src=\"https:\/\/www.xvdl.be\/wp-content\/uploads\/2014\/10\/kroonlijst_corniche.jpg\" alt=\"\" class=\"wp-image-2034\" srcset=\"https:\/\/www.xvdl.be\/wp-content\/uploads\/2014\/10\/kroonlijst_corniche.jpg 1200w, https:\/\/www.xvdl.be\/wp-content\/uploads\/2014\/10\/kroonlijst_corniche-300x225.jpg 300w, https:\/\/www.xvdl.be\/wp-content\/uploads\/2014\/10\/kroonlijst_corniche-1024x768.jpg 1024w, https:\/\/www.xvdl.be\/wp-content\/uploads\/2014\/10\/kroonlijst_corniche-200x150.jpg 200w\" sizes=\"auto, (max-width: 1200px) 100vw, 1200px\" \/><\/a><\/figure>\n\n\n\n<figure class=\"wp-block-image size-large\"><a href=\"https:\/\/www.xvdl.be\/wp-content\/uploads\/2014\/10\/luifel_auvent_inkom_entree.jpg\"><img loading=\"lazy\" decoding=\"async\" width=\"900\" height=\"1200\" data-id=\"2038\" src=\"https:\/\/www.xvdl.be\/wp-content\/uploads\/2014\/10\/luifel_auvent_inkom_entree.jpg\" alt=\"\" class=\"wp-image-2038\" srcset=\"https:\/\/www.xvdl.be\/wp-content\/uploads\/2014\/10\/luifel_auvent_inkom_entree.jpg 900w, https:\/\/www.xvdl.be\/wp-content\/uploads\/2014\/10\/luifel_auvent_inkom_entree-225x300.jpg 225w, https:\/\/www.xvdl.be\/wp-content\/uploads\/2014\/10\/luifel_auvent_inkom_entree-768x1024.jpg 768w\" sizes=\"auto, (max-width: 900px) 100vw, 900px\" \/><\/a><\/figure>\n\n\n\n<figure class=\"wp-block-image size-large\"><a href=\"https:\/\/www.xvdl.be\/wp-content\/uploads\/2014\/10\/leien_glendyne.jpg\"><img loading=\"lazy\" decoding=\"async\" width=\"1200\" height=\"900\" data-id=\"2036\" src=\"https:\/\/www.xvdl.be\/wp-content\/uploads\/2014\/10\/leien_glendyne.jpg\" alt=\"\" class=\"wp-image-2036\" srcset=\"https:\/\/www.xvdl.be\/wp-content\/uploads\/2014\/10\/leien_glendyne.jpg 1200w, https:\/\/www.xvdl.be\/wp-content\/uploads\/2014\/10\/leien_glendyne-300x225.jpg 300w, https:\/\/www.xvdl.be\/wp-content\/uploads\/2014\/10\/leien_glendyne-1024x768.jpg 1024w, https:\/\/www.xvdl.be\/wp-content\/uploads\/2014\/10\/leien_glendyne-200x150.jpg 200w\" sizes=\"auto, (max-width: 1200px) 100vw, 1200px\" \/><\/a><\/figure>\n\n\n\n<figure class=\"wp-block-image size-large\"><a href=\"https:\/\/www.xvdl.be\/wp-content\/uploads\/2014\/10\/luifel_zonnescreen.jpg\"><img loading=\"lazy\" decoding=\"async\" width=\"1200\" height=\"900\" data-id=\"2040\" src=\"https:\/\/www.xvdl.be\/wp-content\/uploads\/2014\/10\/luifel_zonnescreen.jpg\" alt=\"\" class=\"wp-image-2040\" srcset=\"https:\/\/www.xvdl.be\/wp-content\/uploads\/2014\/10\/luifel_zonnescreen.jpg 1200w, https:\/\/www.xvdl.be\/wp-content\/uploads\/2014\/10\/luifel_zonnescreen-300x225.jpg 300w, https:\/\/www.xvdl.be\/wp-content\/uploads\/2014\/10\/luifel_zonnescreen-1024x768.jpg 1024w, https:\/\/www.xvdl.be\/wp-content\/uploads\/2014\/10\/luifel_zonnescreen-200x150.jpg 200w\" sizes=\"auto, (max-width: 1200px) 100vw, 1200px\" \/><\/a><\/figure>\n\n\n\n<figure class=\"wp-block-image size-large\"><a href=\"https:\/\/www.xvdl.be\/wp-content\/uploads\/2014\/10\/marquise_screen_solaire.jpg\"><img loading=\"lazy\" decoding=\"async\" width=\"1200\" height=\"900\" data-id=\"2042\" src=\"https:\/\/www.xvdl.be\/wp-content\/uploads\/2014\/10\/marquise_screen_solaire.jpg\" alt=\"\" class=\"wp-image-2042\" srcset=\"https:\/\/www.xvdl.be\/wp-content\/uploads\/2014\/10\/marquise_screen_solaire.jpg 1200w, https:\/\/www.xvdl.be\/wp-content\/uploads\/2014\/10\/marquise_screen_solaire-300x225.jpg 300w, https:\/\/www.xvdl.be\/wp-content\/uploads\/2014\/10\/marquise_screen_solaire-1024x768.jpg 1024w, https:\/\/www.xvdl.be\/wp-content\/uploads\/2014\/10\/marquise_screen_solaire-200x150.jpg 200w\" sizes=\"auto, (max-width: 1200px) 100vw, 1200px\" \/><\/a><\/figure>\n<\/figure>\n","protected":false},"excerpt":{"rendered":"<p>Le ma\u00eetre de l&rsquo;ouvrage poss\u00e8de un terrain construit. La villa qu&rsquo;il occupe a subi des extensions&#8230; <span class=\"moreLink\"><a href=\"https:\/\/www.xvdl.be\/fr\/nos_realisations\/construction-villa-kraainem\/\">+<\/a><\/span><\/p>\n","protected":false},"featured_media":2032,"template":"","categories":[38],"tags":[109,106,110,107,108],"class_list":["post-2019","our_realisations","type-our_realisations","status-publish","has-post-thumbnail","hentry","category-construction","tag-afzelia","tag-ardoise","tag-glendyne","tag-piscine-couverte","tag-vallox","clients-sickinghe"],"acf":[],"yoast_head":"<!-- This site is optimized with the Yoast SEO plugin v27.5 - https:\/\/yoast.com\/product\/yoast-seo-wordpress\/ -->\n<title>Construction d&#039;une villa \u00e0 Kraainem - Xavier Vanderlinden Architecte<\/title>\n<meta name=\"robots\" content=\"index, follow, max-snippet:-1, max-image-preview:large, max-video-preview:-1\" \/>\n<link rel=\"canonical\" href=\"https:\/\/www.xvdl.be\/fr\/nos_realisations\/construction-villa-kraainem\/\" \/>\n<meta property=\"og:locale\" content=\"fr_FR\" \/>\n<meta property=\"og:type\" content=\"article\" \/>\n<meta property=\"og:title\" content=\"Construction d&#039;une villa \u00e0 Kraainem - Xavier Vanderlinden Architecte\" \/>\n<meta property=\"og:description\" content=\"Le ma\u00eetre de l&rsquo;ouvrage poss\u00e8de un terrain construit. La villa qu&rsquo;il occupe a subi des extensions... +\" \/>\n<meta property=\"og:url\" content=\"https:\/\/www.xvdl.be\/fr\/nos_realisations\/construction-villa-kraainem\/\" \/>\n<meta property=\"og:site_name\" content=\"Xavier Vanderlinden Architecte\" \/>\n<meta property=\"article:modified_time\" content=\"2022-07-26T08:20:35+00:00\" \/>\n<meta property=\"og:image\" content=\"https:\/\/www.xvdl.be\/wp-content\/uploads\/2014\/10\/kraainem.jpg\" \/>\n\t<meta property=\"og:image:width\" content=\"1200\" \/>\n\t<meta property=\"og:image:height\" content=\"900\" \/>\n\t<meta property=\"og:image:type\" content=\"image\/jpeg\" \/>\n<meta name=\"twitter:label1\" content=\"Dur\u00e9e de lecture estim\u00e9e\" \/>\n\t<meta name=\"twitter:data1\" content=\"4 minutes\" \/>\n<script type=\"application\/ld+json\" class=\"yoast-schema-graph\">{\"@context\":\"https:\\\/\\\/schema.org\",\"@graph\":[{\"@type\":\"WebPage\",\"@id\":\"https:\\\/\\\/www.xvdl.be\\\/fr\\\/nos_realisations\\\/construction-villa-kraainem\\\/\",\"url\":\"https:\\\/\\\/www.xvdl.be\\\/fr\\\/nos_realisations\\\/construction-villa-kraainem\\\/\",\"name\":\"Construction d'une villa \u00e0 Kraainem - Xavier Vanderlinden Architecte\",\"isPartOf\":{\"@id\":\"https:\\\/\\\/www.xvdl.be\\\/fr\\\/#website\"},\"primaryImageOfPage\":{\"@id\":\"https:\\\/\\\/www.xvdl.be\\\/fr\\\/nos_realisations\\\/construction-villa-kraainem\\\/#primaryimage\"},\"image\":{\"@id\":\"https:\\\/\\\/www.xvdl.be\\\/fr\\\/nos_realisations\\\/construction-villa-kraainem\\\/#primaryimage\"},\"thumbnailUrl\":\"https:\\\/\\\/www.xvdl.be\\\/wp-content\\\/uploads\\\/2014\\\/10\\\/kraainem.jpg\",\"datePublished\":\"2014-10-08T20:39:23+00:00\",\"dateModified\":\"2022-07-26T08:20:35+00:00\",\"breadcrumb\":{\"@id\":\"https:\\\/\\\/www.xvdl.be\\\/fr\\\/nos_realisations\\\/construction-villa-kraainem\\\/#breadcrumb\"},\"inLanguage\":\"fr-FR\",\"potentialAction\":[{\"@type\":\"ReadAction\",\"target\":[\"https:\\\/\\\/www.xvdl.be\\\/fr\\\/nos_realisations\\\/construction-villa-kraainem\\\/\"]}]},{\"@type\":\"ImageObject\",\"inLanguage\":\"fr-FR\",\"@id\":\"https:\\\/\\\/www.xvdl.be\\\/fr\\\/nos_realisations\\\/construction-villa-kraainem\\\/#primaryimage\",\"url\":\"https:\\\/\\\/www.xvdl.be\\\/wp-content\\\/uploads\\\/2014\\\/10\\\/kraainem.jpg\",\"contentUrl\":\"https:\\\/\\\/www.xvdl.be\\\/wp-content\\\/uploads\\\/2014\\\/10\\\/kraainem.jpg\",\"width\":1200,\"height\":900},{\"@type\":\"BreadcrumbList\",\"@id\":\"https:\\\/\\\/www.xvdl.be\\\/fr\\\/nos_realisations\\\/construction-villa-kraainem\\\/#breadcrumb\",\"itemListElement\":[{\"@type\":\"ListItem\",\"position\":1,\"name\":\"Home\",\"item\":\"https:\\\/\\\/www.xvdl.be\\\/fr\\\/\"},{\"@type\":\"ListItem\",\"position\":2,\"name\":\"R\u00e9alisations\",\"item\":\"https:\\\/\\\/www.xvdl.be\\\/fr\\\/nos_realisations\\\/\"},{\"@type\":\"ListItem\",\"position\":3,\"name\":\"Construction d&rsquo;une villa \u00e0 Kraainem\"}]},{\"@type\":\"WebSite\",\"@id\":\"https:\\\/\\\/www.xvdl.be\\\/fr\\\/#website\",\"url\":\"https:\\\/\\\/www.xvdl.be\\\/fr\\\/\",\"name\":\"Xavier Vanderlinden Architecte\",\"description\":\"Bureau d&#039;\u00e9tude en architecture classique et contemporaine\",\"publisher\":{\"@id\":\"https:\\\/\\\/www.xvdl.be\\\/fr\\\/#organization\"},\"potentialAction\":[{\"@type\":\"SearchAction\",\"target\":{\"@type\":\"EntryPoint\",\"urlTemplate\":\"https:\\\/\\\/www.xvdl.be\\\/fr\\\/?s={search_term_string}\"},\"query-input\":{\"@type\":\"PropertyValueSpecification\",\"valueRequired\":true,\"valueName\":\"search_term_string\"}}],\"inLanguage\":\"fr-FR\"},{\"@type\":\"Organization\",\"@id\":\"https:\\\/\\\/www.xvdl.be\\\/fr\\\/#organization\",\"name\":\"Xavier Vanderlinden Architecte\",\"url\":\"https:\\\/\\\/www.xvdl.be\\\/fr\\\/\",\"logo\":{\"@type\":\"ImageObject\",\"inLanguage\":\"fr-FR\",\"@id\":\"https:\\\/\\\/www.xvdl.be\\\/fr\\\/#\\\/schema\\\/logo\\\/image\\\/\",\"url\":\"https:\\\/\\\/www.xvdl.be\\\/wp-content\\\/uploads\\\/2022\\\/08\\\/XVDL_fb-image.jpg\",\"contentUrl\":\"https:\\\/\\\/www.xvdl.be\\\/wp-content\\\/uploads\\\/2022\\\/08\\\/XVDL_fb-image.jpg\",\"width\":1200,\"height\":630,\"caption\":\"Xavier Vanderlinden Architecte\"},\"image\":{\"@id\":\"https:\\\/\\\/www.xvdl.be\\\/fr\\\/#\\\/schema\\\/logo\\\/image\\\/\"}}]}<\/script>\n<!-- \/ Yoast SEO plugin. -->","yoast_head_json":{"title":"Construction d'une villa \u00e0 Kraainem - Xavier Vanderlinden Architecte","robots":{"index":"index","follow":"follow","max-snippet":"max-snippet:-1","max-image-preview":"max-image-preview:large","max-video-preview":"max-video-preview:-1"},"canonical":"https:\/\/www.xvdl.be\/fr\/nos_realisations\/construction-villa-kraainem\/","og_locale":"fr_FR","og_type":"article","og_title":"Construction d'une villa \u00e0 Kraainem - Xavier Vanderlinden Architecte","og_description":"Le ma\u00eetre de l&rsquo;ouvrage poss\u00e8de un terrain construit. La villa qu&rsquo;il occupe a subi des extensions... +","og_url":"https:\/\/www.xvdl.be\/fr\/nos_realisations\/construction-villa-kraainem\/","og_site_name":"Xavier Vanderlinden Architecte","article_modified_time":"2022-07-26T08:20:35+00:00","og_image":[{"width":1200,"height":900,"url":"https:\/\/www.xvdl.be\/wp-content\/uploads\/2014\/10\/kraainem.jpg","type":"image\/jpeg"}],"twitter_misc":{"Dur\u00e9e de lecture estim\u00e9e":"4 minutes"},"schema":{"@context":"https:\/\/schema.org","@graph":[{"@type":"WebPage","@id":"https:\/\/www.xvdl.be\/fr\/nos_realisations\/construction-villa-kraainem\/","url":"https:\/\/www.xvdl.be\/fr\/nos_realisations\/construction-villa-kraainem\/","name":"Construction d'une villa \u00e0 Kraainem - Xavier Vanderlinden Architecte","isPartOf":{"@id":"https:\/\/www.xvdl.be\/fr\/#website"},"primaryImageOfPage":{"@id":"https:\/\/www.xvdl.be\/fr\/nos_realisations\/construction-villa-kraainem\/#primaryimage"},"image":{"@id":"https:\/\/www.xvdl.be\/fr\/nos_realisations\/construction-villa-kraainem\/#primaryimage"},"thumbnailUrl":"https:\/\/www.xvdl.be\/wp-content\/uploads\/2014\/10\/kraainem.jpg","datePublished":"2014-10-08T20:39:23+00:00","dateModified":"2022-07-26T08:20:35+00:00","breadcrumb":{"@id":"https:\/\/www.xvdl.be\/fr\/nos_realisations\/construction-villa-kraainem\/#breadcrumb"},"inLanguage":"fr-FR","potentialAction":[{"@type":"ReadAction","target":["https:\/\/www.xvdl.be\/fr\/nos_realisations\/construction-villa-kraainem\/"]}]},{"@type":"ImageObject","inLanguage":"fr-FR","@id":"https:\/\/www.xvdl.be\/fr\/nos_realisations\/construction-villa-kraainem\/#primaryimage","url":"https:\/\/www.xvdl.be\/wp-content\/uploads\/2014\/10\/kraainem.jpg","contentUrl":"https:\/\/www.xvdl.be\/wp-content\/uploads\/2014\/10\/kraainem.jpg","width":1200,"height":900},{"@type":"BreadcrumbList","@id":"https:\/\/www.xvdl.be\/fr\/nos_realisations\/construction-villa-kraainem\/#breadcrumb","itemListElement":[{"@type":"ListItem","position":1,"name":"Home","item":"https:\/\/www.xvdl.be\/fr\/"},{"@type":"ListItem","position":2,"name":"R\u00e9alisations","item":"https:\/\/www.xvdl.be\/fr\/nos_realisations\/"},{"@type":"ListItem","position":3,"name":"Construction d&rsquo;une villa \u00e0 Kraainem"}]},{"@type":"WebSite","@id":"https:\/\/www.xvdl.be\/fr\/#website","url":"https:\/\/www.xvdl.be\/fr\/","name":"Xavier Vanderlinden Architecte","description":"Bureau d&#039;\u00e9tude en architecture classique et contemporaine","publisher":{"@id":"https:\/\/www.xvdl.be\/fr\/#organization"},"potentialAction":[{"@type":"SearchAction","target":{"@type":"EntryPoint","urlTemplate":"https:\/\/www.xvdl.be\/fr\/?s={search_term_string}"},"query-input":{"@type":"PropertyValueSpecification","valueRequired":true,"valueName":"search_term_string"}}],"inLanguage":"fr-FR"},{"@type":"Organization","@id":"https:\/\/www.xvdl.be\/fr\/#organization","name":"Xavier Vanderlinden Architecte","url":"https:\/\/www.xvdl.be\/fr\/","logo":{"@type":"ImageObject","inLanguage":"fr-FR","@id":"https:\/\/www.xvdl.be\/fr\/#\/schema\/logo\/image\/","url":"https:\/\/www.xvdl.be\/wp-content\/uploads\/2022\/08\/XVDL_fb-image.jpg","contentUrl":"https:\/\/www.xvdl.be\/wp-content\/uploads\/2022\/08\/XVDL_fb-image.jpg","width":1200,"height":630,"caption":"Xavier Vanderlinden Architecte"},"image":{"@id":"https:\/\/www.xvdl.be\/fr\/#\/schema\/logo\/image\/"}}]}},"_links":{"self":[{"href":"https:\/\/www.xvdl.be\/fr\/wp-json\/wp\/v2\/our_realisations\/2019","targetHints":{"allow":["GET"]}}],"collection":[{"href":"https:\/\/www.xvdl.be\/fr\/wp-json\/wp\/v2\/our_realisations"}],"about":[{"href":"https:\/\/www.xvdl.be\/fr\/wp-json\/wp\/v2\/types\/our_realisations"}],"wp:featuredmedia":[{"embeddable":true,"href":"https:\/\/www.xvdl.be\/fr\/wp-json\/wp\/v2\/media\/2032"}],"wp:attachment":[{"href":"https:\/\/www.xvdl.be\/fr\/wp-json\/wp\/v2\/media?parent=2019"}],"wp:term":[{"taxonomy":"category","embeddable":true,"href":"https:\/\/www.xvdl.be\/fr\/wp-json\/wp\/v2\/categories?post=2019"},{"taxonomy":"post_tag","embeddable":true,"href":"https:\/\/www.xvdl.be\/fr\/wp-json\/wp\/v2\/tags?post=2019"}],"curies":[{"name":"wp","href":"https:\/\/api.w.org\/{rel}","templated":true}]}}