{"id":1932,"date":"2014-07-19T10:41:17","date_gmt":"2014-07-19T09:41:17","guid":{"rendered":"https:\/\/www.xvdl.be\/?post_type=our_realisations&#038;p=1932"},"modified":"2022-07-26T10:29:00","modified_gmt":"2022-07-26T08:29:00","slug":"renovation-maison-trois-facades-uccle","status":"publish","type":"our_realisations","link":"https:\/\/www.xvdl.be\/fr\/nos_realisations\/renovation-maison-trois-facades-uccle\/","title":{"rendered":"R\u00e9novation d\u2019une maison trois fa\u00e7ades \u00e0 Uccle"},"content":{"rendered":"\n<p>Maison bien situ\u00e9e dans la commune d&rsquo;Uccle.<\/p>\n\n\n\n<p>Cette maison mitoyenne de trois fa\u00e7ades \u00e9tait assez banale.<\/p>\n\n\n\n<p>Le projet consistait \u00e0 rendre les combles habitables et \u00e0 les prot\u00e9ger de la surchauffe avec une excellente isolation thermique et \u00e9galement une isolation acoustique optimale entre \u00e9tages souvent b\u00e2tis avec des sommiers en bois.<\/p>\n\n\n\n<p>Outre une isolation performante avec de la cellulose de papier, la maison a enti\u00e8rement \u00e9t\u00e9 enrob\u00e9e de polystir\u00e8ne et enduits.<\/p>\n\n\n\n<p>Les volumes ont \u00e9t\u00e9 recr\u00e9\u00e9s.<\/p>\n\n\n\n<p>Les toitures ont recouvertes de nouvelles tuiles de terre cuite (Vauban Gr\u00e9s\u00e9 Bourgogne).<\/p>\n\n\n\n<figure class=\"wp-block-gallery has-nested-images columns-3 is-cropped wp-block-gallery-1 is-layout-flex wp-block-gallery-is-layout-flex\">\n<figure class=\"wp-block-image size-large\"><a href=\"https:\/\/www.xvdl.be\/wp-content\/uploads\/2014\/07\/toestand_voor_werken_situation_avant_travaux2.jpg\"><img loading=\"lazy\" decoding=\"async\" width=\"1200\" height=\"900\" data-id=\"1937\" src=\"https:\/\/www.xvdl.be\/wp-content\/uploads\/2014\/07\/toestand_voor_werken_situation_avant_travaux2.jpg\" alt=\"\" class=\"wp-image-1937\" srcset=\"https:\/\/www.xvdl.be\/wp-content\/uploads\/2014\/07\/toestand_voor_werken_situation_avant_travaux2.jpg 1200w, https:\/\/www.xvdl.be\/wp-content\/uploads\/2014\/07\/toestand_voor_werken_situation_avant_travaux2-300x225.jpg 300w, https:\/\/www.xvdl.be\/wp-content\/uploads\/2014\/07\/toestand_voor_werken_situation_avant_travaux2-1024x768.jpg 1024w, https:\/\/www.xvdl.be\/wp-content\/uploads\/2014\/07\/toestand_voor_werken_situation_avant_travaux2-200x150.jpg 200w\" sizes=\"auto, (max-width: 1200px) 100vw, 1200px\" \/><\/a><\/figure>\n\n\n\n<figure class=\"wp-block-image size-large\"><a href=\"https:\/\/www.xvdl.be\/wp-content\/uploads\/2014\/07\/apres_travaux_na_de_werken_22.jpg\"><img loading=\"lazy\" decoding=\"async\" width=\"1200\" height=\"896\" data-id=\"1933\" src=\"https:\/\/www.xvdl.be\/wp-content\/uploads\/2014\/07\/apres_travaux_na_de_werken_22.jpg\" alt=\"\" class=\"wp-image-1933\" srcset=\"https:\/\/www.xvdl.be\/wp-content\/uploads\/2014\/07\/apres_travaux_na_de_werken_22.jpg 1200w, https:\/\/www.xvdl.be\/wp-content\/uploads\/2014\/07\/apres_travaux_na_de_werken_22-300x224.jpg 300w, https:\/\/www.xvdl.be\/wp-content\/uploads\/2014\/07\/apres_travaux_na_de_werken_22-1024x764.jpg 1024w, https:\/\/www.xvdl.be\/wp-content\/uploads\/2014\/07\/apres_travaux_na_de_werken_22-200x150.jpg 200w\" sizes=\"auto, (max-width: 1200px) 100vw, 1200px\" \/><\/a><\/figure>\n\n\n\n<figure class=\"wp-block-image size-large\"><a href=\"https:\/\/www.xvdl.be\/wp-content\/uploads\/2014\/07\/apres_travaux_na_de_werken2.jpg\"><img loading=\"lazy\" decoding=\"async\" width=\"896\" height=\"1200\" data-id=\"1935\" src=\"https:\/\/www.xvdl.be\/wp-content\/uploads\/2014\/07\/apres_travaux_na_de_werken2.jpg\" alt=\"\" class=\"wp-image-1935\" srcset=\"https:\/\/www.xvdl.be\/wp-content\/uploads\/2014\/07\/apres_travaux_na_de_werken2.jpg 896w, https:\/\/www.xvdl.be\/wp-content\/uploads\/2014\/07\/apres_travaux_na_de_werken2-224x300.jpg 224w, https:\/\/www.xvdl.be\/wp-content\/uploads\/2014\/07\/apres_travaux_na_de_werken2-764x1024.jpg 764w\" sizes=\"auto, (max-width: 896px) 100vw, 896px\" \/><\/a><\/figure>\n<\/figure>\n","protected":false},"excerpt":{"rendered":"<p>Maison bien situ\u00e9e dans la commune d&rsquo;Uccle. Cette maison mitoyenne de trois fa\u00e7ades \u00e9tait assez banale&#8230;. <span class=\"moreLink\"><a href=\"https:\/\/www.xvdl.be\/fr\/nos_realisations\/renovation-maison-trois-facades-uccle\/\">+<\/a><\/span><\/p>\n","protected":false},"featured_media":1935,"template":"","categories":[11],"tags":[],"class_list":["post-1932","our_realisations","type-our_realisations","status-publish","has-post-thumbnail","hentry","category-renovation","clients-vankerchove"],"acf":[],"yoast_head":"<!-- This site is optimized with the Yoast SEO plugin v27.5 - https:\/\/yoast.com\/product\/yoast-seo-wordpress\/ -->\n<title>R\u00e9novation d\u2019une maison trois fa\u00e7ades \u00e0 Uccle - Xavier Vanderlinden Architecte<\/title>\n<meta name=\"robots\" content=\"index, follow, max-snippet:-1, max-image-preview:large, max-video-preview:-1\" \/>\n<link rel=\"canonical\" href=\"https:\/\/www.xvdl.be\/fr\/nos_realisations\/renovation-maison-trois-facades-uccle\/\" \/>\n<meta property=\"og:locale\" content=\"fr_FR\" \/>\n<meta property=\"og:type\" content=\"article\" \/>\n<meta property=\"og:title\" content=\"R\u00e9novation d\u2019une maison trois fa\u00e7ades \u00e0 Uccle - Xavier Vanderlinden Architecte\" \/>\n<meta property=\"og:description\" content=\"Maison bien situ\u00e9e dans la commune d&rsquo;Uccle. Cette maison mitoyenne de trois fa\u00e7ades \u00e9tait assez banale.... +\" \/>\n<meta property=\"og:url\" content=\"https:\/\/www.xvdl.be\/fr\/nos_realisations\/renovation-maison-trois-facades-uccle\/\" \/>\n<meta property=\"og:site_name\" content=\"Xavier Vanderlinden Architecte\" \/>\n<meta property=\"article:modified_time\" content=\"2022-07-26T08:29:00+00:00\" \/>\n<meta property=\"og:image\" content=\"https:\/\/www.xvdl.be\/wp-content\/uploads\/2014\/07\/apres_travaux_na_de_werken2.jpg\" \/>\n\t<meta property=\"og:image:width\" content=\"896\" \/>\n\t<meta property=\"og:image:height\" content=\"1200\" \/>\n\t<meta property=\"og:image:type\" content=\"image\/jpeg\" \/>\n<meta name=\"twitter:label1\" content=\"Dur\u00e9e de lecture estim\u00e9e\" \/>\n\t<meta name=\"twitter:data1\" content=\"2 minutes\" \/>\n<script type=\"application\/ld+json\" class=\"yoast-schema-graph\">{\"@context\":\"https:\\\/\\\/schema.org\",\"@graph\":[{\"@type\":\"WebPage\",\"@id\":\"https:\\\/\\\/www.xvdl.be\\\/fr\\\/nos_realisations\\\/renovation-maison-trois-facades-uccle\\\/\",\"url\":\"https:\\\/\\\/www.xvdl.be\\\/fr\\\/nos_realisations\\\/renovation-maison-trois-facades-uccle\\\/\",\"name\":\"R\u00e9novation d\u2019une maison trois fa\u00e7ades \u00e0 Uccle - Xavier Vanderlinden Architecte\",\"isPartOf\":{\"@id\":\"https:\\\/\\\/www.xvdl.be\\\/fr\\\/#website\"},\"primaryImageOfPage\":{\"@id\":\"https:\\\/\\\/www.xvdl.be\\\/fr\\\/nos_realisations\\\/renovation-maison-trois-facades-uccle\\\/#primaryimage\"},\"image\":{\"@id\":\"https:\\\/\\\/www.xvdl.be\\\/fr\\\/nos_realisations\\\/renovation-maison-trois-facades-uccle\\\/#primaryimage\"},\"thumbnailUrl\":\"https:\\\/\\\/www.xvdl.be\\\/wp-content\\\/uploads\\\/2014\\\/07\\\/apres_travaux_na_de_werken2.jpg\",\"datePublished\":\"2014-07-19T09:41:17+00:00\",\"dateModified\":\"2022-07-26T08:29:00+00:00\",\"breadcrumb\":{\"@id\":\"https:\\\/\\\/www.xvdl.be\\\/fr\\\/nos_realisations\\\/renovation-maison-trois-facades-uccle\\\/#breadcrumb\"},\"inLanguage\":\"fr-FR\",\"potentialAction\":[{\"@type\":\"ReadAction\",\"target\":[\"https:\\\/\\\/www.xvdl.be\\\/fr\\\/nos_realisations\\\/renovation-maison-trois-facades-uccle\\\/\"]}]},{\"@type\":\"ImageObject\",\"inLanguage\":\"fr-FR\",\"@id\":\"https:\\\/\\\/www.xvdl.be\\\/fr\\\/nos_realisations\\\/renovation-maison-trois-facades-uccle\\\/#primaryimage\",\"url\":\"https:\\\/\\\/www.xvdl.be\\\/wp-content\\\/uploads\\\/2014\\\/07\\\/apres_travaux_na_de_werken2.jpg\",\"contentUrl\":\"https:\\\/\\\/www.xvdl.be\\\/wp-content\\\/uploads\\\/2014\\\/07\\\/apres_travaux_na_de_werken2.jpg\",\"width\":896,\"height\":1200},{\"@type\":\"BreadcrumbList\",\"@id\":\"https:\\\/\\\/www.xvdl.be\\\/fr\\\/nos_realisations\\\/renovation-maison-trois-facades-uccle\\\/#breadcrumb\",\"itemListElement\":[{\"@type\":\"ListItem\",\"position\":1,\"name\":\"Home\",\"item\":\"https:\\\/\\\/www.xvdl.be\\\/fr\\\/\"},{\"@type\":\"ListItem\",\"position\":2,\"name\":\"R\u00e9alisations\",\"item\":\"https:\\\/\\\/www.xvdl.be\\\/fr\\\/nos_realisations\\\/\"},{\"@type\":\"ListItem\",\"position\":3,\"name\":\"R\u00e9novation d\u2019une maison trois fa\u00e7ades \u00e0 Uccle\"}]},{\"@type\":\"WebSite\",\"@id\":\"https:\\\/\\\/www.xvdl.be\\\/fr\\\/#website\",\"url\":\"https:\\\/\\\/www.xvdl.be\\\/fr\\\/\",\"name\":\"Xavier Vanderlinden Architecte\",\"description\":\"Bureau d&#039;\u00e9tude en architecture classique et contemporaine\",\"publisher\":{\"@id\":\"https:\\\/\\\/www.xvdl.be\\\/fr\\\/#organization\"},\"potentialAction\":[{\"@type\":\"SearchAction\",\"target\":{\"@type\":\"EntryPoint\",\"urlTemplate\":\"https:\\\/\\\/www.xvdl.be\\\/fr\\\/?s={search_term_string}\"},\"query-input\":{\"@type\":\"PropertyValueSpecification\",\"valueRequired\":true,\"valueName\":\"search_term_string\"}}],\"inLanguage\":\"fr-FR\"},{\"@type\":\"Organization\",\"@id\":\"https:\\\/\\\/www.xvdl.be\\\/fr\\\/#organization\",\"name\":\"Xavier Vanderlinden Architecte\",\"url\":\"https:\\\/\\\/www.xvdl.be\\\/fr\\\/\",\"logo\":{\"@type\":\"ImageObject\",\"inLanguage\":\"fr-FR\",\"@id\":\"https:\\\/\\\/www.xvdl.be\\\/fr\\\/#\\\/schema\\\/logo\\\/image\\\/\",\"url\":\"https:\\\/\\\/www.xvdl.be\\\/wp-content\\\/uploads\\\/2022\\\/08\\\/XVDL_fb-image.jpg\",\"contentUrl\":\"https:\\\/\\\/www.xvdl.be\\\/wp-content\\\/uploads\\\/2022\\\/08\\\/XVDL_fb-image.jpg\",\"width\":1200,\"height\":630,\"caption\":\"Xavier Vanderlinden Architecte\"},\"image\":{\"@id\":\"https:\\\/\\\/www.xvdl.be\\\/fr\\\/#\\\/schema\\\/logo\\\/image\\\/\"}}]}<\/script>\n<!-- \/ Yoast SEO plugin. -->","yoast_head_json":{"title":"R\u00e9novation d\u2019une maison trois fa\u00e7ades \u00e0 Uccle - Xavier Vanderlinden Architecte","robots":{"index":"index","follow":"follow","max-snippet":"max-snippet:-1","max-image-preview":"max-image-preview:large","max-video-preview":"max-video-preview:-1"},"canonical":"https:\/\/www.xvdl.be\/fr\/nos_realisations\/renovation-maison-trois-facades-uccle\/","og_locale":"fr_FR","og_type":"article","og_title":"R\u00e9novation d\u2019une maison trois fa\u00e7ades \u00e0 Uccle - Xavier Vanderlinden Architecte","og_description":"Maison bien situ\u00e9e dans la commune d&rsquo;Uccle. Cette maison mitoyenne de trois fa\u00e7ades \u00e9tait assez banale.... +","og_url":"https:\/\/www.xvdl.be\/fr\/nos_realisations\/renovation-maison-trois-facades-uccle\/","og_site_name":"Xavier Vanderlinden Architecte","article_modified_time":"2022-07-26T08:29:00+00:00","og_image":[{"width":896,"height":1200,"url":"https:\/\/www.xvdl.be\/wp-content\/uploads\/2014\/07\/apres_travaux_na_de_werken2.jpg","type":"image\/jpeg"}],"twitter_misc":{"Dur\u00e9e de lecture estim\u00e9e":"2 minutes"},"schema":{"@context":"https:\/\/schema.org","@graph":[{"@type":"WebPage","@id":"https:\/\/www.xvdl.be\/fr\/nos_realisations\/renovation-maison-trois-facades-uccle\/","url":"https:\/\/www.xvdl.be\/fr\/nos_realisations\/renovation-maison-trois-facades-uccle\/","name":"R\u00e9novation d\u2019une maison trois fa\u00e7ades \u00e0 Uccle - Xavier Vanderlinden Architecte","isPartOf":{"@id":"https:\/\/www.xvdl.be\/fr\/#website"},"primaryImageOfPage":{"@id":"https:\/\/www.xvdl.be\/fr\/nos_realisations\/renovation-maison-trois-facades-uccle\/#primaryimage"},"image":{"@id":"https:\/\/www.xvdl.be\/fr\/nos_realisations\/renovation-maison-trois-facades-uccle\/#primaryimage"},"thumbnailUrl":"https:\/\/www.xvdl.be\/wp-content\/uploads\/2014\/07\/apres_travaux_na_de_werken2.jpg","datePublished":"2014-07-19T09:41:17+00:00","dateModified":"2022-07-26T08:29:00+00:00","breadcrumb":{"@id":"https:\/\/www.xvdl.be\/fr\/nos_realisations\/renovation-maison-trois-facades-uccle\/#breadcrumb"},"inLanguage":"fr-FR","potentialAction":[{"@type":"ReadAction","target":["https:\/\/www.xvdl.be\/fr\/nos_realisations\/renovation-maison-trois-facades-uccle\/"]}]},{"@type":"ImageObject","inLanguage":"fr-FR","@id":"https:\/\/www.xvdl.be\/fr\/nos_realisations\/renovation-maison-trois-facades-uccle\/#primaryimage","url":"https:\/\/www.xvdl.be\/wp-content\/uploads\/2014\/07\/apres_travaux_na_de_werken2.jpg","contentUrl":"https:\/\/www.xvdl.be\/wp-content\/uploads\/2014\/07\/apres_travaux_na_de_werken2.jpg","width":896,"height":1200},{"@type":"BreadcrumbList","@id":"https:\/\/www.xvdl.be\/fr\/nos_realisations\/renovation-maison-trois-facades-uccle\/#breadcrumb","itemListElement":[{"@type":"ListItem","position":1,"name":"Home","item":"https:\/\/www.xvdl.be\/fr\/"},{"@type":"ListItem","position":2,"name":"R\u00e9alisations","item":"https:\/\/www.xvdl.be\/fr\/nos_realisations\/"},{"@type":"ListItem","position":3,"name":"R\u00e9novation d\u2019une maison trois fa\u00e7ades \u00e0 Uccle"}]},{"@type":"WebSite","@id":"https:\/\/www.xvdl.be\/fr\/#website","url":"https:\/\/www.xvdl.be\/fr\/","name":"Xavier Vanderlinden Architecte","description":"Bureau d&#039;\u00e9tude en architecture classique et contemporaine","publisher":{"@id":"https:\/\/www.xvdl.be\/fr\/#organization"},"potentialAction":[{"@type":"SearchAction","target":{"@type":"EntryPoint","urlTemplate":"https:\/\/www.xvdl.be\/fr\/?s={search_term_string}"},"query-input":{"@type":"PropertyValueSpecification","valueRequired":true,"valueName":"search_term_string"}}],"inLanguage":"fr-FR"},{"@type":"Organization","@id":"https:\/\/www.xvdl.be\/fr\/#organization","name":"Xavier Vanderlinden Architecte","url":"https:\/\/www.xvdl.be\/fr\/","logo":{"@type":"ImageObject","inLanguage":"fr-FR","@id":"https:\/\/www.xvdl.be\/fr\/#\/schema\/logo\/image\/","url":"https:\/\/www.xvdl.be\/wp-content\/uploads\/2022\/08\/XVDL_fb-image.jpg","contentUrl":"https:\/\/www.xvdl.be\/wp-content\/uploads\/2022\/08\/XVDL_fb-image.jpg","width":1200,"height":630,"caption":"Xavier Vanderlinden Architecte"},"image":{"@id":"https:\/\/www.xvdl.be\/fr\/#\/schema\/logo\/image\/"}}]}},"_links":{"self":[{"href":"https:\/\/www.xvdl.be\/fr\/wp-json\/wp\/v2\/our_realisations\/1932","targetHints":{"allow":["GET"]}}],"collection":[{"href":"https:\/\/www.xvdl.be\/fr\/wp-json\/wp\/v2\/our_realisations"}],"about":[{"href":"https:\/\/www.xvdl.be\/fr\/wp-json\/wp\/v2\/types\/our_realisations"}],"wp:featuredmedia":[{"embeddable":true,"href":"https:\/\/www.xvdl.be\/fr\/wp-json\/wp\/v2\/media\/1935"}],"wp:attachment":[{"href":"https:\/\/www.xvdl.be\/fr\/wp-json\/wp\/v2\/media?parent=1932"}],"wp:term":[{"taxonomy":"category","embeddable":true,"href":"https:\/\/www.xvdl.be\/fr\/wp-json\/wp\/v2\/categories?post=1932"},{"taxonomy":"post_tag","embeddable":true,"href":"https:\/\/www.xvdl.be\/fr\/wp-json\/wp\/v2\/tags?post=1932"}],"curies":[{"name":"wp","href":"https:\/\/api.w.org\/{rel}","templated":true}]}}